{"id":35586,"date":"2025-03-10T05:17:53","date_gmt":"2025-03-10T04:17:53","guid":{"rendered":"https:\/\/kinit.sk\/project\/slovaksai-cultivating-the-ai-community-of-slovaks-around-the-world\/"},"modified":"2026-03-06T14:02:26","modified_gmt":"2026-03-06T13:02:26","slug":"slovaksai","status":"publish","type":"project","link":"https:\/\/kinit.sk\/sk\/projekt\/slovaksai\/","title":{"rendered":"slovaks.ai: Kultivovanie AI komunity Slov\u00e1kov po celom svete"},"content":{"rendered":"<div id=\"\" class=\"element core-paragraph\">\n<p><strong>Projekt <strong><a href=\"https:\/\/slovaks.ai\/\">slovaks.ai<\/a><\/strong> sa zameriava na budovanie a upev\u0148ovanie vz\u0165ahov so slovenskou diasp\u00f3rou a podporu networkingu a vz\u00e1jomn\u00e9ho prispievania medzi Slov\u00e1kmi \u017eij\u00facimi na Slovensku a vo svete, ktor\u00fdch sp\u00e1ja spolo\u010dn\u00fd z\u00e1ujem o lep\u0161ie Slovensko a o technol\u00f3gie, najm\u00e4 umel\u00fa inteligenciu.<\/strong><\/p>\n<\/div>\n\n<div id=\"\" class=\"element core-paragraph\">\n<p><strong>Cie\u013eom<\/strong> je vytvori\u0165 priestor na prepojenie <strong>Slov\u00e1kov v zahrani\u010d\u00ed a na Slovensku<\/strong>, \u010do prispeje k <strong>zlep\u0161eniu ekonomiky krajiny<\/strong> a <strong>inova\u010dn\u00e9ho ekosyst\u00e9mu<\/strong> a podpor\u00ed rast <strong>technologick\u00fdch l\u00eddrov<\/strong>. Projekt z\u00e1rove\u0148 reaguje na aktu\u00e1lny <strong>nedostatok odborn\u00edkov<\/strong> v oblasti <strong>umelej inteligencie<\/strong> a poskytuje pr\u00edle\u017eitos\u0165 pre vyu\u017eitie odborn\u00fdch znalost\u00ed a sk\u00fasenost\u00ed slovenskej diasp\u00f3ry na podporu rozvoja Slovenska.<\/p>\n<\/div>\n\n<div id=\"\" class=\"element core-heading\">\n<h4 class=\"wp-block-heading\"><strong>AI a slovensk\u00e1 diasp\u00f3ra na zv\u00fd\u0161enie inova\u010dnej kapacity Slovenska<\/strong><\/h4>\n<\/div>\n\n<div id=\"\" class=\"element core-paragraph\">\n<p><strong>Umel\u00e1 inteligencia<\/strong> sa v s\u00fa\u010dasnosti dynamicky rozv\u00edja a prenik\u00e1 do v\u0161etk\u00fdch oblast\u00ed \u017eivota, \u010d\u00edm sa st\u00e1va k\u013e\u00fa\u010dov\u00fdm akceler\u00e1torom inov\u00e1ci\u00ed a v\u00fdznamn\u00fdm faktorom ovplyv\u0148uj\u00facim <strong>rast ekonomiky<\/strong> a tvorbu pracovn\u00fdch miest s vysokou pridanou hodnotou. Av\u0161ak Slovensko \u010del\u00ed dlhodob\u00e9mu probl\u00e9mu <strong>\u00faniku mozgov<\/strong>, najm\u00e4 v oblasti <strong>informa\u010dn\u00fdch technol\u00f3gi\u00ed<\/strong>, \u010do sp\u00f4sobuje zaost\u00e1vanie krajiny v <strong>inov\u00e1ci\u00e1ch<\/strong> a rozvoji IT sektora.&nbsp;<\/p>\n<\/div>\n\n<div id=\"\" class=\"element core-paragraph\">\n<p>Projekt slovaks.ai sa zameriava na vyu\u017eitie siln\u00e9ho potenci\u00e1lu <strong>slovenskej diasp\u00f3ry<\/strong>, konkr\u00e9tne profesion\u00e1lov v oblasti umelej inteligencie, ktor\u00ed z\u00edskali odborn\u00e9 sk\u00fasenosti v zahrani\u010d\u00ed. Tento pr\u00edstup poskytuje pr\u00edle\u017eitos\u0165 na zmiernenie nedostatku odborn\u00edkov na Slovensku a z\u00e1rove\u0148 zvy\u0161uje <strong>inova\u010dn\u00fa kapacitu <\/strong>krajiny.<\/p>\n<\/div>\n\n<div id=\"\" class=\"element core-heading\">\n<h4 class=\"wp-block-heading\"><strong>Sp\u00e1jame odborn\u00edkov v oblasti AI, biznisu a akademickej sf\u00e9ry<\/strong><\/h4>\n<\/div>\n\n<div id=\"\" class=\"element core-paragraph\">\n<p>Vybudovan\u00edm silnej <strong>siete Slov\u00e1kov<\/strong>, \u0161pecialistov na umel\u00fa inteligenciu, vytvor\u00edme priestor pre intenz\u00edvnu spolupr\u00e1cu naprie\u010d komunitou v r\u00f4znych krajin\u00e1ch, \u010do umo\u017en\u00ed nielen prenos <strong>know-how<\/strong>, ale aj efekt\u00edvnu v\u00fdmenu najnov\u0161\u00edch poznatkov a inov\u00e1ci\u00ed. Prepojen\u00edm tejto komunity s <strong>biznisom a akademickou sf\u00e9rou<\/strong> zabezpe\u010d\u00edme, \u017ee Slovensko z\u00edska pr\u00edstup k najmodernej\u0161\u00edm <strong>technol\u00f3gi\u00e1m<\/strong> a <strong>vedeck\u00fdm poznatkom<\/strong> v oblasti umelej inteligencie, \u010do bude k\u013e\u00fa\u010dov\u00e9 pre zlep\u0161enie inova\u010dn\u00e9ho potenci\u00e1lu Slovenska.<\/p>\n<\/div>\n\n<div id=\"\" class=\"element core-paragraph\">\n<p><strong>KInIT<\/strong> ako nez\u00e1visl\u00fd neziskov\u00fd v\u00fdskumn\u00fd in\u0161tit\u00fat vybudoval siln\u00e9 prepojenia s <strong>biznis sektorom<\/strong>, najm\u00e4 s <strong>mal\u00fdmi a stredn\u00fdmi podnikmi<\/strong>, \u010d\u00edm zais\u0165uje prenos inov\u00e1ci\u00ed do praxe. Jeho jedine\u010dn\u00e9 postavenie spo\u010d\u00edva v prep\u00e1jan\u00ed <strong>akademick\u00e9ho<\/strong> a <strong>biznisov\u00e9ho sektora<\/strong> na Slovensku, ktor\u00e9 cez <strong>slovaks.<\/strong>ai bud\u00fa ma\u0165 pr\u00edle\u017eitos\u0165 na posilnenie internacionaliz\u00e1cie.&nbsp;<\/p>\n<\/div>\n\n<div id=\"\" class=\"element core-heading\">\n<h4 class=\"wp-block-heading\"><strong>slovaks.ai mapuje a sp\u00e1ja profesion\u00e1lov doma aj v zahrani\u010d\u00ed<\/strong><\/h4>\n<\/div>\n\n<div id=\"\" class=\"element core-paragraph\">\n<p>Komunita <strong>slovensk\u00fdch AI profesion\u00e1lov v zahrani\u010d\u00ed<\/strong> je pomerne rozsiahla, pri\u010dom mnoh\u00ed jej \u010dlenovia maj\u00fa z\u00e1ujem prispie\u0165 k rozvoju Slovenska. Pre podporu vz\u0165ahov so slovenskou diasp\u00f3rou organizuje projekt <strong>podujatia (na Slovensku a v krajin\u00e1ch s najv\u00e4\u010d\u0161ou koncentr\u00e1ciou slovensk\u00fdch AI profesion\u00e1lov)<\/strong>, zameran\u00fdch na r\u00f4zne aspekty medzin\u00e1rodn\u00e9ho networkingov\u00e9ho procesu, prenos know-how a rie\u0161enie \u0161pecifick\u00fdch probl\u00e9mov. Tento pr\u00edstup umo\u017en\u00ed re\u00e1lne prepojenia medzi \u010dlenmi komunity a vytvor\u00ed priestor pre dlhodob\u00fa spolupr\u00e1cu a v\u00fdmenu odborn\u00fdch sk\u00fasenost\u00ed.<\/p>\n<\/div>\n\n<div id=\"\" class=\"element core-paragraph\">\n<p>Podujatia v zahrani\u010d\u00ed umo\u017enia vytvori\u0165 siln\u00e9 v\u00e4zby medzi slovensk\u00fdmi profesion\u00e1lmi \u017eij\u00facimi v r\u00f4znych krajin\u00e1ch, ktor\u00ed bud\u00fa motivovan\u00ed pravidelne prispieva\u0165 svojimi vedomos\u0165ami a sk\u00fasenos\u0165ami k inov\u00e1ci\u00e1m na Slovensku a v bud\u00facnosti mo\u017eno aj k n\u00e1vratu domov.&nbsp;<\/p>\n<\/div>\n\n<div id=\"\" class=\"element core-paragraph\">\n<p>Jedn\u00fdm z hlavn\u00fdch n\u00e1strojov projektu slovaks.ai je aj <strong><a href=\"https:\/\/slovaks.ai\/\">mapa slovensk\u00fdch profesion\u00e1lov<\/a><\/strong>, ktorej prv\u00fa verziu <strong>KInIT<\/strong> vytvoril v spolupr\u00e1ci s firmou <strong>Wezeo<\/strong> a port\u00e1lom <strong>Growni.sk<\/strong>. Tento n\u00e1stroj poskytuje pr\u00edstup do komunity expertov p\u00f4sobiacich na Slovensku i v zahrani\u010d\u00ed a sl\u00fa\u017ei na mapovanie slovensk\u00fdch profesion\u00e1lov v oblasti AI.<\/p>\n<\/div>\n\n<div id=\"\" class=\"element core-image\">\n<figure class=\"wp-block-image size-large\"><a href=\"https:\/\/slovaks.ai\/\"><img decoding=\"async\" width=\"1024\" height=\"385\" data-src=\"https:\/\/kinit.sk\/wp-content\/uploads\/2025\/03\/slovaks-ai_map-1024x385.png\" alt=\"\" class=\"wp-image-36029 lazyload\" data-srcset=\"https:\/\/kinit.sk\/wp-content\/uploads\/2025\/03\/slovaks-ai_map-1024x385.png 1024w, https:\/\/kinit.sk\/wp-content\/uploads\/2025\/03\/slovaks-ai_map-300x113.png 300w, https:\/\/kinit.sk\/wp-content\/uploads\/2025\/03\/slovaks-ai_map-768x289.png 768w, https:\/\/kinit.sk\/wp-content\/uploads\/2025\/03\/slovaks-ai_map-1536x578.png 1536w, https:\/\/kinit.sk\/wp-content\/uploads\/2025\/03\/slovaks-ai_map.png 1600w\" data-sizes=\"(max-width: 1024px) 100vw, 1024px\" src=\"data:image\/svg+xml;base64,PHN2ZyB3aWR0aD0iMSIgaGVpZ2h0PSIxIiB4bWxucz0iaHR0cDovL3d3dy53My5vcmcvMjAwMC9zdmciPjwvc3ZnPg==\" style=\"--smush-placeholder-width: 1024px; --smush-placeholder-aspect-ratio: 1024\/385;\" \/><\/a><\/figure>\n<\/div>\n\n<div id=\"\" class=\"element core-paragraph\">\n<p>Mapa sa zameriava na <strong>17 kateg\u00f3ri\u00ed v oblasti AI<\/strong>, ako s\u00fa <strong>strojov\u00e9 u\u010denie, strojov\u00e9 videnie, spracovanie prirodzen\u00e9ho jazyka, anal\u00fdza d\u00e1t, predikcie, optimaliz\u00e1cie, robotika<\/strong> a \u010fal\u0161ie. Celkovo pokr\u00fdva viac ako <strong>200 t\u00e9m<\/strong>, ktor\u00e9 s\u00fa prepojen\u00e9 naprie\u010d viacer\u00fdmi discipl\u00ednami, \u010do umo\u017e\u0148uje n\u00e1js\u0165 odborn\u00edkov v r\u00f4znych aspektoch tejto dynamickej oblasti. V r\u00e1mci projektu slovaks.ai budeme t\u00fato mapu rozv\u00edja\u0165 a postupne ju dop\u013a\u0148a\u0165 o \u010fal\u0161\u00edch \u010dlenov slovenskej diasp\u00f3ry.<\/p>\n<\/div>\n\n<div id=\"\" class=\"element core-paragraph\">\n<p><strong>Partnersk\u00e9 organiz\u00e1cie:<\/strong><\/p>\n<\/div>\n\n<div id=\"\" class=\"element core-paragraph\">\n<p>Projekt slovaks.ai maximalizuje dopad cez synergiu s iniciat\u00edvami slovensk\u00fdch oraginz\u00e1ci\u00ed a zdru\u017een\u00ed podporuj\u00facich profesion\u00e1lne siete.<\/p>\n<\/div>\n\n<div id=\"\" class=\"element core-list\">\n<ul class=\"wp-block-list\"><div id=\"\" class=\"element core-list-item\">\n<li><a href=\"https:\/\/www.slovakpro.org\/\">Slovak PRO&nbsp;<\/a><\/li>\n<\/div>\n\n<div id=\"\" class=\"element core-list-item\">\n<li><a href=\"https:\/\/slovakglobal.sk\/\">Slovak Global Network<\/a><\/li>\n<\/div><\/ul>\n<\/div>\n\n<div id=\"\" class=\"element acf-loop\"><section class=\"loop old \"  >\n\t<div class=\"wrapper-out\">\n\t\t<div class=\"wrapper-in\">\n\t\t\t<div class=\"in cf\">\n\t\t\t\t<div class=\"element-inner\">\n\t\t\t\t\t<div class=\"headline\"><h2>slovaks.ai Events<\/h2><\/div>\t\t\t\t\t\t\t\t\t\t\t\t\t\t\t<div class=\"loop-wrap loop-Any loop-style1 loop-load_more loop--1 cf\">\n\t\t\t\t\t\t\t\t\t\t\t\t\t\t\t\t\t\t\t\t\t\t\t\t\t\t\t\t\t\t\t\t\t\t\t\t\t<article id=\"loop-item-40305\" class=\"loop-item\">\n\t\t\t\t\t\t\t\t\t<div class=\"inner cf\">\n\t\t\t\t\t\t\t\t\t\t<a href=\"https:\/\/kinit.sk\/sk\/podujatie\/better_ai_meetup-on-leveraging-ai-agents-how-we-use-ai-in-public-services-and-to-enhance-human-skills\/\">\t\t\t\t\t\t\t\t\t\t\t\t\t\t\t\t\t\t\t\t\t\t\t\t\t\t\t\t\t\t\t\t\t<div class=\"picture\">\n\t\t\t\t\t\t\t\t\t\t\t\t\t<img decoding=\"async\" width=\"320\" height=\"200\" data-src=\"https:\/\/kinit.sk\/wp-content\/uploads\/2026\/02\/KInIT-Banner-320x200.png\" class=\"attachment-thumbnail size-thumbnail wp-post-image lazyload\" alt=\"\" src=\"data:image\/svg+xml;base64,PHN2ZyB3aWR0aD0iMSIgaGVpZ2h0PSIxIiB4bWxucz0iaHR0cDovL3d3dy53My5vcmcvMjAwMC9zdmciPjwvc3ZnPg==\" style=\"--smush-placeholder-width: 320px; --smush-placeholder-aspect-ratio: 320\/200;\" \/>\t\t\t\t\t\t\t\t\t\t\t\t<\/div>\n\t\t\t\t\t\t\t\t\t\t\t\t\t\t\t\t\t\t\t\t\t\t\t\t\t\t\t\t\t\t\t<div class=\"content cf\">\n\t\t\t\t\t\t\t\t\t\t\t<div class=\"content-inner\">\n\t\t\t\t\t\t\t\t\t\t\t\t<h3>Better_AI_Meetup on Leveraging AI Agents: How We Use AI In Public Services and to Enhance Human Skills<\/h3>\n                        \t\t\t\t\t\t\t\t\t\t\t\t<div class=\"meta cf\">\n\t\t\t\t\t\t\t\t\t\t\t\t\t\t\t\t\t\t\t\t\t\t\t\t\t\t<div class=\"date\">\n\t\t\t\t\t\t\t\t\t\t\t\t\t\t\t\t\t\t\t\t\t\t\t\t\t\t\t\t\tfeb 3. 2026\t\t\t\t\t\t\t\t\t\t\t\t\t\t\t\t\t\t\t\t\t\t\t\t\t\t\t<\/div>\n\t\t\t\t\t\t\t\t\t\t\t\t\t\t\t\t\t\t\t\t\t\t\t\t\t<\/div>\n\t\t\t\t\t\t\t\t\t\t\t\t\t\t\t\t\t\t\t\t\t\t\t\t\t<div class=\"excerpt\">Join Better_AI_Meetup, a space for AI designers and builders who believe in a better world with AI. Are you frustrated with public services and think AI agents can do a&#8230;<\/div>\n\t\t\t\t\t\t\t\t\t\t\t\t\t\t\t\t\t\t\t\t\t\t\t\t\t\t\t\t\t\t\t\t\t\t\t<\/div>\n\t\t\t\t\t\t\t\t\t\t<\/div>\n\t\t\t\t\t\t\t\t\t\t<\/a>\t\t\t\t\t\t\t\t\t\t\t\t\t\t\t\t\t\t\t\t\t\t\t\t\t\t\t\t\t<\/div>\n\t\t\t\t\t\t\t\t<\/article>\n\t\t\t\t\t\t\t\t\t\t\t\t\t\t\t\t\t\t\t\t\t\t\t\t\t\t\t\t\t\t\t\t\t\t\t\t\t\t\t<article id=\"loop-item-40100\" class=\"loop-item\">\n\t\t\t\t\t\t\t\t\t<div class=\"inner cf\">\n\t\t\t\t\t\t\t\t\t\t<a href=\"https:\/\/kinit.sk\/sk\/podujatie\/leaf-xmas-party-2025\/\">\t\t\t\t\t\t\t\t\t\t\t\t\t\t\t\t\t\t\t\t\t\t\t\t\t\t\t\t\t\t\t\t\t<div class=\"picture\">\n\t\t\t\t\t\t\t\t\t\t\t\t\t<img decoding=\"async\" width=\"320\" height=\"200\" data-src=\"https:\/\/kinit.sk\/wp-content\/uploads\/2025\/12\/Slovaks.ai_Leaf-Xmas-party-2025-1-320x200.png\" class=\"attachment-thumbnail size-thumbnail wp-post-image lazyload\" alt=\"\" src=\"data:image\/svg+xml;base64,PHN2ZyB3aWR0aD0iMSIgaGVpZ2h0PSIxIiB4bWxucz0iaHR0cDovL3d3dy53My5vcmcvMjAwMC9zdmciPjwvc3ZnPg==\" style=\"--smush-placeholder-width: 320px; --smush-placeholder-aspect-ratio: 320\/200;\" \/>\t\t\t\t\t\t\t\t\t\t\t\t<\/div>\n\t\t\t\t\t\t\t\t\t\t\t\t\t\t\t\t\t\t\t\t\t\t\t\t\t\t\t\t\t\t\t<div class=\"content cf\">\n\t\t\t\t\t\t\t\t\t\t\t<div class=\"content-inner\">\n\t\t\t\t\t\t\t\t\t\t\t\t<h3>Leaf Xmas party 2025<\/h3>\n                        \t\t\t\t\t\t\t\t\t\t\t\t<div class=\"meta cf\">\n\t\t\t\t\t\t\t\t\t\t\t\t\t\t\t\t\t\t\t\t\t\t\t\t\t\t<div class=\"date\">\n\t\t\t\t\t\t\t\t\t\t\t\t\t\t\t\t\t\t\t\t\t\t\t\t\t\t\t\t\tjan 27. 2026\t\t\t\t\t\t\t\t\t\t\t\t\t\t\t\t\t\t\t\t\t\t\t\t\t\t\t<\/div>\n\t\t\t\t\t\t\t\t\t\t\t\t\t\t\t\t\t\t\t\t\t\t\t\t\t<\/div>\n\t\t\t\t\t\t\t\t\t\t\t\t\t\t\t\t\t\t\t\t\t\t\t\t\t<div class=\"excerpt\">In December, we partnered with the LEAF organization for their Christmas gathering. Representing the slovaks.ai initiative, we had the opportunity to meet members of our community, reconnect with familiar faces,&#8230;<\/div>\n\t\t\t\t\t\t\t\t\t\t\t\t\t\t\t\t\t\t\t\t\t\t\t\t\t\t\t\t\t\t\t\t\t\t\t<\/div>\n\t\t\t\t\t\t\t\t\t\t<\/div>\n\t\t\t\t\t\t\t\t\t\t<\/a>\t\t\t\t\t\t\t\t\t\t\t\t\t\t\t\t\t\t\t\t\t\t\t\t\t\t\t\t\t<\/div>\n\t\t\t\t\t\t\t\t<\/article>\n\t\t\t\t\t\t\t\t\t\t\t\t\t\t\t\t\t\t\t\t\t\t\t\t\t\t\t\t\t\t\t\t\t\t\t\t\t\t\t<article id=\"loop-item-40110\" class=\"loop-item\">\n\t\t\t\t\t\t\t\t\t<div class=\"inner cf\">\n\t\t\t\t\t\t\t\t\t\t<a href=\"https:\/\/kinit.sk\/sk\/podujatie\/zijem-vedu-2025\/\">\t\t\t\t\t\t\t\t\t\t\t\t\t\t\t\t\t\t\t\t\t\t\t\t\t\t\t\t\t\t\t\t\t<div class=\"picture\">\n\t\t\t\t\t\t\t\t\t\t\t\t\t<img decoding=\"async\" width=\"320\" height=\"200\" data-src=\"https:\/\/kinit.sk\/wp-content\/uploads\/2025\/12\/Slovaks.ai_Zijem-vedu-2025-320x200.png\" class=\"attachment-thumbnail size-thumbnail wp-post-image lazyload\" alt=\"\" src=\"data:image\/svg+xml;base64,PHN2ZyB3aWR0aD0iMSIgaGVpZ2h0PSIxIiB4bWxucz0iaHR0cDovL3d3dy53My5vcmcvMjAwMC9zdmciPjwvc3ZnPg==\" style=\"--smush-placeholder-width: 320px; --smush-placeholder-aspect-ratio: 320\/200;\" \/>\t\t\t\t\t\t\t\t\t\t\t\t<\/div>\n\t\t\t\t\t\t\t\t\t\t\t\t\t\t\t\t\t\t\t\t\t\t\t\t\t\t\t\t\t\t\t<div class=\"content cf\">\n\t\t\t\t\t\t\t\t\t\t\t<div class=\"content-inner\">\n\t\t\t\t\t\t\t\t\t\t\t\t<h3>\u017dijem vedu 2025<\/h3>\n                        \t\t\t\t\t\t\t\t\t\t\t\t<div class=\"meta cf\">\n\t\t\t\t\t\t\t\t\t\t\t\t\t\t\t\t\t\t\t\t\t\t\t\t\t\t<div class=\"date\">\n\t\t\t\t\t\t\t\t\t\t\t\t\t\t\t\t\t\t\t\t\t\t\t\t\t\t\t\t\tjan 21. 2026\t\t\t\t\t\t\t\t\t\t\t\t\t\t\t\t\t\t\t\t\t\t\t\t\t\t\t<\/div>\n\t\t\t\t\t\t\t\t\t\t\t\t\t\t\t\t\t\t\t\t\t\t\t\t\t<\/div>\n\t\t\t\t\t\t\t\t\t\t\t\t\t\t\t\t\t\t\t\t\t\t\t\t\t<div class=\"excerpt\">In December, we had the pleasure of participating in the \u017dijem vedu na\u017eivo event in Bratislava, which brought together Slovak scientists and professionals from around the world. We were proud&#8230;<\/div>\n\t\t\t\t\t\t\t\t\t\t\t\t\t\t\t\t\t\t\t\t\t\t\t\t\t\t\t\t\t\t\t\t\t\t\t<\/div>\n\t\t\t\t\t\t\t\t\t\t<\/div>\n\t\t\t\t\t\t\t\t\t\t<\/a>\t\t\t\t\t\t\t\t\t\t\t\t\t\t\t\t\t\t\t\t\t\t\t\t\t\t\t\t\t<\/div>\n\t\t\t\t\t\t\t\t<\/article>\n\t\t\t\t\t\t\t\t\t\t\t\t\t\t\t\t\t\t\t\t\t\t\t\t\t\t\t\t\t\t\t\t\t\t\t\t\t\t\t<article id=\"loop-item-40330\" class=\"loop-item\">\n\t\t\t\t\t\t\t\t\t<div class=\"inner cf\">\n\t\t\t\t\t\t\t\t\t\t<a href=\"https:\/\/kinit.sk\/sk\/podujatie\/knowledge-sharing-seminar-in-the-field-of-self-attention-sparsity-and-tool-use-optimization-2\/\">\t\t\t\t\t\t\t\t\t\t\t\t\t\t\t\t\t\t\t\t\t\t\t\t\t\t\t\t\t\t\t\t\t<div class=\"picture\">\n\t\t\t\t\t\t\t\t\t\t\t\t\t<img decoding=\"async\" width=\"320\" height=\"200\" data-src=\"https:\/\/kinit.sk\/wp-content\/uploads\/2025\/12\/slovaks.ai-feature-image-Martin-Garaj-320x200.png\" class=\"attachment-thumbnail size-thumbnail wp-post-image lazyload\" alt=\"\" src=\"data:image\/svg+xml;base64,PHN2ZyB3aWR0aD0iMSIgaGVpZ2h0PSIxIiB4bWxucz0iaHR0cDovL3d3dy53My5vcmcvMjAwMC9zdmciPjwvc3ZnPg==\" style=\"--smush-placeholder-width: 320px; --smush-placeholder-aspect-ratio: 320\/200;\" \/>\t\t\t\t\t\t\t\t\t\t\t\t<\/div>\n\t\t\t\t\t\t\t\t\t\t\t\t\t\t\t\t\t\t\t\t\t\t\t\t\t\t\t\t\t\t\t<div class=\"content cf\">\n\t\t\t\t\t\t\t\t\t\t\t<div class=\"content-inner\">\n\t\t\t\t\t\t\t\t\t\t\t\t<h3>Knowledge sharing seminar in the field of self-attention sparsity and tool-use optimization<\/h3>\n                        \t\t\t\t\t\t\t\t\t\t\t\t<div class=\"meta cf\">\n\t\t\t\t\t\t\t\t\t\t\t\t\t\t\t\t\t\t\t\t\t\t\t\t\t\t<div class=\"date\">\n\t\t\t\t\t\t\t\t\t\t\t\t\t\t\t\t\t\t\t\t\t\t\t\t\t\t\t\t\tokt 27. 2025\t\t\t\t\t\t\t\t\t\t\t\t\t\t\t\t\t\t\t\t\t\t\t\t\t\t\t<\/div>\n\t\t\t\t\t\t\t\t\t\t\t\t\t\t\t\t\t\t\t\t\t\t\t\t\t<\/div>\n\t\t\t\t\t\t\t\t\t\t\t\t\t\t\t\t\t\t\t\t\t\t\t\t\t<div class=\"excerpt\">Martin Garaj, Research Team Lead at Huawei and former member of our Green and Secure Environment team, presented his recent ECAI 2025 paper \u201cInvestigating Sparsity of Self-Attention.\u201d He also shared&#8230;<\/div>\n\t\t\t\t\t\t\t\t\t\t\t\t\t\t\t\t\t\t\t\t\t\t\t\t\t\t\t\t\t\t\t\t\t\t\t<\/div>\n\t\t\t\t\t\t\t\t\t\t<\/div>\n\t\t\t\t\t\t\t\t\t\t<\/a>\t\t\t\t\t\t\t\t\t\t\t\t\t\t\t\t\t\t\t\t\t\t\t\t\t\t\t\t\t<\/div>\n\t\t\t\t\t\t\t\t<\/article>\n\t\t\t\t\t\t\t\t\t\t\t\t\t\t\t\t\t\t\t\t\t\t\t\t\t\t\t\t\t\t\t\t\t\t\t\t\t\t\t<article id=\"loop-item-38818\" class=\"loop-item\">\n\t\t\t\t\t\t\t\t\t<div class=\"inner cf\">\n\t\t\t\t\t\t\t\t\t\t<a href=\"https:\/\/kinit.sk\/sk\/podujatie\/better_ai_meetup-on-robustness-and-efficiency-in-large-scale-ai\/\">\t\t\t\t\t\t\t\t\t\t\t\t\t\t\t\t\t\t\t\t\t\t\t\t\t\t\t\t\t\t\t\t\t<div class=\"picture\">\n\t\t\t\t\t\t\t\t\t\t\t\t\t<img decoding=\"async\" width=\"320\" height=\"200\" data-src=\"https:\/\/kinit.sk\/wp-content\/uploads\/2025\/10\/Banner-600x338-no-photos_Special-Edition_better-quality-320x200.png\" class=\"attachment-thumbnail size-thumbnail wp-post-image lazyload\" alt=\"\" src=\"data:image\/svg+xml;base64,PHN2ZyB3aWR0aD0iMSIgaGVpZ2h0PSIxIiB4bWxucz0iaHR0cDovL3d3dy53My5vcmcvMjAwMC9zdmciPjwvc3ZnPg==\" style=\"--smush-placeholder-width: 320px; --smush-placeholder-aspect-ratio: 320\/200;\" \/>\t\t\t\t\t\t\t\t\t\t\t\t<\/div>\n\t\t\t\t\t\t\t\t\t\t\t\t\t\t\t\t\t\t\t\t\t\t\t\t\t\t\t\t\t\t\t<div class=\"content cf\">\n\t\t\t\t\t\t\t\t\t\t\t<div class=\"content-inner\">\n\t\t\t\t\t\t\t\t\t\t\t\t<h3>Better_AI_Meetup on Robustness and Efficiency in Large-Scale AI<\/h3>\n                        \t\t\t\t\t\t\t\t\t\t\t\t<div class=\"meta cf\">\n\t\t\t\t\t\t\t\t\t\t\t\t\t\t\t\t\t\t\t\t\t\t\t\t\t\t<div class=\"date\">\n\t\t\t\t\t\t\t\t\t\t\t\t\t\t\t\t\t\t\t\t\t\t\t\t\t\t\t\t\tokt 24. 2025\t\t\t\t\t\t\t\t\t\t\t\t\t\t\t\t\t\t\t\t\t\t\t\t\t\t\t<\/div>\n\t\t\t\t\t\t\t\t\t\t\t\t\t\t\t\t\t\t\t\t\t\t\t\t\t<\/div>\n\t\t\t\t\t\t\t\t\t\t\t\t\t\t\t\t\t\t\t\t\t\t\t\t\t<div class=\"excerpt\">Join the meetups of&nbsp;AI&nbsp;designers at&nbsp;Better&nbsp;_AI_Meetup, the space for builders and believers in a&nbsp;better&nbsp;world with&nbsp;AI. In the 17th edition of Better AI Meetup, we will look at robustness and efficiency in&#8230;<\/div>\n\t\t\t\t\t\t\t\t\t\t\t\t\t\t\t\t\t\t\t\t\t\t\t\t\t\t\t\t\t\t\t\t\t\t\t<\/div>\n\t\t\t\t\t\t\t\t\t\t<\/div>\n\t\t\t\t\t\t\t\t\t\t<\/a>\t\t\t\t\t\t\t\t\t\t\t\t\t\t\t\t\t\t\t\t\t\t\t\t\t\t\t\t\t<\/div>\n\t\t\t\t\t\t\t\t<\/article>\n\t\t\t\t\t\t\t\t\t\t\t\t\t\t\t\t\t\t\t\t\t\t\t\t\t\t\t\t\t\t\t\t\t\t\t\t\t\t\t<article id=\"loop-item-40112\" class=\"loop-item\">\n\t\t\t\t\t\t\t\t\t<div class=\"inner cf\">\n\t\t\t\t\t\t\t\t\t\t<a href=\"https:\/\/kinit.sk\/sk\/podujatie\/bringing-the-global-slovak-ai-community-closer-to-local-talent\/\">\t\t\t\t\t\t\t\t\t\t\t\t\t\t\t\t\t\t\t\t\t\t\t\t\t\t\t\t\t\t\t\t\t<div class=\"picture\">\n\t\t\t\t\t\t\t\t\t\t\t\t\t<img decoding=\"async\" width=\"320\" height=\"200\" data-src=\"https:\/\/kinit.sk\/wp-content\/uploads\/2025\/11\/Slovaks.ai_Bringing-the-Global-Slovak-AI-Community-Closer-to-Local-Talent-320x200.png\" class=\"attachment-thumbnail size-thumbnail wp-post-image lazyload\" alt=\"\" src=\"data:image\/svg+xml;base64,PHN2ZyB3aWR0aD0iMSIgaGVpZ2h0PSIxIiB4bWxucz0iaHR0cDovL3d3dy53My5vcmcvMjAwMC9zdmciPjwvc3ZnPg==\" style=\"--smush-placeholder-width: 320px; --smush-placeholder-aspect-ratio: 320\/200;\" \/>\t\t\t\t\t\t\t\t\t\t\t\t<\/div>\n\t\t\t\t\t\t\t\t\t\t\t\t\t\t\t\t\t\t\t\t\t\t\t\t\t\t\t\t\t\t\t<div class=\"content cf\">\n\t\t\t\t\t\t\t\t\t\t\t<div class=\"content-inner\">\n\t\t\t\t\t\t\t\t\t\t\t\t<h3>Bringing the Global Slovak AI Community Closer to Local Talent<\/h3>\n                        \t\t\t\t\t\t\t\t\t\t\t\t<div class=\"meta cf\">\n\t\t\t\t\t\t\t\t\t\t\t\t\t\t\t\t\t\t\t\t\t\t\t\t\t\t<div class=\"date\">\n\t\t\t\t\t\t\t\t\t\t\t\t\t\t\t\t\t\t\t\t\t\t\t\t\t\t\t\t\tjan 21. 2026\t\t\t\t\t\t\t\t\t\t\t\t\t\t\t\t\t\t\t\t\t\t\t\t\t\t\t<\/div>\n\t\t\t\t\t\t\t\t\t\t\t\t\t\t\t\t\t\t\t\t\t\t\t\t\t<\/div>\n\t\t\t\t\t\t\t\t\t\t\t\t\t\t\t\t\t\t\t\t\t\t\t\t\t<div class=\"excerpt\">Through the slovaks.ai initiative, we were pleased to support a valuable connection between Slovak students and members of the global Slovak AI diaspora. Dominik \u201cNiko\u201d Dubovsk\u00fd, Slovak entrepreneur and co-founder&#8230;<\/div>\n\t\t\t\t\t\t\t\t\t\t\t\t\t\t\t\t\t\t\t\t\t\t\t\t\t\t\t\t\t\t\t\t\t\t\t<\/div>\n\t\t\t\t\t\t\t\t\t\t<\/div>\n\t\t\t\t\t\t\t\t\t\t<\/a>\t\t\t\t\t\t\t\t\t\t\t\t\t\t\t\t\t\t\t\t\t\t\t\t\t\t\t\t\t<\/div>\n\t\t\t\t\t\t\t\t<\/article>\n\t\t\t\t\t\t\t\t\t\t\t\t\t\t\t\t\t\t\t\t\t\t\t\t\t\t\t\t\t\t\t\t\t\t\t\t\t\t\t<article id=\"loop-item-38900\" class=\"loop-item\">\n\t\t\t\t\t\t\t\t\t<div class=\"inner cf\">\n\t\t\t\t\t\t\t\t\t\t<a href=\"https:\/\/kinit.sk\/sk\/podujatie\/ai-mind-machine-muse\/\">\t\t\t\t\t\t\t\t\t\t\t\t\t\t\t\t\t\t\t\t\t\t\t\t\t\t\t\t\t\t\t\t\t<div class=\"picture\">\n\t\t\t\t\t\t\t\t\t\t\t\t\t<img decoding=\"async\" width=\"320\" height=\"200\" data-src=\"https:\/\/kinit.sk\/wp-content\/uploads\/2025\/10\/AI-Mind-Machine-Muse-320x200.png\" class=\"attachment-thumbnail size-thumbnail wp-post-image lazyload\" alt=\"\" src=\"data:image\/svg+xml;base64,PHN2ZyB3aWR0aD0iMSIgaGVpZ2h0PSIxIiB4bWxucz0iaHR0cDovL3d3dy53My5vcmcvMjAwMC9zdmciPjwvc3ZnPg==\" style=\"--smush-placeholder-width: 320px; --smush-placeholder-aspect-ratio: 320\/200;\" \/>\t\t\t\t\t\t\t\t\t\t\t\t<\/div>\n\t\t\t\t\t\t\t\t\t\t\t\t\t\t\t\t\t\t\t\t\t\t\t\t\t\t\t\t\t\t\t<div class=\"content cf\">\n\t\t\t\t\t\t\t\t\t\t\t<div class=\"content-inner\">\n\t\t\t\t\t\t\t\t\t\t\t\t<h3>AI: Mind, Machine, Muse<\/h3>\n                        \t\t\t\t\t\t\t\t\t\t\t\t<div class=\"meta cf\">\n\t\t\t\t\t\t\t\t\t\t\t\t\t\t\t\t\t\t\t\t\t\t\t\t\t\t<div class=\"date\">\n\t\t\t\t\t\t\t\t\t\t\t\t\t\t\t\t\t\t\t\t\t\t\t\t\t\t\t\t\tokt 29. 2025\t\t\t\t\t\t\t\t\t\t\t\t\t\t\t\t\t\t\t\t\t\t\t\t\t\t\t<\/div>\n\t\t\t\t\t\t\t\t\t\t\t\t\t\t\t\t\t\t\t\t\t\t\t\t\t<\/div>\n\t\t\t\t\t\t\t\t\t\t\t\t\t\t\t\t\t\t\t\t\t\t\t\t\t<div class=\"excerpt\">KInIT, in collaboration with Slovak PRO Boston, proudly presents a unique event on 8th November 2025, from 5:30 PM to 7:00 PM, that explores artificial intelligence across its many dimensions&#8230;<\/div>\n\t\t\t\t\t\t\t\t\t\t\t\t\t\t\t\t\t\t\t\t\t\t\t\t\t\t\t\t\t\t\t\t\t\t\t<\/div>\n\t\t\t\t\t\t\t\t\t\t<\/div>\n\t\t\t\t\t\t\t\t\t\t<\/a>\t\t\t\t\t\t\t\t\t\t\t\t\t\t\t\t\t\t\t\t\t\t\t\t\t\t\t\t\t<\/div>\n\t\t\t\t\t\t\t\t<\/article>\n\t\t\t\t\t\t\t\t\t\t\t\t\t\t\t\t\t\t\t\t\t\t\t\t\t\t\t\t\t\t\t\t\t\t\t\t\t\t\t<article id=\"loop-item-38896\" class=\"loop-item\">\n\t\t\t\t\t\t\t\t\t<div class=\"inner cf\">\n\t\t\t\t\t\t\t\t\t\t<a href=\"https:\/\/kinit.sk\/sk\/podujatie\/from-prague-and-bratislava-to-the-bay\/\">\t\t\t\t\t\t\t\t\t\t\t\t\t\t\t\t\t\t\t\t\t\t\t\t\t\t\t\t\t\t\t\t\t<div class=\"picture\">\n\t\t\t\t\t\t\t\t\t\t\t\t\t<img decoding=\"async\" width=\"320\" height=\"200\" data-src=\"https:\/\/kinit.sk\/wp-content\/uploads\/2025\/10\/From-PragueBratislava-to-the-Bay-320x200.png\" class=\"attachment-thumbnail size-thumbnail wp-post-image lazyload\" alt=\"\" src=\"data:image\/svg+xml;base64,PHN2ZyB3aWR0aD0iMSIgaGVpZ2h0PSIxIiB4bWxucz0iaHR0cDovL3d3dy53My5vcmcvMjAwMC9zdmciPjwvc3ZnPg==\" style=\"--smush-placeholder-width: 320px; --smush-placeholder-aspect-ratio: 320\/200;\" \/>\t\t\t\t\t\t\t\t\t\t\t\t<\/div>\n\t\t\t\t\t\t\t\t\t\t\t\t\t\t\t\t\t\t\t\t\t\t\t\t\t\t\t\t\t\t\t<div class=\"content cf\">\n\t\t\t\t\t\t\t\t\t\t\t<div class=\"content-inner\">\n\t\t\t\t\t\t\t\t\t\t\t\t<h3>From Prague &amp; Bratislava to the Bay: Building IA with Global Impact<\/h3>\n                        \t\t\t\t\t\t\t\t\t\t\t\t<div class=\"meta cf\">\n\t\t\t\t\t\t\t\t\t\t\t\t\t\t\t\t\t\t\t\t\t\t\t\t\t\t<div class=\"date\">\n\t\t\t\t\t\t\t\t\t\t\t\t\t\t\t\t\t\t\t\t\t\t\t\t\t\t\t\t\tokt 3. 2025\t\t\t\t\t\t\t\t\t\t\t\t\t\t\t\t\t\t\t\t\t\t\t\t\t\t\t<\/div>\n\t\t\t\t\t\t\t\t\t\t\t\t\t\t\t\t\t\t\t\t\t\t\t\t\t<\/div>\n\t\t\t\t\t\t\t\t\t\t\t\t\t\t\t\t\t\t\t\t\t\t\t\t\t<div class=\"excerpt\">During San Francisco Tech Week on October 9th, we co-hosted an engaging fireside chat exploring how Artificial Intelligence is transforming the way we build companies, invest, and scale innovation. The&#8230;<\/div>\n\t\t\t\t\t\t\t\t\t\t\t\t\t\t\t\t\t\t\t\t\t\t\t\t\t\t\t\t\t\t\t\t\t\t\t<\/div>\n\t\t\t\t\t\t\t\t\t\t<\/div>\n\t\t\t\t\t\t\t\t\t\t<\/a>\t\t\t\t\t\t\t\t\t\t\t\t\t\t\t\t\t\t\t\t\t\t\t\t\t\t\t\t\t<\/div>\n\t\t\t\t\t\t\t\t<\/article>\n\t\t\t\t\t\t\t\t\t\t\t\t\t\t\t\t\t\t\t\t\t\t\t\t\t\t\t\t\t\t\t\t\t\t\t\t\t\t\t<article id=\"loop-item-38065\" class=\"loop-item\">\n\t\t\t\t\t\t\t\t\t<div class=\"inner cf\">\n\t\t\t\t\t\t\t\t\t\t<a href=\"https:\/\/kinit.sk\/sk\/podujatie\/slovak-pro-summit-2025\/\">\t\t\t\t\t\t\t\t\t\t\t\t\t\t\t\t\t\t\t\t\t\t\t\t\t\t\t\t\t\t\t\t\t<div class=\"picture\">\n\t\t\t\t\t\t\t\t\t\t\t\t\t<img decoding=\"async\" width=\"320\" height=\"200\" data-src=\"https:\/\/kinit.sk\/wp-content\/uploads\/2025\/09\/Slovak-PRO-Summit_event_feature-image-320x200.png\" class=\"attachment-thumbnail size-thumbnail wp-post-image lazyload\" alt=\"\" src=\"data:image\/svg+xml;base64,PHN2ZyB3aWR0aD0iMSIgaGVpZ2h0PSIxIiB4bWxucz0iaHR0cDovL3d3dy53My5vcmcvMjAwMC9zdmciPjwvc3ZnPg==\" style=\"--smush-placeholder-width: 320px; --smush-placeholder-aspect-ratio: 320\/200;\" \/>\t\t\t\t\t\t\t\t\t\t\t\t<\/div>\n\t\t\t\t\t\t\t\t\t\t\t\t\t\t\t\t\t\t\t\t\t\t\t\t\t\t\t\t\t\t\t<div class=\"content cf\">\n\t\t\t\t\t\t\t\t\t\t\t<div class=\"content-inner\">\n\t\t\t\t\t\t\t\t\t\t\t\t<h3>Slovak Pro Summit 2025<\/h3>\n                        \t\t\t\t\t\t\t\t\t\t\t\t<div class=\"meta cf\">\n\t\t\t\t\t\t\t\t\t\t\t\t\t\t\t\t\t\t\t\t\t\t\t\t\t\t<div class=\"date\">\n\t\t\t\t\t\t\t\t\t\t\t\t\t\t\t\t\t\t\t\t\t\t\t\t\t\t\t\t\tsep 16. 2025\t\t\t\t\t\t\t\t\t\t\t\t\t\t\t\t\t\t\t\t\t\t\t\t\t\t\t<\/div>\n\t\t\t\t\t\t\t\t\t\t\t\t\t\t\t\t\t\t\t\t\t\t\t\t\t<\/div>\n\t\t\t\t\t\t\t\t\t\t\t\t\t\t\t\t\t\t\t\t\t\t\t\t\t<div class=\"excerpt\">We are proud to be a co-organiser of the upcoming Slovak PRO Summit 2025, led by our valued collaborators at Slovak PRO. This community-driven non-profit association supports Slovaks in North&#8230;<\/div>\n\t\t\t\t\t\t\t\t\t\t\t\t\t\t\t\t\t\t\t\t\t\t\t\t\t\t\t\t\t\t\t\t\t\t\t<\/div>\n\t\t\t\t\t\t\t\t\t\t<\/div>\n\t\t\t\t\t\t\t\t\t\t<\/a>\t\t\t\t\t\t\t\t\t\t\t\t\t\t\t\t\t\t\t\t\t\t\t\t\t\t\t\t\t<\/div>\n\t\t\t\t\t\t\t\t<\/article>\n\t\t\t\t\t\t\t\t\t\t\t\t\t\t\t\t\t\t\t\t\t\t\t\t\t\t\t\t\t\t\t\t\t\t\t\t\t\t\t<article id=\"loop-item-37841\" class=\"loop-item\">\n\t\t\t\t\t\t\t\t\t<div class=\"inner cf\">\n\t\t\t\t\t\t\t\t\t\t<a href=\"https:\/\/kinit.sk\/sk\/podujatie\/knowledge-sharing-seminar-on-multimodal-models-in-computer-vision-and-nlp\/\">\t\t\t\t\t\t\t\t\t\t\t\t\t\t\t\t\t\t\t\t\t\t\t\t\t\t\t\t\t\t\t\t\t<div class=\"picture\">\n\t\t\t\t\t\t\t\t\t\t\t\t\t<img decoding=\"async\" width=\"320\" height=\"200\" data-src=\"https:\/\/kinit.sk\/wp-content\/uploads\/2024\/10\/slovaks.ai-event_A-knowledge-sharing-seminar-on-multimodal-models-in-computer-vision-and-natural-language-processing-320x200.png\" class=\"attachment-thumbnail size-thumbnail wp-post-image lazyload\" alt=\"\" src=\"data:image\/svg+xml;base64,PHN2ZyB3aWR0aD0iMSIgaGVpZ2h0PSIxIiB4bWxucz0iaHR0cDovL3d3dy53My5vcmcvMjAwMC9zdmciPjwvc3ZnPg==\" style=\"--smush-placeholder-width: 320px; --smush-placeholder-aspect-ratio: 320\/200;\" \/>\t\t\t\t\t\t\t\t\t\t\t\t<\/div>\n\t\t\t\t\t\t\t\t\t\t\t\t\t\t\t\t\t\t\t\t\t\t\t\t\t\t\t\t\t\t\t<div class=\"content cf\">\n\t\t\t\t\t\t\t\t\t\t\t<div class=\"content-inner\">\n\t\t\t\t\t\t\t\t\t\t\t\t<h3>A knowledge sharing seminar on multimodal models in computer vision and NLP<\/h3>\n                        \t\t\t\t\t\t\t\t\t\t\t\t<div class=\"meta cf\">\n\t\t\t\t\t\t\t\t\t\t\t\t\t\t\t\t\t\t\t\t\t\t\t\t\t\t<div class=\"date\">\n\t\t\t\t\t\t\t\t\t\t\t\t\t\t\t\t\t\t\t\t\t\t\t\t\t\t\t\t\tj\u00fan 25. 2025\t\t\t\t\t\t\t\t\t\t\t\t\t\t\t\t\t\t\t\t\t\t\t\t\t\t\t<\/div>\n\t\t\t\t\t\t\t\t\t\t\t\t\t\t\t\t\t\t\t\t\t\t\t\t\t<\/div>\n\t\t\t\t\t\t\t\t\t\t\t\t\t\t\t\t\t\t\t\t\t\t\t\t\t<div class=\"excerpt\">Jana Ko\u0161eck\u00e1, an Associate Professor of Computer Science at George Mason University, Virginia, gave a lecture on From Pixels to Words: Frontiers of Multi-Modal Vision-Language Learning. Lecture abstract In recent&#8230;<\/div>\n\t\t\t\t\t\t\t\t\t\t\t\t\t\t\t\t\t\t\t\t\t\t\t\t\t\t\t\t\t\t\t\t\t\t\t<\/div>\n\t\t\t\t\t\t\t\t\t\t<\/div>\n\t\t\t\t\t\t\t\t\t\t<\/a>\t\t\t\t\t\t\t\t\t\t\t\t\t\t\t\t\t\t\t\t\t\t\t\t\t\t\t\t\t<\/div>\n\t\t\t\t\t\t\t\t<\/article>\n\t\t\t\t\t\t\t\t\t\t\t\t\t\t\t\t\t\t\t\t\t\t\t\t\t\t\t\t\t\t\t\t\t\t\t\t\t\t\t<article id=\"loop-item-37839\" class=\"loop-item\">\n\t\t\t\t\t\t\t\t\t<div class=\"inner cf\">\n\t\t\t\t\t\t\t\t\t\t<a href=\"https:\/\/kinit.sk\/sk\/podujatie\/ai-forum-in-the-field-of-robust-language-models\/\">\t\t\t\t\t\t\t\t\t\t\t\t\t\t\t\t\t\t\t\t\t\t\t\t\t\t\t\t\t\t\t\t\t<div class=\"picture\">\n\t\t\t\t\t\t\t\t\t\t\t\t\t<img decoding=\"async\" width=\"320\" height=\"200\" data-src=\"https:\/\/kinit.sk\/wp-content\/uploads\/2024\/10\/slovaks.ai-event_AI-Forum-in-the-field-of-Robust-Language-Models-320x200.png\" class=\"attachment-thumbnail size-thumbnail wp-post-image lazyload\" alt=\"\" src=\"data:image\/svg+xml;base64,PHN2ZyB3aWR0aD0iMSIgaGVpZ2h0PSIxIiB4bWxucz0iaHR0cDovL3d3dy53My5vcmcvMjAwMC9zdmciPjwvc3ZnPg==\" style=\"--smush-placeholder-width: 320px; --smush-placeholder-aspect-ratio: 320\/200;\" \/>\t\t\t\t\t\t\t\t\t\t\t\t<\/div>\n\t\t\t\t\t\t\t\t\t\t\t\t\t\t\t\t\t\t\t\t\t\t\t\t\t\t\t\t\t\t\t<div class=\"content cf\">\n\t\t\t\t\t\t\t\t\t\t\t<div class=\"content-inner\">\n\t\t\t\t\t\t\t\t\t\t\t\t<h3>AI Forum in the field of Robust Language Models<\/h3>\n                        \t\t\t\t\t\t\t\t\t\t\t\t<div class=\"meta cf\">\n\t\t\t\t\t\t\t\t\t\t\t\t\t\t\t\t\t\t\t\t\t\t\t\t\t\t<div class=\"date\">\n\t\t\t\t\t\t\t\t\t\t\t\t\t\t\t\t\t\t\t\t\t\t\t\t\t\t\t\t\tj\u00fan 20. 2025\t\t\t\t\t\t\t\t\t\t\t\t\t\t\t\t\t\t\t\t\t\t\t\t\t\t\t<\/div>\n\t\t\t\t\t\t\t\t\t\t\t\t\t\t\t\t\t\t\t\t\t\t\t\t\t<\/div>\n\t\t\t\t\t\t\t\t\t\t\t\t\t\t\t\t\t\t\t\t\t\t\t\t\t<div class=\"excerpt\">Michal \u0160tef\u00e1nik, an NLP Researcher at the University of Helsinki, gave a lecture as part of the Slovak NLP community event on Robust Language Models and Where to Find Them&#8230;.<\/div>\n\t\t\t\t\t\t\t\t\t\t\t\t\t\t\t\t\t\t\t\t\t\t\t\t\t\t\t\t\t\t\t\t\t\t\t<\/div>\n\t\t\t\t\t\t\t\t\t\t<\/div>\n\t\t\t\t\t\t\t\t\t\t<\/a>\t\t\t\t\t\t\t\t\t\t\t\t\t\t\t\t\t\t\t\t\t\t\t\t\t\t\t\t\t<\/div>\n\t\t\t\t\t\t\t\t<\/article>\n\t\t\t\t\t\t\t\t\t\t\t\t\t\t\t\t\t\t\t\t\t\t\t\t\t\t\t\t\t\t\t\t\t\t\t\t\t\t\t<article id=\"loop-item-37837\" class=\"loop-item\">\n\t\t\t\t\t\t\t\t\t<div class=\"inner cf\">\n\t\t\t\t\t\t\t\t\t\t<a href=\"https:\/\/kinit.sk\/sk\/podujatie\/knowledge-sharing-seminar-in-the-field-of-reinforcement-learning\/\">\t\t\t\t\t\t\t\t\t\t\t\t\t\t\t\t\t\t\t\t\t\t\t\t\t\t\t\t\t\t\t\t\t<div class=\"picture\">\n\t\t\t\t\t\t\t\t\t\t\t\t\t<img decoding=\"async\" width=\"320\" height=\"200\" data-src=\"https:\/\/kinit.sk\/wp-content\/uploads\/2024\/10\/slovaks.ai-event_Knowledge-sharing-seminar-in-the-field-of-Reinforcement-Learning-320x200.png\" class=\"attachment-thumbnail size-thumbnail wp-post-image lazyload\" alt=\"\" src=\"data:image\/svg+xml;base64,PHN2ZyB3aWR0aD0iMSIgaGVpZ2h0PSIxIiB4bWxucz0iaHR0cDovL3d3dy53My5vcmcvMjAwMC9zdmciPjwvc3ZnPg==\" style=\"--smush-placeholder-width: 320px; --smush-placeholder-aspect-ratio: 320\/200;\" \/>\t\t\t\t\t\t\t\t\t\t\t\t<\/div>\n\t\t\t\t\t\t\t\t\t\t\t\t\t\t\t\t\t\t\t\t\t\t\t\t\t\t\t\t\t\t\t<div class=\"content cf\">\n\t\t\t\t\t\t\t\t\t\t\t<div class=\"content-inner\">\n\t\t\t\t\t\t\t\t\t\t\t\t<h3>Knowledge sharing seminar in the field of Reinforcement Learning<\/h3>\n                        \t\t\t\t\t\t\t\t\t\t\t\t<div class=\"meta cf\">\n\t\t\t\t\t\t\t\t\t\t\t\t\t\t\t\t\t\t\t\t\t\t\t\t\t\t<div class=\"date\">\n\t\t\t\t\t\t\t\t\t\t\t\t\t\t\t\t\t\t\t\t\t\t\t\t\t\t\t\t\tj\u00fan 17. 2025\t\t\t\t\t\t\t\t\t\t\t\t\t\t\t\t\t\t\t\t\t\t\t\t\t\t\t<\/div>\n\t\t\t\t\t\t\t\t\t\t\t\t\t\t\t\t\t\t\t\t\t\t\t\t\t<\/div>\n\t\t\t\t\t\t\t\t\t\t\t\t\t\t\t\t\t\t\t\t\t\t\t\t\t<div class=\"excerpt\">Branislav Kveton, Principal Research Scientist at Adobe Research, gave a lecture on Reinforcement Learning with Large Language Models Through Reward-Weighted Fine-Tuning. Lecture abstract Reinforcement learning (RL) with large language models&#8230;<\/div>\n\t\t\t\t\t\t\t\t\t\t\t\t\t\t\t\t\t\t\t\t\t\t\t\t\t\t\t\t\t\t\t\t\t\t\t<\/div>\n\t\t\t\t\t\t\t\t\t\t<\/div>\n\t\t\t\t\t\t\t\t\t\t<\/a>\t\t\t\t\t\t\t\t\t\t\t\t\t\t\t\t\t\t\t\t\t\t\t\t\t\t\t\t\t<\/div>\n\t\t\t\t\t\t\t\t<\/article>\n\t\t\t\t\t\t\t\t\t\t\t\t\t\t\t\t\t\t\t\t\t\t\t\t\t\t\t\t\t\t\t\t\t\t\t\t\t\t\t<article id=\"loop-item-37842\" class=\"loop-item\">\n\t\t\t\t\t\t\t\t\t<div class=\"inner cf\">\n\t\t\t\t\t\t\t\t\t\t<a href=\"https:\/\/kinit.sk\/sk\/podujatie\/seminar-on-theory-and-practice-of-optimisation-in-ml\/\">\t\t\t\t\t\t\t\t\t\t\t\t\t\t\t\t\t\t\t\t\t\t\t\t\t\t\t\t\t\t\t\t\t<div class=\"picture\">\n\t\t\t\t\t\t\t\t\t\t\t\t\t<img decoding=\"async\" width=\"320\" height=\"200\" data-src=\"https:\/\/kinit.sk\/wp-content\/uploads\/2024\/10\/slovaks.ai-event_Knowledge-sharing-seminar-in-the-field-of-Theory-and-Practice-of-Optimization-in-Machine-Learning-320x200.png\" class=\"attachment-thumbnail size-thumbnail wp-post-image lazyload\" alt=\"\" src=\"data:image\/svg+xml;base64,PHN2ZyB3aWR0aD0iMSIgaGVpZ2h0PSIxIiB4bWxucz0iaHR0cDovL3d3dy53My5vcmcvMjAwMC9zdmciPjwvc3ZnPg==\" style=\"--smush-placeholder-width: 320px; --smush-placeholder-aspect-ratio: 320\/200;\" \/>\t\t\t\t\t\t\t\t\t\t\t\t<\/div>\n\t\t\t\t\t\t\t\t\t\t\t\t\t\t\t\t\t\t\t\t\t\t\t\t\t\t\t\t\t\t\t<div class=\"content cf\">\n\t\t\t\t\t\t\t\t\t\t\t<div class=\"content-inner\">\n\t\t\t\t\t\t\t\t\t\t\t\t<h3>Knowledge sharing seminar in the field of Theory and Practice of Optimisation in Machine Learning<\/h3>\n                        \t\t\t\t\t\t\t\t\t\t\t\t<div class=\"meta cf\">\n\t\t\t\t\t\t\t\t\t\t\t\t\t\t\t\t\t\t\t\t\t\t\t\t\t\t<div class=\"date\">\n\t\t\t\t\t\t\t\t\t\t\t\t\t\t\t\t\t\t\t\t\t\t\t\t\t\t\t\t\tj\u00fan 9. 2025\t\t\t\t\t\t\t\t\t\t\t\t\t\t\t\t\t\t\t\t\t\t\t\t\t\t\t<\/div>\n\t\t\t\t\t\t\t\t\t\t\t\t\t\t\t\t\t\t\t\t\t\t\t\t\t<\/div>\n\t\t\t\t\t\t\t\t\t\t\t\t\t\t\t\t\t\t\t\t\t\t\t\t\t<div class=\"excerpt\">Peter Richt\u00e1rik, Professor of Computer Science at the King Abdullah University of Science and Technology (KAUST), gave a lecture on From the Ball-proximal (Broximal) Point Method to Efficient Training of&#8230;<\/div>\n\t\t\t\t\t\t\t\t\t\t\t\t\t\t\t\t\t\t\t\t\t\t\t\t\t\t\t\t\t\t\t\t\t\t\t<\/div>\n\t\t\t\t\t\t\t\t\t\t<\/div>\n\t\t\t\t\t\t\t\t\t\t<\/a>\t\t\t\t\t\t\t\t\t\t\t\t\t\t\t\t\t\t\t\t\t\t\t\t\t\t\t\t\t<\/div>\n\t\t\t\t\t\t\t\t<\/article>\n\t\t\t\t\t\t\t\t\t\t\t\t\t\t\t\t\t\t\t\t\t\t\t\t\t\t\t\t\t\t\t\t\t\t\t\t\t\t\t<article id=\"loop-item-36638\" class=\"loop-item\">\n\t\t\t\t\t\t\t\t\t<div class=\"inner cf\">\n\t\t\t\t\t\t\t\t\t\t<a href=\"https:\/\/kinit.sk\/sk\/slovaks-ai-forum-2025-connecting-global-slovak-expertise-in-artificial-intelligence\/\">\t\t\t\t\t\t\t\t\t\t\t\t\t\t\t\t\t\t\t\t\t\t\t\t\t\t\t\t\t\t\t\t\t<div class=\"picture\">\n\t\t\t\t\t\t\t\t\t\t\t\t\t<img decoding=\"async\" width=\"320\" height=\"200\" data-src=\"https:\/\/kinit.sk\/wp-content\/uploads\/2025\/06\/Slovak-AI-Forum-2025-320x200.png\" class=\"attachment-thumbnail size-thumbnail wp-post-image lazyload\" alt=\"\" src=\"data:image\/svg+xml;base64,PHN2ZyB3aWR0aD0iMSIgaGVpZ2h0PSIxIiB4bWxucz0iaHR0cDovL3d3dy53My5vcmcvMjAwMC9zdmciPjwvc3ZnPg==\" style=\"--smush-placeholder-width: 320px; --smush-placeholder-aspect-ratio: 320\/200;\" \/>\t\t\t\t\t\t\t\t\t\t\t\t<\/div>\n\t\t\t\t\t\t\t\t\t\t\t\t\t\t\t\t\t\t\t\t\t\t\t\t\t\t\t\t\t\t\t<div class=\"content cf\">\n\t\t\t\t\t\t\t\t\t\t\t<div class=\"content-inner\">\n\t\t\t\t\t\t\t\t\t\t\t\t<h3>Slovaks AI Forum 2025: Connecting Global Slovak Expertise in Artificial Intelligence<\/h3>\n                        \t\t\t\t\t\t\t\t\t\t\t\t<div class=\"meta cf\">\n\t\t\t\t\t\t\t\t\t\t\t\t\t\t\t\t\t\t\t\t\t\t\t\t\t\t<div class=\"date\">\n\t\t\t\t\t\t\t\t\t\t\t\t\t\t\t\t\t\t\t\t\t\t\t\t\t\t\t\t\tj\u00fan 20. 2025\t\t\t\t\t\t\t\t\t\t\t\t\t\t\t\t\t\t\t\t\t\t\t\t\t\t\t<\/div>\n\t\t\t\t\t\t\t\t\t\t\t\t\t\t\t\t\t\t\t\t\t\t\t\t\t<\/div>\n\t\t\t\t\t\t\t\t\t\t\t\t\t\t\t\t\t\t\t\t\t\t\t\t\t<div class=\"excerpt\">Bratislava, 19 June 2025 \u2013 This week\u2019s Slovaks AI Forum 2025 marked a significant milestone in strengthening connections among Slovak professionals in the field of AI, both at home and&#8230;<\/div>\n\t\t\t\t\t\t\t\t\t\t\t\t\t\t\t\t\t\t\t\t\t\t\t\t\t\t\t\t\t\t\t\t\t\t\t<\/div>\n\t\t\t\t\t\t\t\t\t\t<\/div>\n\t\t\t\t\t\t\t\t\t\t<\/a>\t\t\t\t\t\t\t\t\t\t\t\t\t\t\t\t\t\t\t\t\t\t\t\t\t\t\t\t\t<\/div>\n\t\t\t\t\t\t\t\t<\/article>\n\t\t\t\t\t\t\t\t\t\t\t\t\t\t\t\t\t\t\t\t\t\t\t\t\t\t\t\t\t\t\t\t\t\t\t\t\t\t\t<article id=\"loop-item-36548\" class=\"loop-item\">\n\t\t\t\t\t\t\t\t\t<div class=\"inner cf\">\n\t\t\t\t\t\t\t\t\t\t<a href=\"https:\/\/kinit.sk\/sk\/podujatie\/knowledge-sharing-seminar-in-technology-transfer-venture-creation\/\">\t\t\t\t\t\t\t\t\t\t\t\t\t\t\t\t\t\t\t\t\t\t\t\t\t\t\t\t\t\t\t\t\t<div class=\"picture\">\n\t\t\t\t\t\t\t\t\t\t\t\t\t<img decoding=\"async\" width=\"320\" height=\"200\" data-src=\"https:\/\/kinit.sk\/wp-content\/uploads\/2025\/06\/Slovaks.ai_feature_may-320x200.png\" class=\"attachment-thumbnail size-thumbnail wp-post-image lazyload\" alt=\"\" src=\"data:image\/svg+xml;base64,PHN2ZyB3aWR0aD0iMSIgaGVpZ2h0PSIxIiB4bWxucz0iaHR0cDovL3d3dy53My5vcmcvMjAwMC9zdmciPjwvc3ZnPg==\" style=\"--smush-placeholder-width: 320px; --smush-placeholder-aspect-ratio: 320\/200;\" \/>\t\t\t\t\t\t\t\t\t\t\t\t<\/div>\n\t\t\t\t\t\t\t\t\t\t\t\t\t\t\t\t\t\t\t\t\t\t\t\t\t\t\t\t\t\t\t<div class=\"content cf\">\n\t\t\t\t\t\t\t\t\t\t\t<div class=\"content-inner\">\n\t\t\t\t\t\t\t\t\t\t\t\t<h3>Slovaks AI Forum 2025<\/h3>\n                        \t\t\t\t\t\t\t\t\t\t\t\t<div class=\"meta cf\">\n\t\t\t\t\t\t\t\t\t\t\t\t\t\t\t\t\t\t\t\t\t\t\t\t\t\t<div class=\"date\">\n\t\t\t\t\t\t\t\t\t\t\t\t\t\t\t\t\t\t\t\t\t\t\t\t\t\t\t\t\tj\u00fan 11. 2025\t\t\t\t\t\t\t\t\t\t\t\t\t\t\t\t\t\t\t\t\t\t\t\t\t\t\t<\/div>\n\t\t\t\t\t\t\t\t\t\t\t\t\t\t\t\t\t\t\t\t\t\t\t\t\t<\/div>\n\t\t\t\t\t\t\t\t\t\t\t\t\t\t\t\t\t\t\t\t\t\t\t\t\t<div class=\"excerpt\">We are pleased to announce the next online gathering of the global Slovak AI community, taking place on Thursday, June 19, 2025, at 17:00 CET via Zoom. This informal gathering&#8230;<\/div>\n\t\t\t\t\t\t\t\t\t\t\t\t\t\t\t\t\t\t\t\t\t\t\t\t\t\t\t\t\t\t\t\t\t\t\t<\/div>\n\t\t\t\t\t\t\t\t\t\t<\/div>\n\t\t\t\t\t\t\t\t\t\t<\/a>\t\t\t\t\t\t\t\t\t\t\t\t\t\t\t\t\t\t\t\t\t\t\t\t\t\t\t\t\t<\/div>\n\t\t\t\t\t\t\t\t<\/article>\n\t\t\t\t\t\t\t\t\t\t\t\t\t\t\t\t\t\t\t\t\t\t\t\t\t\t\t\t\t\t\t\t\t\t\t\t\t\t\t<article id=\"loop-item-36329\" class=\"loop-item\">\n\t\t\t\t\t\t\t\t\t<div class=\"inner cf\">\n\t\t\t\t\t\t\t\t\t\t<a href=\"https:\/\/kinit.sk\/sk\/podujatie\/better-ai-meetup-on-the-transparency-revolution\/\">\t\t\t\t\t\t\t\t\t\t\t\t\t\t\t\t\t\t\t\t\t\t\t\t\t\t\t\t\t\t\t\t\t<div class=\"picture\">\n\t\t\t\t\t\t\t\t\t\t\t\t\t<img decoding=\"async\" width=\"320\" height=\"200\" data-src=\"https:\/\/kinit.sk\/wp-content\/uploads\/2025\/05\/KInIT-Banner-320x200.png\" class=\"attachment-thumbnail size-thumbnail wp-post-image lazyload\" alt=\"\" src=\"data:image\/svg+xml;base64,PHN2ZyB3aWR0aD0iMSIgaGVpZ2h0PSIxIiB4bWxucz0iaHR0cDovL3d3dy53My5vcmcvMjAwMC9zdmciPjwvc3ZnPg==\" style=\"--smush-placeholder-width: 320px; --smush-placeholder-aspect-ratio: 320\/200;\" \/>\t\t\t\t\t\t\t\t\t\t\t\t<\/div>\n\t\t\t\t\t\t\t\t\t\t\t\t\t\t\t\t\t\t\t\t\t\t\t\t\t\t\t\t\t\t\t<div class=\"content cf\">\n\t\t\t\t\t\t\t\t\t\t\t<div class=\"content-inner\">\n\t\t\t\t\t\t\t\t\t\t\t\t<h3>Better_AI_Meetup on The Transparency Revolution: Is the Digital Services Act Remaking the Rules for Generative AI?<\/h3>\n                        \t\t\t\t\t\t\t\t\t\t\t\t<div class=\"meta cf\">\n\t\t\t\t\t\t\t\t\t\t\t\t\t\t\t\t\t\t\t\t\t\t\t\t\t\t<div class=\"date\">\n\t\t\t\t\t\t\t\t\t\t\t\t\t\t\t\t\t\t\t\t\t\t\t\t\t\t\t\t\tm\u00e1j 28. 2025\t\t\t\t\t\t\t\t\t\t\t\t\t\t\t\t\t\t\t\t\t\t\t\t\t\t\t<\/div>\n\t\t\t\t\t\t\t\t\t\t\t\t\t\t\t\t\t\t\t\t\t\t\t\t\t<\/div>\n\t\t\t\t\t\t\t\t\t\t\t\t\t\t\t\t\t\t\t\t\t\t\t\t\t<div class=\"excerpt\">Join us for Better&nbsp;_AI_Meetup &#8211; a space for AI designers, builders and believers in a&nbsp;better&nbsp;world with&nbsp;AI. In the 16th edition of Better AI Meetup, we will once again discuss regulation&#8230;<\/div>\n\t\t\t\t\t\t\t\t\t\t\t\t\t\t\t\t\t\t\t\t\t\t\t\t\t\t\t\t\t\t\t\t\t\t\t<\/div>\n\t\t\t\t\t\t\t\t\t\t<\/div>\n\t\t\t\t\t\t\t\t\t\t<\/a>\t\t\t\t\t\t\t\t\t\t\t\t\t\t\t\t\t\t\t\t\t\t\t\t\t\t\t\t\t<\/div>\n\t\t\t\t\t\t\t\t<\/article>\n\t\t\t\t\t\t\t\t\t\t\t\t\t\t\t\t\t\t\t\t\t\t\t\t\t\t\t\t\t\t\t\t\t\t\t\t\t\t\t<article id=\"loop-item-36241\" class=\"loop-item\">\n\t\t\t\t\t\t\t\t\t<div class=\"inner cf\">\n\t\t\t\t\t\t\t\t\t\t<a href=\"https:\/\/kinit.sk\/sk\/podujatie\/seminar-technology-transfer-and-venture-creation\/\">\t\t\t\t\t\t\t\t\t\t\t\t\t\t\t\t\t\t\t\t\t\t\t\t\t\t\t\t\t\t\t\t\t<div class=\"picture\">\n\t\t\t\t\t\t\t\t\t\t\t\t\t<img decoding=\"async\" width=\"320\" height=\"200\" data-src=\"https:\/\/kinit.sk\/wp-content\/uploads\/2025\/05\/Slovaks.ai_feature_may-320x200.png\" class=\"attachment-thumbnail size-thumbnail wp-post-image lazyload\" alt=\"\" src=\"data:image\/svg+xml;base64,PHN2ZyB3aWR0aD0iMSIgaGVpZ2h0PSIxIiB4bWxucz0iaHR0cDovL3d3dy53My5vcmcvMjAwMC9zdmciPjwvc3ZnPg==\" style=\"--smush-placeholder-width: 320px; --smush-placeholder-aspect-ratio: 320\/200;\" \/>\t\t\t\t\t\t\t\t\t\t\t\t<\/div>\n\t\t\t\t\t\t\t\t\t\t\t\t\t\t\t\t\t\t\t\t\t\t\t\t\t\t\t\t\t\t\t<div class=\"content cf\">\n\t\t\t\t\t\t\t\t\t\t\t<div class=\"content-inner\">\n\t\t\t\t\t\t\t\t\t\t\t\t<h3>Knowledge sharing seminar in Technology Transfer and Venture Creation<\/h3>\n                        \t\t\t\t\t\t\t\t\t\t\t\t<div class=\"meta cf\">\n\t\t\t\t\t\t\t\t\t\t\t\t\t\t\t\t\t\t\t\t\t\t\t\t\t\t<div class=\"date\">\n\t\t\t\t\t\t\t\t\t\t\t\t\t\t\t\t\t\t\t\t\t\t\t\t\t\t\t\t\tapr 29. 2025\t\t\t\t\t\t\t\t\t\t\t\t\t\t\t\t\t\t\t\t\t\t\t\t\t\t\t<\/div>\n\t\t\t\t\t\t\t\t\t\t\t\t\t\t\t\t\t\t\t\t\t\t\t\t\t<\/div>\n\t\t\t\t\t\t\t\t\t\t\t\t\t\t\t\t\t\t\t\t\t\t\t\t\t<div class=\"excerpt\">Zuzana Kasanova, Business Development Manager, Spin-off &amp;amp; Innovation Unit, LRD, Leuven, Belgium, gave a lecture on Enhancing Technology Transfer and Venture Creation at KU Leuven. Lecture abstract KU Leuven Research&#8230;<\/div>\n\t\t\t\t\t\t\t\t\t\t\t\t\t\t\t\t\t\t\t\t\t\t\t\t\t\t\t\t\t\t\t\t\t\t\t<\/div>\n\t\t\t\t\t\t\t\t\t\t<\/div>\n\t\t\t\t\t\t\t\t\t\t<\/a>\t\t\t\t\t\t\t\t\t\t\t\t\t\t\t\t\t\t\t\t\t\t\t\t\t\t\t\t\t<\/div>\n\t\t\t\t\t\t\t\t<\/article>\n\t\t\t\t\t\t\t\t\t\t\t\t\t\t\t\t\t\t\t\t\t\t\t\t\t\t\t\t\t\t\t\t\t\t\t\t\t\t\t<article id=\"loop-item-35829\" class=\"loop-item\">\n\t\t\t\t\t\t\t\t\t<div class=\"inner cf\">\n\t\t\t\t\t\t\t\t\t\t<a href=\"https:\/\/kinit.sk\/sk\/podujatie\/better-ai-meetup-on-language-as-an-ally\/\">\t\t\t\t\t\t\t\t\t\t\t\t\t\t\t\t\t\t\t\t\t\t\t\t\t\t\t\t\t\t\t\t\t<div class=\"picture\">\n\t\t\t\t\t\t\t\t\t\t\t\t\t<img decoding=\"async\" width=\"320\" height=\"200\" data-src=\"https:\/\/kinit.sk\/wp-content\/uploads\/2025\/03\/Banner-600x338-no-photos-320x200.png\" class=\"attachment-thumbnail size-thumbnail wp-post-image lazyload\" alt=\"\" src=\"data:image\/svg+xml;base64,PHN2ZyB3aWR0aD0iMSIgaGVpZ2h0PSIxIiB4bWxucz0iaHR0cDovL3d3dy53My5vcmcvMjAwMC9zdmciPjwvc3ZnPg==\" style=\"--smush-placeholder-width: 320px; --smush-placeholder-aspect-ratio: 320\/200;\" \/>\t\t\t\t\t\t\t\t\t\t\t\t<\/div>\n\t\t\t\t\t\t\t\t\t\t\t\t\t\t\t\t\t\t\t\t\t\t\t\t\t\t\t\t\t\t\t<div class=\"content cf\">\n\t\t\t\t\t\t\t\t\t\t\t<div class=\"content-inner\">\n\t\t\t\t\t\t\t\t\t\t\t\t<h3>Better_AI_Meetup on Language as an Ally: Benchmarking LLMs for Small Languages and Using Natural Language Supervision for Improving ML Results<\/h3>\n                        \t\t\t\t\t\t\t\t\t\t\t\t<div class=\"meta cf\">\n\t\t\t\t\t\t\t\t\t\t\t\t\t\t\t\t\t\t\t\t\t\t\t\t\t\t<div class=\"date\">\n\t\t\t\t\t\t\t\t\t\t\t\t\t\t\t\t\t\t\t\t\t\t\t\t\t\t\t\t\tmar 28. 2025\t\t\t\t\t\t\t\t\t\t\t\t\t\t\t\t\t\t\t\t\t\t\t\t\t\t\t<\/div>\n\t\t\t\t\t\t\t\t\t\t\t\t\t\t\t\t\t\t\t\t\t\t\t\t\t<\/div>\n\t\t\t\t\t\t\t\t\t\t\t\t\t\t\t\t\t\t\t\t\t\t\t\t\t<div class=\"excerpt\">Join us for Better&nbsp;_AI_Meetup &#8211; a space for AI designers, builders and believers in a&nbsp;better&nbsp;world with&nbsp;AI. The 15th edition of Better AI Meetup will be held in Brno! The university&#8230;<\/div>\n\t\t\t\t\t\t\t\t\t\t\t\t\t\t\t\t\t\t\t\t\t\t\t\t\t\t\t\t\t\t\t\t\t\t\t<\/div>\n\t\t\t\t\t\t\t\t\t\t<\/div>\n\t\t\t\t\t\t\t\t\t\t<\/a>\t\t\t\t\t\t\t\t\t\t\t\t\t\t\t\t\t\t\t\t\t\t\t\t\t\t\t\t\t<\/div>\n\t\t\t\t\t\t\t\t<\/article>\n\t\t\t\t\t\t\t\t\t\t\t\t\t\t\t\t\t\t\t\t\t\t\t\t\t\t\t\t\t\t\t\t\t\t\t\t\t\t\t<article id=\"loop-item-35906\" class=\"loop-item\">\n\t\t\t\t\t\t\t\t\t<div class=\"inner cf\">\n\t\t\t\t\t\t\t\t\t\t<a href=\"https:\/\/kinit.sk\/sk\/podujatie\/slovak-connect-london\/\">\t\t\t\t\t\t\t\t\t\t\t\t\t\t\t\t\t\t\t\t\t\t\t\t\t\t\t\t\t\t\t\t\t<div class=\"picture\">\n\t\t\t\t\t\t\t\t\t\t\t\t\t<img decoding=\"async\" width=\"320\" height=\"200\" data-src=\"https:\/\/kinit.sk\/wp-content\/uploads\/2025\/04\/Slovaks.ai_Londonevent_feature-img-320x200.png\" class=\"attachment-thumbnail size-thumbnail wp-post-image lazyload\" alt=\"\" src=\"data:image\/svg+xml;base64,PHN2ZyB3aWR0aD0iMSIgaGVpZ2h0PSIxIiB4bWxucz0iaHR0cDovL3d3dy53My5vcmcvMjAwMC9zdmciPjwvc3ZnPg==\" style=\"--smush-placeholder-width: 320px; --smush-placeholder-aspect-ratio: 320\/200;\" \/>\t\t\t\t\t\t\t\t\t\t\t\t<\/div>\n\t\t\t\t\t\t\t\t\t\t\t\t\t\t\t\t\t\t\t\t\t\t\t\t\t\t\t\t\t\t\t<div class=\"content cf\">\n\t\t\t\t\t\t\t\t\t\t\t<div class=\"content-inner\">\n\t\t\t\t\t\t\t\t\t\t\t\t<h3>Slovak Connect London<\/h3>\n                        \t\t\t\t\t\t\t\t\t\t\t\t<div class=\"meta cf\">\n\t\t\t\t\t\t\t\t\t\t\t\t\t\t\t\t\t\t\t\t\t\t\t\t\t\t<div class=\"date\">\n\t\t\t\t\t\t\t\t\t\t\t\t\t\t\t\t\t\t\t\t\t\t\t\t\t\t\t\t\tfeb 27. 2025\t\t\t\t\t\t\t\t\t\t\t\t\t\t\t\t\t\t\t\t\t\t\t\t\t\t\t<\/div>\n\t\t\t\t\t\t\t\t\t\t\t\t\t\t\t\t\t\t\t\t\t\t\t\t\t<\/div>\n\t\t\t\t\t\t\t\t\t\t\t\t\t\t\t\t\t\t\t\t\t\t\t\t\t<div class=\"excerpt\">Program: Event goals: The event was organized by the non-profit organizations Teach Slovakia and Nexteria in collaboration with partners ESET, the Slovak Embassy in London, and the Kempelen Institute of&#8230;<\/div>\n\t\t\t\t\t\t\t\t\t\t\t\t\t\t\t\t\t\t\t\t\t\t\t\t\t\t\t\t\t\t\t\t\t\t\t<\/div>\n\t\t\t\t\t\t\t\t\t\t<\/div>\n\t\t\t\t\t\t\t\t\t\t<\/a>\t\t\t\t\t\t\t\t\t\t\t\t\t\t\t\t\t\t\t\t\t\t\t\t\t\t\t\t\t<\/div>\n\t\t\t\t\t\t\t\t<\/article>\n\t\t\t\t\t\t\t\t\t\t\t\t\t\t\t\t\t\t\t\t\t\t\t\t\t\t\t\t\t\t\t\t\t\t\t\t\t\t\t<article id=\"loop-item-35819\" class=\"loop-item\">\n\t\t\t\t\t\t\t\t\t<div class=\"inner cf\">\n\t\t\t\t\t\t\t\t\t\t<a href=\"https:\/\/kinit.sk\/sk\/podujatie\/ai-forum-in-natural-language-processing\/\">\t\t\t\t\t\t\t\t\t\t\t\t\t\t\t\t\t\t\t\t\t\t\t\t\t\t\t\t\t\t\t\t\t<div class=\"picture\">\n\t\t\t\t\t\t\t\t\t\t\t\t\t<img decoding=\"async\" width=\"320\" height=\"200\" data-src=\"https:\/\/kinit.sk\/wp-content\/uploads\/2025\/03\/Slovaks.ai_feature_2-320x200.png\" class=\"attachment-thumbnail size-thumbnail wp-post-image lazyload\" alt=\"\" src=\"data:image\/svg+xml;base64,PHN2ZyB3aWR0aD0iMSIgaGVpZ2h0PSIxIiB4bWxucz0iaHR0cDovL3d3dy53My5vcmcvMjAwMC9zdmciPjwvc3ZnPg==\" style=\"--smush-placeholder-width: 320px; --smush-placeholder-aspect-ratio: 320\/200;\" \/>\t\t\t\t\t\t\t\t\t\t\t\t<\/div>\n\t\t\t\t\t\t\t\t\t\t\t\t\t\t\t\t\t\t\t\t\t\t\t\t\t\t\t\t\t\t\t<div class=\"content cf\">\n\t\t\t\t\t\t\t\t\t\t\t<div class=\"content-inner\">\n\t\t\t\t\t\t\t\t\t\t\t\t<h3>AI Forum in Natural Language Processing<\/h3>\n                        \t\t\t\t\t\t\t\t\t\t\t\t<div class=\"meta cf\">\n\t\t\t\t\t\t\t\t\t\t\t\t\t\t\t\t\t\t\t\t\t\t\t\t\t\t<div class=\"date\">\n\t\t\t\t\t\t\t\t\t\t\t\t\t\t\t\t\t\t\t\t\t\t\t\t\t\t\t\t\tfeb 14. 2025\t\t\t\t\t\t\t\t\t\t\t\t\t\t\t\t\t\t\t\t\t\t\t\t\t\t\t<\/div>\n\t\t\t\t\t\t\t\t\t\t\t\t\t\t\t\t\t\t\t\t\t\t\t\t\t<\/div>\n\t\t\t\t\t\t\t\t\t\t\t\t\t\t\t\t\t\t\t\t\t\t\t\t\t<div class=\"excerpt\">The collaboration of research groups from Slovakia and the Czech Republic in the field of natural language processing took place at FIT BUT in Brno. The topic focused on the&#8230;<\/div>\n\t\t\t\t\t\t\t\t\t\t\t\t\t\t\t\t\t\t\t\t\t\t\t\t\t\t\t\t\t\t\t\t\t\t\t<\/div>\n\t\t\t\t\t\t\t\t\t\t<\/div>\n\t\t\t\t\t\t\t\t\t\t<\/a>\t\t\t\t\t\t\t\t\t\t\t\t\t\t\t\t\t\t\t\t\t\t\t\t\t\t\t\t\t<\/div>\n\t\t\t\t\t\t\t\t<\/article>\n\t\t\t\t\t\t\t\t\t\t\t\t\t\t\t\t\t\t\t\t\t\t\t\t\t\t\t\t\t\t\t\t\t\t\t\t\t\t\t<article id=\"loop-item-35044\" class=\"loop-item\">\n\t\t\t\t\t\t\t\t\t<div class=\"inner cf\">\n\t\t\t\t\t\t\t\t\t\t<a href=\"https:\/\/kinit.sk\/sk\/podujatie\/better-ai-meetup-taming-neural-networks-safe-reliable-compliant-deployment-accuracy-improvements\/\">\t\t\t\t\t\t\t\t\t\t\t\t\t\t\t\t\t\t\t\t\t\t\t\t\t\t\t\t\t\t\t\t\t<div class=\"picture\">\n\t\t\t\t\t\t\t\t\t\t\t\t\t<img decoding=\"async\" width=\"320\" height=\"200\" data-src=\"https:\/\/kinit.sk\/wp-content\/uploads\/2025\/01\/Banner-600x338-no-photos-320x200.png\" class=\"attachment-thumbnail size-thumbnail wp-post-image lazyload\" alt=\"\" src=\"data:image\/svg+xml;base64,PHN2ZyB3aWR0aD0iMSIgaGVpZ2h0PSIxIiB4bWxucz0iaHR0cDovL3d3dy53My5vcmcvMjAwMC9zdmciPjwvc3ZnPg==\" style=\"--smush-placeholder-width: 320px; --smush-placeholder-aspect-ratio: 320\/200;\" \/>\t\t\t\t\t\t\t\t\t\t\t\t<\/div>\n\t\t\t\t\t\t\t\t\t\t\t\t\t\t\t\t\t\t\t\t\t\t\t\t\t\t\t\t\t\t\t<div class=\"content cf\">\n\t\t\t\t\t\t\t\t\t\t\t<div class=\"content-inner\">\n\t\t\t\t\t\t\t\t\t\t\t\t<h3>Better_AI_Meetup on Taming Neural Networks: Safe, Reliable and Compliant Deployment &amp; Accuracy Improvements<\/h3>\n                        \t\t\t\t\t\t\t\t\t\t\t\t<div class=\"meta cf\">\n\t\t\t\t\t\t\t\t\t\t\t\t\t\t\t\t\t\t\t\t\t\t\t\t\t\t<div class=\"date\">\n\t\t\t\t\t\t\t\t\t\t\t\t\t\t\t\t\t\t\t\t\t\t\t\t\t\t\t\t\tjan 24. 2025\t\t\t\t\t\t\t\t\t\t\t\t\t\t\t\t\t\t\t\t\t\t\t\t\t\t\t<\/div>\n\t\t\t\t\t\t\t\t\t\t\t\t\t\t\t\t\t\t\t\t\t\t\t\t\t<\/div>\n\t\t\t\t\t\t\t\t\t\t\t\t\t\t\t\t\t\t\t\t\t\t\t\t\t<div class=\"excerpt\">Join us for Better&nbsp;_AI_Meetup &#8211; a space for AI designers, builders and believers in a&nbsp;better&nbsp;world with&nbsp;AI. The 14th meetup will focus on neural networks and making AI technically compliant with&#8230;<\/div>\n\t\t\t\t\t\t\t\t\t\t\t\t\t\t\t\t\t\t\t\t\t\t\t\t\t\t\t\t\t\t\t\t\t\t\t<\/div>\n\t\t\t\t\t\t\t\t\t\t<\/div>\n\t\t\t\t\t\t\t\t\t\t<\/a>\t\t\t\t\t\t\t\t\t\t\t\t\t\t\t\t\t\t\t\t\t\t\t\t\t\t\t\t\t<\/div>\n\t\t\t\t\t\t\t\t<\/article>\n\t\t\t\t\t\t\t\t\t\t\t\t\t\t\t\t\t\t\t\t\t\t\t\t\t\t\t\t\t\t\t\t\t\t\t\t\t\t\t<article id=\"loop-item-35890\" class=\"loop-item\">\n\t\t\t\t\t\t\t\t\t<div class=\"inner cf\">\n\t\t\t\t\t\t\t\t\t\t<a href=\"https:\/\/kinit.sk\/sk\/podujatie\/knowledge-sharing-seminar-on-federated-learning\/\">\t\t\t\t\t\t\t\t\t\t\t\t\t\t\t\t\t\t\t\t\t\t\t\t\t\t\t\t\t\t\t\t\t<div class=\"picture\">\n\t\t\t\t\t\t\t\t\t\t\t\t\t<img decoding=\"async\" width=\"320\" height=\"200\" data-src=\"https:\/\/kinit.sk\/wp-content\/uploads\/2025\/04\/Slovaks.ai_event-feature-img-320x200.png\" class=\"attachment-thumbnail size-thumbnail wp-post-image lazyload\" alt=\"\" src=\"data:image\/svg+xml;base64,PHN2ZyB3aWR0aD0iMSIgaGVpZ2h0PSIxIiB4bWxucz0iaHR0cDovL3d3dy53My5vcmcvMjAwMC9zdmciPjwvc3ZnPg==\" style=\"--smush-placeholder-width: 320px; --smush-placeholder-aspect-ratio: 320\/200;\" \/>\t\t\t\t\t\t\t\t\t\t\t\t<\/div>\n\t\t\t\t\t\t\t\t\t\t\t\t\t\t\t\t\t\t\t\t\t\t\t\t\t\t\t\t\t\t\t<div class=\"content cf\">\n\t\t\t\t\t\t\t\t\t\t\t<div class=\"content-inner\">\n\t\t\t\t\t\t\t\t\t\t\t\t<h3>Knowledge Sharing Seminar on Federated Learning<\/h3>\n                        \t\t\t\t\t\t\t\t\t\t\t\t<div class=\"meta cf\">\n\t\t\t\t\t\t\t\t\t\t\t\t\t\t\t\t\t\t\t\t\t\t\t\t\t\t<div class=\"date\">\n\t\t\t\t\t\t\t\t\t\t\t\t\t\t\t\t\t\t\t\t\t\t\t\t\t\t\t\t\tjan 7. 2025\t\t\t\t\t\t\t\t\t\t\t\t\t\t\t\t\t\t\t\t\t\t\t\t\t\t\t<\/div>\n\t\t\t\t\t\t\t\t\t\t\t\t\t\t\t\t\t\t\t\t\t\t\t\t\t<\/div>\n\t\t\t\t\t\t\t\t\t\t\t\t\t\t\t\t\t\t\t\t\t\t\t\t\t<div class=\"excerpt\">Peter Richt\u00e1rik, Professor of Computer Science at King Abdullah University of Science and Technology (KAUST), gives a lecture followed by a discussion on the topic: &#8222;Is Going Asynchronous the Right&#8230;<\/div>\n\t\t\t\t\t\t\t\t\t\t\t\t\t\t\t\t\t\t\t\t\t\t\t\t\t\t\t\t\t\t\t\t\t\t\t<\/div>\n\t\t\t\t\t\t\t\t\t\t<\/div>\n\t\t\t\t\t\t\t\t\t\t<\/a>\t\t\t\t\t\t\t\t\t\t\t\t\t\t\t\t\t\t\t\t\t\t\t\t\t\t\t\t\t<\/div>\n\t\t\t\t\t\t\t\t<\/article>\n\t\t\t\t\t\t\t\t\t\t\t\t\t\t\t\t\t\t\t\t\t\t\t\t\t\t\t\t\t\t\t\t<\/div>\n\t\t\t\t\t\t\t\t\t\t\n\t\t\t\t<\/div>\n\t\t\t<\/div>\n\t\t<\/div>\n\t<\/div>\n<\/section>\n<\/div>\n\n<div id=\"\" class=\"element acf-memberquote\"><section class=\"memberquote \" style=\"background-color: #ebf7f9;\">\n\t<div class=\"wrapper-out\">\n\t\t<div class=\"in cf\">\n\t\t\t<div class=\"inner cf\">\n                                                                    <div class=\"photo Small\">\n                            <img decoding=\"async\" data-src=\"https:\/\/kinit.sk\/wp-content\/uploads\/2021\/02\/Maria_Bielikova-2.png\" alt=\"Maria_Bielikova\" src=\"data:image\/svg+xml;base64,PHN2ZyB3aWR0aD0iMSIgaGVpZ2h0PSIxIiB4bWxucz0iaHR0cDovL3d3dy53My5vcmcvMjAwMC9zdmciPjwvc3ZnPg==\" class=\"lazyload\" style=\"--smush-placeholder-width: 569px; --smush-placeholder-aspect-ratio: 569\/853;\">\n                        <\/div>\n                                <div class=\"text\">\n                    <h4>\u201cSlovensko m\u00e1 v zahrani\u010d\u00ed ve\u013ea vysokokvalifikovan\u00fdch odborn\u00edkov. Z\u00e1rove\u0148 umel\u00e1 inteligencia men\u00ed svet a m\u00f4\u017ee by\u0165 z\u00e1sadn\u00e1 pre rozvoj akejko\u013evek krajiny, \u0161peci\u00e1lne mal\u00fdch kraj\u00edn ako je Slovensko. Projekt slovaks.ai prep\u00e1ja oba tieto aspekty &#8211; slovensk\u00fa diasp\u00f3ru a technol\u00f3gie s cie\u013eom lep\u0161ieho Slovenska.\u201d<\/h4>                    <p class=\"name\">M\u00e1ria Bielikov\u00e1<\/p>                    <p class=\"position\">Lead and Researcher at Kempelen Institute of Intelligent Technologies<\/p>                <\/div>\n                        \t\t\t<\/div>\n\t\t<\/div>\n\t<\/div>\n<\/section>\n<\/div>\n\n<div id=\"\" class=\"element acf-members\">\n<section class=\"members \" >\n\t<div class=\"wrapper-out\">\n\t\t<div class=\"wrapper-in\">\n\t\t\t<div class=\"in cf\">\n\t\t\t\t<div class=\"element-inner\">\n\t\t\t\t\t<div class=\"headline\"><h2>Project team<\/h2><\/div>\t\t\t\t\t\t\t\t\t\t\t\t\t\t\t<div class=\"members-wrap members-grid members-grid-4\">\n\t\t\t\t\t\t\t\t\t\t\t\t\t\t\t\t\t\t\t\t<div class=\"member\">\n\t\t\t\t\t\t\t\t<div class=\"inner\">\n\t\t\t\t\t\t\t\t\t\t\t\t\t\t\t\t\t\t\t<div class=\"picture\">\n\t\t\t\t\t\t\t\t\t\t\t<a href=\"https:\/\/kinit.sk\/sk\/clen\/maria-bielikova\/\"><img decoding=\"async\" data-src=\"https:\/\/kinit.sk\/wp-content\/uploads\/2021\/02\/Maria_Bielikova-2-255x341.png\" src=\"data:image\/svg+xml;base64,PHN2ZyB3aWR0aD0iMSIgaGVpZ2h0PSIxIiB4bWxucz0iaHR0cDovL3d3dy53My5vcmcvMjAwMC9zdmciPjwvc3ZnPg==\" class=\"lazyload\" style=\"--smush-placeholder-width: 255px; --smush-placeholder-aspect-ratio: 255\/341;\"><\/a>\t\t\t\t\t\t\t\t\t\t<\/div>\n\t\t\t\t\t\t\t\t\t\t\t\t\t\t\t\t\t\t<h5>M\u00e1ria Bielikov\u00e1<\/h5>\n\t\t\t\t\t\t\t\t\t\t\t\t\t\t\t\t\t\t\t<div class=\"position\">Lead and Researcher<\/div>\t\t\t\t\t\t\t\t\t\t\n\t\t\t\t\t\t\t\t\t\t\t\t\t\t\t\t\t\t<!--<a href=\"https:\/\/kinit.sk\/sk\/clen\/maria-bielikova\/\" class=\"more\">Viac<\/a>-->\n\t\t\t\t\t\t\t\t<\/div>\n\t\t\t\t\t\t\t<\/div>\n\t\t\t\t\t\t\t\t\t\t\t\t\t\t\t\t\t\t\t\t<div class=\"member\">\n\t\t\t\t\t\t\t\t<div class=\"inner\">\n\t\t\t\t\t\t\t\t\t\t\t\t\t\t\t\t\t\t\t<div class=\"picture\">\n\t\t\t\t\t\t\t\t\t\t\t<a href=\"https:\/\/kinit.sk\/sk\/clen\/petra-kasasova\/\"><img decoding=\"async\" data-src=\"https:\/\/kinit.sk\/wp-content\/uploads\/2025\/02\/Petra_Kassova-255x341.png\" src=\"data:image\/svg+xml;base64,PHN2ZyB3aWR0aD0iMSIgaGVpZ2h0PSIxIiB4bWxucz0iaHR0cDovL3d3dy53My5vcmcvMjAwMC9zdmciPjwvc3ZnPg==\" class=\"lazyload\" style=\"--smush-placeholder-width: 255px; --smush-placeholder-aspect-ratio: 255\/341;\"><\/a>\t\t\t\t\t\t\t\t\t\t<\/div>\n\t\t\t\t\t\t\t\t\t\t\t\t\t\t\t\t\t\t<h5>Petra Kas\u00e1\u0161ov\u00e1<\/h5>\n\t\t\t\t\t\t\t\t\t\t\t\t\t\t\t\t\t\t\t<div class=\"position\">Community Manager<\/div>\t\t\t\t\t\t\t\t\t\t\n\t\t\t\t\t\t\t\t\t\t\t\t\t\t\t\t\t\t<!--<a href=\"https:\/\/kinit.sk\/sk\/clen\/petra-kasasova\/\" class=\"more\">Viac<\/a>-->\n\t\t\t\t\t\t\t\t<\/div>\n\t\t\t\t\t\t\t<\/div>\n\t\t\t\t\t\t\t\t\t\t\t\t\t\t\t\t\t\t\t\t<div class=\"member\">\n\t\t\t\t\t\t\t\t<div class=\"inner\">\n\t\t\t\t\t\t\t\t\t\t\t\t\t\t\t\t\t\t\t<div class=\"picture\">\n\t\t\t\t\t\t\t\t\t\t\t<a href=\"https:\/\/kinit.sk\/sk\/clen\/jakub-simko\/\"><img decoding=\"async\" data-src=\"https:\/\/kinit.sk\/wp-content\/uploads\/2021\/10\/simko-jakub-web_51330185419_o-255x341.jpg\" src=\"data:image\/svg+xml;base64,PHN2ZyB3aWR0aD0iMSIgaGVpZ2h0PSIxIiB4bWxucz0iaHR0cDovL3d3dy53My5vcmcvMjAwMC9zdmciPjwvc3ZnPg==\" class=\"lazyload\" style=\"--smush-placeholder-width: 255px; --smush-placeholder-aspect-ratio: 255\/341;\"><\/a>\t\t\t\t\t\t\t\t\t\t<\/div>\n\t\t\t\t\t\t\t\t\t\t\t\t\t\t\t\t\t\t<h5>Jakub \u0160imko<\/h5>\n\t\t\t\t\t\t\t\t\t\t\t\t\t\t\t\t\t\t\t<div class=\"position\">Lead and Researcher<\/div>\t\t\t\t\t\t\t\t\t\t\n\t\t\t\t\t\t\t\t\t\t\t\t\t\t\t\t\t\t<!--<a href=\"https:\/\/kinit.sk\/sk\/clen\/jakub-simko\/\" class=\"more\">Viac<\/a>-->\n\t\t\t\t\t\t\t\t<\/div>\n\t\t\t\t\t\t\t<\/div>\n\t\t\t\t\t\t\t\t\t\t\t\t\t\t\t\t\t\t\t\t<div class=\"member\">\n\t\t\t\t\t\t\t\t<div class=\"inner\">\n\t\t\t\t\t\t\t\t\t\t\t\t\t\t\t\t\t\t\t<div class=\"picture\">\n\t\t\t\t\t\t\t\t\t\t\t<a href=\"https:\/\/kinit.sk\/sk\/clen\/marian-simko\/\"><img decoding=\"async\" data-src=\"https:\/\/kinit.sk\/wp-content\/uploads\/2024\/11\/simko-marian-2_51330185179_o-3-255x341.jpg\" src=\"data:image\/svg+xml;base64,PHN2ZyB3aWR0aD0iMSIgaGVpZ2h0PSIxIiB4bWxucz0iaHR0cDovL3d3dy53My5vcmcvMjAwMC9zdmciPjwvc3ZnPg==\" class=\"lazyload\" style=\"--smush-placeholder-width: 255px; --smush-placeholder-aspect-ratio: 255\/341;\"><\/a>\t\t\t\t\t\t\t\t\t\t<\/div>\n\t\t\t\t\t\t\t\t\t\t\t\t\t\t\t\t\t\t<h5>Mari\u00e1n \u0160imko<\/h5>\n\t\t\t\t\t\t\t\t\t\t\t\t\t\t\t\t\t\t\t<div class=\"position\">Lead and Researcher<\/div>\t\t\t\t\t\t\t\t\t\t\n\t\t\t\t\t\t\t\t\t\t\t\t\t\t\t\t\t\t<!--<a href=\"https:\/\/kinit.sk\/sk\/clen\/marian-simko\/\" class=\"more\">Viac<\/a>-->\n\t\t\t\t\t\t\t\t<\/div>\n\t\t\t\t\t\t\t<\/div>\n\t\t\t\t\t\t\t\t\t\t\t\t\t\t\t\t\t\t\t\t<div class=\"member\">\n\t\t\t\t\t\t\t\t<div class=\"inner\">\n\t\t\t\t\t\t\t\t\t\t\t\t\t\t\t\t\t\t\t<div class=\"picture\">\n\t\t\t\t\t\t\t\t\t\t\t<a href=\"https:\/\/kinit.sk\/sk\/clen\/juraj-podrouzek\/\"><img decoding=\"async\" data-src=\"https:\/\/kinit.sk\/wp-content\/uploads\/2021\/10\/podrouzek-web-255x341.png\" src=\"data:image\/svg+xml;base64,PHN2ZyB3aWR0aD0iMSIgaGVpZ2h0PSIxIiB4bWxucz0iaHR0cDovL3d3dy53My5vcmcvMjAwMC9zdmciPjwvc3ZnPg==\" class=\"lazyload\" style=\"--smush-placeholder-width: 255px; --smush-placeholder-aspect-ratio: 255\/341;\"><\/a>\t\t\t\t\t\t\t\t\t\t<\/div>\n\t\t\t\t\t\t\t\t\t\t\t\t\t\t\t\t\t\t<h5>Juraj Podrou\u017eek<\/h5>\n\t\t\t\t\t\t\t\t\t\t\t\t\t\t\t\t\t\t\t<div class=\"position\">Lead and Researcher<\/div>\t\t\t\t\t\t\t\t\t\t\n\t\t\t\t\t\t\t\t\t\t\t\t\t\t\t\t\t\t<!--<a href=\"https:\/\/kinit.sk\/sk\/clen\/juraj-podrouzek\/\" class=\"more\">Viac<\/a>-->\n\t\t\t\t\t\t\t\t<\/div>\n\t\t\t\t\t\t\t<\/div>\n\t\t\t\t\t\t\t\t\t\t\t\t\t\t\t\t\t\t\t\t<div class=\"member\">\n\t\t\t\t\t\t\t\t<div class=\"inner\">\n\t\t\t\t\t\t\t\t\t\t\t\t\t\t\t\t\t\t\t<div class=\"picture\">\n\t\t\t\t\t\t\t\t\t\t\t<a href=\"https:\/\/kinit.sk\/sk\/clen\/viera-rozinajova\/\"><img decoding=\"async\" data-src=\"https:\/\/kinit.sk\/wp-content\/uploads\/2021\/02\/Viera_Rozinajova-1-255x341.png\" src=\"data:image\/svg+xml;base64,PHN2ZyB3aWR0aD0iMSIgaGVpZ2h0PSIxIiB4bWxucz0iaHR0cDovL3d3dy53My5vcmcvMjAwMC9zdmciPjwvc3ZnPg==\" class=\"lazyload\" style=\"--smush-placeholder-width: 255px; --smush-placeholder-aspect-ratio: 255\/341;\"><\/a>\t\t\t\t\t\t\t\t\t\t<\/div>\n\t\t\t\t\t\t\t\t\t\t\t\t\t\t\t\t\t\t<h5>Viera Rozinajov\u00e1<\/h5>\n\t\t\t\t\t\t\t\t\t\t\t\t\t\t\t\t\t\t\t<div class=\"position\">Lead and Researcher<\/div>\t\t\t\t\t\t\t\t\t\t\n\t\t\t\t\t\t\t\t\t\t\t\t\t\t\t\t\t\t<!--<a href=\"https:\/\/kinit.sk\/sk\/clen\/viera-rozinajova\/\" class=\"more\">Viac<\/a>-->\n\t\t\t\t\t\t\t\t<\/div>\n\t\t\t\t\t\t\t<\/div>\n\t\t\t\t\t\t\t\t\t\t\t\t\t\t\t\t\t\t\t\t<div class=\"member\">\n\t\t\t\t\t\t\t\t<div class=\"inner\">\n\t\t\t\t\t\t\t\t\t\t\t\t\t\t\t\t\t\t\t<div class=\"picture\">\n\t\t\t\t\t\t\t\t\t\t\t<a href=\"https:\/\/kinit.sk\/sk\/clen\/diana-lokere\/\"><img decoding=\"async\" data-src=\"https:\/\/kinit.sk\/wp-content\/uploads\/2021\/02\/Diana_Lokere-255x341.jpg\" src=\"data:image\/svg+xml;base64,PHN2ZyB3aWR0aD0iMSIgaGVpZ2h0PSIxIiB4bWxucz0iaHR0cDovL3d3dy53My5vcmcvMjAwMC9zdmciPjwvc3ZnPg==\" class=\"lazyload\" style=\"--smush-placeholder-width: 255px; --smush-placeholder-aspect-ratio: 255\/341;\"><\/a>\t\t\t\t\t\t\t\t\t\t<\/div>\n\t\t\t\t\t\t\t\t\t\t\t\t\t\t\t\t\t\t<h5>Diana Lokere<\/h5>\n\t\t\t\t\t\t\t\t\t\t\t\t\t\t\t\t\t\t\t<div class=\"position\">Chief People &#038; Culture Officer <\/div>\t\t\t\t\t\t\t\t\t\t\n\t\t\t\t\t\t\t\t\t\t\t\t\t\t\t\t\t\t<!--<a href=\"https:\/\/kinit.sk\/sk\/clen\/diana-lokere\/\" class=\"more\">Viac<\/a>-->\n\t\t\t\t\t\t\t\t<\/div>\n\t\t\t\t\t\t\t<\/div>\n\t\t\t\t\t\t\t\t\t\t\t\t\t\t\t\t\t\t\t\t<div class=\"member\">\n\t\t\t\t\t\t\t\t<div class=\"inner\">\n\t\t\t\t\t\t\t\t\t\t\t\t\t\t\t\t\t\t\t<div class=\"picture\">\n\t\t\t\t\t\t\t\t\t\t\t<a href=\"https:\/\/kinit.sk\/sk\/clen\/wanda-pribylincova\/\"><img decoding=\"async\" data-src=\"https:\/\/kinit.sk\/wp-content\/uploads\/2024\/09\/wanda_prybilincova-1-255x341.png\" src=\"data:image\/svg+xml;base64,PHN2ZyB3aWR0aD0iMSIgaGVpZ2h0PSIxIiB4bWxucz0iaHR0cDovL3d3dy53My5vcmcvMjAwMC9zdmciPjwvc3ZnPg==\" class=\"lazyload\" style=\"--smush-placeholder-width: 255px; --smush-placeholder-aspect-ratio: 255\/341;\"><\/a>\t\t\t\t\t\t\t\t\t\t<\/div>\n\t\t\t\t\t\t\t\t\t\t\t\t\t\t\t\t\t\t<h5>Wanda Pribylincov\u00e1<\/h5>\n\t\t\t\t\t\t\t\t\t\t\t\t\t\t\t\t\t\t\t<div class=\"position\">Marketing Manager<\/div>\t\t\t\t\t\t\t\t\t\t\n\t\t\t\t\t\t\t\t\t\t\t\t\t\t\t\t\t\t<!--<a href=\"https:\/\/kinit.sk\/sk\/clen\/wanda-pribylincova\/\" class=\"more\">Viac<\/a>-->\n\t\t\t\t\t\t\t\t<\/div>\n\t\t\t\t\t\t\t<\/div>\n\t\t\t\t\t\t\t\t\t\t\t<\/div>\n\t\t\t\t\t\t\t\t\t<\/div>\n\t\t\t<\/div>\n\t\t<\/div>\n\t<\/div>\n<\/section> \n<\/div>\n\n<div id=\"\" class=\"element core-columns\">\n<div class=\"wp-block-columns is-layout-flex wp-container-core-columns-is-layout-9d6595d7 wp-block-columns-is-layout-flex\"><div id=\"\" class=\"element core-column\">\n<div class=\"wp-block-column is-layout-flow wp-block-column-is-layout-flow\"><div id=\"\" class=\"element core-image\">\n<figure class=\"wp-block-image size-large\"><img decoding=\"async\" width=\"1024\" height=\"257\" data-src=\"https:\/\/kinit.sk\/wp-content\/uploads\/2025\/02\/SK-Financovan\u201a-Eur\u00a2pskou-niou_POS-1024x257.png\" alt=\"\" class=\"wp-image-35235 lazyload\" data-srcset=\"https:\/\/kinit.sk\/wp-content\/uploads\/2025\/02\/SK-Financovan\u201a-Eur\u00a2pskou-niou_POS-1024x257.png 1024w, https:\/\/kinit.sk\/wp-content\/uploads\/2025\/02\/SK-Financovan\u201a-Eur\u00a2pskou-niou_POS-300x75.png 300w, https:\/\/kinit.sk\/wp-content\/uploads\/2025\/02\/SK-Financovan\u201a-Eur\u00a2pskou-niou_POS-768x193.png 768w, https:\/\/kinit.sk\/wp-content\/uploads\/2025\/02\/SK-Financovan\u201a-Eur\u00a2pskou-niou_POS-1536x386.png 1536w, https:\/\/kinit.sk\/wp-content\/uploads\/2025\/02\/SK-Financovan\u201a-Eur\u00a2pskou-niou_POS-2048x515.png 2048w\" data-sizes=\"(max-width: 1024px) 100vw, 1024px\" src=\"data:image\/svg+xml;base64,PHN2ZyB3aWR0aD0iMSIgaGVpZ2h0PSIxIiB4bWxucz0iaHR0cDovL3d3dy53My5vcmcvMjAwMC9zdmciPjwvc3ZnPg==\" style=\"--smush-placeholder-width: 1024px; --smush-placeholder-aspect-ratio: 1024\/257;\" \/><\/figure>\n<\/div><\/div>\n<\/div>\n\n<div id=\"\" class=\"element core-column\">\n<div class=\"wp-block-column is-layout-flow wp-block-column-is-layout-flow\"><div id=\"\" class=\"element core-image\">\n<figure class=\"wp-block-image size-large\"><img decoding=\"async\" width=\"1024\" height=\"399\" data-src=\"https:\/\/kinit.sk\/wp-content\/uploads\/2025\/02\/POO_logo_modre-1-1024x399.png\" alt=\"\" class=\"wp-image-35239 lazyload\" data-srcset=\"https:\/\/kinit.sk\/wp-content\/uploads\/2025\/02\/POO_logo_modre-1-1024x399.png 1024w, https:\/\/kinit.sk\/wp-content\/uploads\/2025\/02\/POO_logo_modre-1-300x117.png 300w, https:\/\/kinit.sk\/wp-content\/uploads\/2025\/02\/POO_logo_modre-1-768x299.png 768w, https:\/\/kinit.sk\/wp-content\/uploads\/2025\/02\/POO_logo_modre-1-1536x599.png 1536w, https:\/\/kinit.sk\/wp-content\/uploads\/2025\/02\/POO_logo_modre-1.png 1701w\" data-sizes=\"(max-width: 1024px) 100vw, 1024px\" src=\"data:image\/svg+xml;base64,PHN2ZyB3aWR0aD0iMSIgaGVpZ2h0PSIxIiB4bWxucz0iaHR0cDovL3d3dy53My5vcmcvMjAwMC9zdmciPjwvc3ZnPg==\" style=\"--smush-placeholder-width: 1024px; --smush-placeholder-aspect-ratio: 1024\/399;\" \/><\/figure>\n<\/div><\/div>\n<\/div><\/div>\n<\/div>","protected":false},"featured_media":35881,"template":"","meta":{"_acf_changed":false,"footnotes":""},"categories":[412,520],"class_list":["post-35586","project","type-project","status-publish","has-post-thumbnail","hentry","category-common-good-project-sk","category-2025-sk"],"acf":[],"yoast_head":"<!-- This site is optimized with the Yoast SEO plugin v27.4 - https:\/\/yoast.com\/product\/yoast-seo-wordpress\/ -->\n<title>slovaks.ai: Kultivovanie AI komunity Slov\u00e1kov po celom svete - KInIT<\/title>\n<meta name=\"description\" content=\"Projekt slovaks.ai sa zameriava na budovanie a upev\u0148ovanie vz\u0165ahov so slovenskou diasp\u00f3rou a podporu networkingu...\" \/>\n<meta name=\"robots\" content=\"index, follow, max-snippet:-1, max-image-preview:large, max-video-preview:-1\" \/>\n<link rel=\"canonical\" href=\"https:\/\/kinit.sk\/sk\/projekt\/slovaksai\/\" \/>\n<meta property=\"og:locale\" content=\"sk_SK\" \/>\n<meta property=\"og:type\" content=\"article\" \/>\n<meta property=\"og:title\" content=\"slovaks.ai: Kultivovanie AI komunity Slov\u00e1kov po celom svete\" \/>\n<meta property=\"og:description\" content=\"Projekt slovaks.ai sa zameriava na budovanie a upev\u0148ovanie vz\u0165ahov so slovenskou diasp\u00f3rou a podporu networkingu...\" \/>\n<meta property=\"og:url\" content=\"https:\/\/kinit.sk\/sk\/projekt\/slovaksai\/\" \/>\n<meta property=\"og:site_name\" content=\"KInIT\" \/>\n<meta property=\"article:modified_time\" content=\"2026-03-06T13:02:26+00:00\" \/>\n<meta property=\"og:image\" content=\"https:\/\/kinit.sk\/wp-content\/uploads\/2025\/03\/EMA_project_feature.png\" \/>\n\t<meta property=\"og:image:width\" content=\"1200\" \/>\n\t<meta property=\"og:image:height\" content=\"628\" \/>\n\t<meta property=\"og:image:type\" content=\"image\/png\" \/>\n<meta name=\"twitter:card\" content=\"summary_large_image\" \/>\n<meta name=\"twitter:site\" content=\"@kinit\" \/>\n<meta name=\"twitter:label1\" content=\"Predpokladan\u00fd \u010das \u010d\u00edtania\" \/>\n\t<meta name=\"twitter:data1\" content=\"4 min\u00faty\" \/>\n<script type=\"application\/ld+json\" class=\"yoast-schema-graph\">{\"@context\":\"https:\\\/\\\/schema.org\",\"@graph\":[{\"@type\":\"WebPage\",\"@id\":\"https:\\\/\\\/kinit.sk\\\/sk\\\/projekt\\\/slovaksai\\\/\",\"url\":\"https:\\\/\\\/kinit.sk\\\/sk\\\/projekt\\\/slovaksai\\\/\",\"name\":\"slovaks.ai: Kultivovanie AI komunity Slov\u00e1kov po celom svete - KInIT\",\"isPartOf\":{\"@id\":\"https:\\\/\\\/kinit.sk\\\/#website\"},\"primaryImageOfPage\":{\"@id\":\"https:\\\/\\\/kinit.sk\\\/sk\\\/projekt\\\/slovaksai\\\/#primaryimage\"},\"image\":{\"@id\":\"https:\\\/\\\/kinit.sk\\\/sk\\\/projekt\\\/slovaksai\\\/#primaryimage\"},\"thumbnailUrl\":\"https:\\\/\\\/kinit.sk\\\/wp-content\\\/uploads\\\/2025\\\/03\\\/Slovaks.ai_feature_final.png\",\"datePublished\":\"2025-03-10T04:17:53+00:00\",\"dateModified\":\"2026-03-06T13:02:26+00:00\",\"description\":\"Projekt slovaks.ai sa zameriava na budovanie a upev\u0148ovanie vz\u0165ahov so slovenskou diasp\u00f3rou a podporu networkingu...\",\"breadcrumb\":{\"@id\":\"https:\\\/\\\/kinit.sk\\\/sk\\\/projekt\\\/slovaksai\\\/#breadcrumb\"},\"inLanguage\":\"sk-SK\",\"potentialAction\":[{\"@type\":\"ReadAction\",\"target\":[\"https:\\\/\\\/kinit.sk\\\/sk\\\/projekt\\\/slovaksai\\\/\"]}]},{\"@type\":\"ImageObject\",\"inLanguage\":\"sk-SK\",\"@id\":\"https:\\\/\\\/kinit.sk\\\/sk\\\/projekt\\\/slovaksai\\\/#primaryimage\",\"url\":\"https:\\\/\\\/kinit.sk\\\/wp-content\\\/uploads\\\/2025\\\/03\\\/Slovaks.ai_feature_final.png\",\"contentUrl\":\"https:\\\/\\\/kinit.sk\\\/wp-content\\\/uploads\\\/2025\\\/03\\\/Slovaks.ai_feature_final.png\",\"width\":1200,\"height\":628},{\"@type\":\"BreadcrumbList\",\"@id\":\"https:\\\/\\\/kinit.sk\\\/sk\\\/projekt\\\/slovaksai\\\/#breadcrumb\",\"itemListElement\":[{\"@type\":\"ListItem\",\"position\":1,\"name\":\"Home\",\"item\":\"https:\\\/\\\/kinit.sk\\\/sk\\\/uvod\\\/\"},{\"@type\":\"ListItem\",\"position\":2,\"name\":\"Common good project\",\"item\":\"https:\\\/\\\/kinit.sk\\\/category\\\/common-good-project\\\/\"},{\"@type\":\"ListItem\",\"position\":3,\"name\":\"slovaks.ai: Kultivovanie AI komunity Slov\u00e1kov po celom svete\"}]},{\"@type\":\"WebSite\",\"@id\":\"https:\\\/\\\/kinit.sk\\\/#website\",\"url\":\"https:\\\/\\\/kinit.sk\\\/\",\"name\":\"KInIT\",\"description\":\"Vyu\u017e\u00edvame v\u00fdskum pre \u013eud\u00ed a priemysel\",\"potentialAction\":[{\"@type\":\"SearchAction\",\"target\":{\"@type\":\"EntryPoint\",\"urlTemplate\":\"https:\\\/\\\/kinit.sk\\\/?s={search_term_string}\"},\"query-input\":{\"@type\":\"PropertyValueSpecification\",\"valueRequired\":true,\"valueName\":\"search_term_string\"}}],\"inLanguage\":\"sk-SK\"}]}<\/script>\n<!-- \/ Yoast SEO plugin. -->","yoast_head_json":{"title":"slovaks.ai: Kultivovanie AI komunity Slov\u00e1kov po celom svete - KInIT","description":"Projekt slovaks.ai sa zameriava na budovanie a upev\u0148ovanie vz\u0165ahov so slovenskou diasp\u00f3rou a podporu networkingu...","robots":{"index":"index","follow":"follow","max-snippet":"max-snippet:-1","max-image-preview":"max-image-preview:large","max-video-preview":"max-video-preview:-1"},"canonical":"https:\/\/kinit.sk\/sk\/projekt\/slovaksai\/","og_locale":"sk_SK","og_type":"article","og_title":"slovaks.ai: Kultivovanie AI komunity Slov\u00e1kov po celom svete","og_description":"Projekt slovaks.ai sa zameriava na budovanie a upev\u0148ovanie vz\u0165ahov so slovenskou diasp\u00f3rou a podporu networkingu...","og_url":"https:\/\/kinit.sk\/sk\/projekt\/slovaksai\/","og_site_name":"KInIT","article_modified_time":"2026-03-06T13:02:26+00:00","og_image":[{"width":1200,"height":628,"url":"https:\/\/kinit.sk\/wp-content\/uploads\/2025\/03\/EMA_project_feature.png","type":"image\/png"}],"twitter_card":"summary_large_image","twitter_site":"@kinit","twitter_misc":{"Predpokladan\u00fd \u010das \u010d\u00edtania":"4 min\u00faty"},"schema":{"@context":"https:\/\/schema.org","@graph":[{"@type":"WebPage","@id":"https:\/\/kinit.sk\/sk\/projekt\/slovaksai\/","url":"https:\/\/kinit.sk\/sk\/projekt\/slovaksai\/","name":"slovaks.ai: Kultivovanie AI komunity Slov\u00e1kov po celom svete - KInIT","isPartOf":{"@id":"https:\/\/kinit.sk\/#website"},"primaryImageOfPage":{"@id":"https:\/\/kinit.sk\/sk\/projekt\/slovaksai\/#primaryimage"},"image":{"@id":"https:\/\/kinit.sk\/sk\/projekt\/slovaksai\/#primaryimage"},"thumbnailUrl":"https:\/\/kinit.sk\/wp-content\/uploads\/2025\/03\/Slovaks.ai_feature_final.png","datePublished":"2025-03-10T04:17:53+00:00","dateModified":"2026-03-06T13:02:26+00:00","description":"Projekt slovaks.ai sa zameriava na budovanie a upev\u0148ovanie vz\u0165ahov so slovenskou diasp\u00f3rou a podporu networkingu...","breadcrumb":{"@id":"https:\/\/kinit.sk\/sk\/projekt\/slovaksai\/#breadcrumb"},"inLanguage":"sk-SK","potentialAction":[{"@type":"ReadAction","target":["https:\/\/kinit.sk\/sk\/projekt\/slovaksai\/"]}]},{"@type":"ImageObject","inLanguage":"sk-SK","@id":"https:\/\/kinit.sk\/sk\/projekt\/slovaksai\/#primaryimage","url":"https:\/\/kinit.sk\/wp-content\/uploads\/2025\/03\/Slovaks.ai_feature_final.png","contentUrl":"https:\/\/kinit.sk\/wp-content\/uploads\/2025\/03\/Slovaks.ai_feature_final.png","width":1200,"height":628},{"@type":"BreadcrumbList","@id":"https:\/\/kinit.sk\/sk\/projekt\/slovaksai\/#breadcrumb","itemListElement":[{"@type":"ListItem","position":1,"name":"Home","item":"https:\/\/kinit.sk\/sk\/uvod\/"},{"@type":"ListItem","position":2,"name":"Common good project","item":"https:\/\/kinit.sk\/category\/common-good-project\/"},{"@type":"ListItem","position":3,"name":"slovaks.ai: Kultivovanie AI komunity Slov\u00e1kov po celom svete"}]},{"@type":"WebSite","@id":"https:\/\/kinit.sk\/#website","url":"https:\/\/kinit.sk\/","name":"KInIT","description":"Vyu\u017e\u00edvame v\u00fdskum pre \u013eud\u00ed a priemysel","potentialAction":[{"@type":"SearchAction","target":{"@type":"EntryPoint","urlTemplate":"https:\/\/kinit.sk\/?s={search_term_string}"},"query-input":{"@type":"PropertyValueSpecification","valueRequired":true,"valueName":"search_term_string"}}],"inLanguage":"sk-SK"}]}},"_links":{"self":[{"href":"https:\/\/kinit.sk\/sk\/wp-json\/wp\/v2\/project\/35586","targetHints":{"allow":["GET"]}}],"collection":[{"href":"https:\/\/kinit.sk\/sk\/wp-json\/wp\/v2\/project"}],"about":[{"href":"https:\/\/kinit.sk\/sk\/wp-json\/wp\/v2\/types\/project"}],"version-history":[{"count":28,"href":"https:\/\/kinit.sk\/sk\/wp-json\/wp\/v2\/project\/35586\/revisions"}],"predecessor-version":[{"id":40879,"href":"https:\/\/kinit.sk\/sk\/wp-json\/wp\/v2\/project\/35586\/revisions\/40879"}],"wp:featuredmedia":[{"embeddable":true,"href":"https:\/\/kinit.sk\/sk\/wp-json\/wp\/v2\/media\/35881"}],"wp:attachment":[{"href":"https:\/\/kinit.sk\/sk\/wp-json\/wp\/v2\/media?parent=35586"}],"wp:term":[{"taxonomy":"category","embeddable":true,"href":"https:\/\/kinit.sk\/sk\/wp-json\/wp\/v2\/categories?post=35586"}],"curies":[{"name":"wp","href":"https:\/\/api.w.org\/{rel}","templated":true}]}}