{"id":22232,"date":"2022-08-25T08:04:51","date_gmt":"2022-08-25T06:04:51","guid":{"rendered":"https:\/\/kinit.sk\/project\/mimedis-the-impact-of-media-discourse-on-attitudes-towards-migration\/"},"modified":"2024-11-28T15:52:13","modified_gmt":"2024-11-28T14:52:13","slug":"mimedis-the-impact-of-media-discourse-on-attitudes-towards-migration","status":"publish","type":"project","link":"https:\/\/kinit.sk\/sk\/projekt\/mimedis-the-impact-of-media-discourse-on-attitudes-towards-migration\/","title":{"rendered":"MIMEDIS: The impact of media discourse on attitudes towards migration"},"content":{"rendered":"<div id=\"\" class=\"element core-heading\">\n<h5 class=\"wp-block-heading\">KInIT joins forces with the Comenius University in Bratislava to analyse the impact of media discourse on attitudes towards migration, migrants and migration policy in Slovakia.<\/h5>\n<\/div>\n\n<div id=\"\" class=\"element core-paragraph\">\n<p>Over the last decades, especially during the so-called &#8222;migration crisis&#8220; in 2015, migrants, migration and migration policies have become polarising political issues that have influenced and been influenced by public opinion in many European countries.&nbsp;&nbsp;<\/p>\n<\/div>\n\n<div id=\"\" class=\"element core-paragraph\">\n<p>Previous research abroad shows that media-mediated and framed information related to migration, migrants and migration policies plays a key role in shaping public opinion. However, <strong>very little is known about the impact of media discourse on attitudes towards migration in Slovakia<\/strong>.&nbsp;<\/p>\n<\/div>\n\n<div id=\"\" class=\"element core-paragraph\">\n<p>The public discussion about migration is particularly important since the Russian invasion of Ukraine. From a technological perspective, there are no analytical tools in the Slovak language for exploration of media discourse based on a robust analysis of a large amount of media content.&nbsp;<\/p>\n<\/div>\n\n<div id=\"\" class=\"element core-paragraph\">\n<p>The aim of this project is to <strong>implement an integrative research programme on the impact of media discourse on migration attitudes and to develop innovative analytical tools for its implementation<\/strong>. In the project, we leverage the interdisciplinary potential of the research team. This will allow us to use innovative approaches to computational natural language processing combined with expertise in media discourse and migration attitudes research.&nbsp;<\/p>\n<\/div>\n\n<div id=\"\" class=\"element core-paragraph\">\n<p>KInIT focuses mainly on <strong>research of methods for automated content processing and analysis<\/strong> based on deep neural models, rule-based and other statistical methods for natural language processing, or their combination. We will also oversee the methodological aspects of acquiring and utilising a large collection of Slovak texts, perhaps first of its kind, and its annotation for machine learning.<\/p>\n<\/div>\n\n<div id=\"\" class=\"element core-paragraph\">\n<p>Together with our partner research teams from Comenius University, led by<a href=\"https:\/\/fses.uniba.sk\/en\/departments\/institutes\/institute-of-european-studies-and-international-relations\/members-of-institute\/andrej-findor\/\" target=\"_blank\" rel=\"noreferrer noopener\"> Andrej Findor<\/a> and<a href=\"http:\/\/dai.fmph.uniba.sk\/w\/Martin_Takac\/en\" target=\"_blank\" rel=\"noreferrer noopener\"> Martin Tak\u00e1\u010d<\/a>, we will examine how the messaging in media influences migration attitudes in Slovakia. We will use automated content analysis and complementary qualitative and quantitative observational and experimental methods to explore:<\/p>\n<\/div>\n\n<div id=\"\" class=\"element core-list\">\n<ul class=\"wp-block-list\"><div id=\"\" class=\"element core-list-item\">\n<li>the longitudinal dynamics of the relationship between real events, media discourse and migration attitudes;<\/li>\n<\/div>\n\n<div id=\"\" class=\"element core-list-item\">\n<li>the impact of media representations of migration categories, gender categorical typicality in media representations of migrants, and media signal about migration policy on migration attitudes;<\/li>\n<\/div>\n\n<div id=\"\" class=\"element core-list-item\">\n<li>and the impact of actual media consumption on knowledge about migration and migration attitudes.<\/li>\n<\/div><\/ul>\n<\/div>\n\n<div id=\"\" class=\"element core-paragraph\">\n<p>The goal of the project is to develop methods, techniques, resources and tools for automated analysis of textual content focused on migration issues in the Slovak language, which will also be useful for exploring topics <em>other than<\/em> migration.<\/p>\n<\/div>\n\n<div id=\"\" class=\"element acf-memberquote\"><section class=\"memberquote \" style=\"background-color: #ebf7f9;\">\n\t<div class=\"wrapper-out\">\n\t\t<div class=\"in cf\">\n\t\t\t<div class=\"inner cf\">\n                        \t\t\t<\/div>\n\t\t<\/div>\n\t<\/div>\n<\/section>\n<\/div>\n\n<div id=\"\" class=\"element core-paragraph\">\n<p><strong>Partners:<\/strong><\/p>\n<\/div>\n\n<div id=\"\" class=\"element core-list\">\n<ul class=\"wp-block-list\"><div id=\"\" class=\"element core-list-item\">\n<li><a href=\"https:\/\/fses.uniba.sk\/en\/\" target=\"_blank\" rel=\"noreferrer noopener\"><em>Faculty of Social and Economic Sciences<\/em><\/a><em>, Comenius University in Bratislava<\/em><\/li>\n<\/div>\n\n<div id=\"\" class=\"element core-list-item\">\n<li><a href=\"https:\/\/fmph.uniba.sk\/en\/\" target=\"_blank\" rel=\"noreferrer noopener\"><em>Faculty of Mathematics, Physics and Informatics<\/em><\/a><em>, Comenius University in Bratislava<\/em><\/li>\n<\/div><\/ul>\n<\/div>\n\n<div id=\"\" class=\"element acf-members\">\n<section class=\"members \" >\n\t<div class=\"wrapper-out\">\n\t\t<div class=\"wrapper-in\">\n\t\t\t<div class=\"in cf\">\n\t\t\t\t<div class=\"element-inner\">\n\t\t\t\t\t<div class=\"headline\"><h2>Project team<\/h2><\/div>\t\t\t\t\t\t\t\t\t\t\t\t\t\t\t<div class=\"members-wrap members-grid members-grid-4\">\n\t\t\t\t\t\t\t\t\t\t\t\t\t\t\t\t\t\t\t\t<div class=\"member\">\n\t\t\t\t\t\t\t\t<div class=\"inner\">\n\t\t\t\t\t\t\t\t\t\t\t\t\t\t\t\t\t\t\t<div class=\"picture\">\n\t\t\t\t\t\t\t\t\t\t\t<a href=\"https:\/\/kinit.sk\/sk\/clen\/marian-simko\/\"><img decoding=\"async\" data-src=\"https:\/\/kinit.sk\/wp-content\/uploads\/2024\/11\/simko-marian-2_51330185179_o-3-255x341.jpg\" src=\"data:image\/svg+xml;base64,PHN2ZyB3aWR0aD0iMSIgaGVpZ2h0PSIxIiB4bWxucz0iaHR0cDovL3d3dy53My5vcmcvMjAwMC9zdmciPjwvc3ZnPg==\" class=\"lazyload\" style=\"--smush-placeholder-width: 255px; --smush-placeholder-aspect-ratio: 255\/341;\"><\/a>\t\t\t\t\t\t\t\t\t\t<\/div>\n\t\t\t\t\t\t\t\t\t\t\t\t\t\t\t\t\t\t<h5>Mari\u00e1n \u0160imko<\/h5>\n\t\t\t\t\t\t\t\t\t\t\t\t\t\t\t\t\t\t\t<div class=\"position\">Lead and Researcher<\/div>\t\t\t\t\t\t\t\t\t\t\n\t\t\t\t\t\t\t\t\t\t\t\t\t\t\t\t\t\t<!--<a href=\"https:\/\/kinit.sk\/sk\/clen\/marian-simko\/\" class=\"more\">Viac<\/a>-->\n\t\t\t\t\t\t\t\t<\/div>\n\t\t\t\t\t\t\t<\/div>\n\t\t\t\t\t\t\t\t\t\t\t\t\t\t\t\t\t\t\t\t<div class=\"member\">\n\t\t\t\t\t\t\t\t<div class=\"inner\">\n\t\t\t\t\t\t\t\t\t\t\t\t\t\t\t\t\t\t\t<div class=\"picture\">\n\t\t\t\t\t\t\t\t\t\t\t<a href=\"https:\/\/kinit.sk\/sk\/clen\/matus-pikuliak\/\"><img decoding=\"async\" data-src=\"https:\/\/kinit.sk\/wp-content\/uploads\/2021\/10\/pikuliak-web_51329676263_o-255x341.jpg\" src=\"data:image\/svg+xml;base64,PHN2ZyB3aWR0aD0iMSIgaGVpZ2h0PSIxIiB4bWxucz0iaHR0cDovL3d3dy53My5vcmcvMjAwMC9zdmciPjwvc3ZnPg==\" class=\"lazyload\" style=\"--smush-placeholder-width: 255px; --smush-placeholder-aspect-ratio: 255\/341;\"><\/a>\t\t\t\t\t\t\t\t\t\t<\/div>\n\t\t\t\t\t\t\t\t\t\t\t\t\t\t\t\t\t\t<h5>Mat\u00fa\u0161 Pikuliak<\/h5>\n\t\t\t\t\t\t\t\t\t\t\t\t\t\t\t\t\t\t\t<div class=\"position\">Research Consultant<\/div>\t\t\t\t\t\t\t\t\t\t\n\t\t\t\t\t\t\t\t\t\t\t\t\t\t\t\t\t\t<!--<a href=\"https:\/\/kinit.sk\/sk\/clen\/matus-pikuliak\/\" class=\"more\">Viac<\/a>-->\n\t\t\t\t\t\t\t\t<\/div>\n\t\t\t\t\t\t\t<\/div>\n\t\t\t\t\t\t\t\t\t\t\t\t\t\t\t\t\t\t\t\t<div class=\"member\">\n\t\t\t\t\t\t\t\t<div class=\"inner\">\n\t\t\t\t\t\t\t\t\t\t\t\t\t\t\t\t\t\t\t<div class=\"picture\">\n\t\t\t\t\t\t\t\t\t\t\t<a href=\"https:\/\/kinit.sk\/sk\/clen\/miroslav-blstak\/\"><img decoding=\"async\" data-src=\"https:\/\/kinit.sk\/wp-content\/uploads\/2021\/10\/blstak-web-255x341.png\" src=\"data:image\/svg+xml;base64,PHN2ZyB3aWR0aD0iMSIgaGVpZ2h0PSIxIiB4bWxucz0iaHR0cDovL3d3dy53My5vcmcvMjAwMC9zdmciPjwvc3ZnPg==\" class=\"lazyload\" style=\"--smush-placeholder-width: 255px; --smush-placeholder-aspect-ratio: 255\/341;\"><\/a>\t\t\t\t\t\t\t\t\t\t<\/div>\n\t\t\t\t\t\t\t\t\t\t\t\t\t\t\t\t\t\t<h5>Miroslav Bl\u0161t\u00e1k<\/h5>\n\t\t\t\t\t\t\t\t\t\t\t\t\t\t\t\t\t\t\t<div class=\"position\">AI Specialist<\/div>\t\t\t\t\t\t\t\t\t\t\n\t\t\t\t\t\t\t\t\t\t\t\t\t\t\t\t\t\t<!--<a href=\"https:\/\/kinit.sk\/sk\/clen\/miroslav-blstak\/\" class=\"more\">Viac<\/a>-->\n\t\t\t\t\t\t\t\t<\/div>\n\t\t\t\t\t\t\t<\/div>\n\t\t\t\t\t\t\t\t\t\t\t\t\t\t\t\t\t\t\t\t<div class=\"member\">\n\t\t\t\t\t\t\t\t<div class=\"inner\">\n\t\t\t\t\t\t\t\t\t\t\t\t\t\t\t\t\t\t\t<div class=\"picture\">\n\t\t\t\t\t\t\t\t\t\t\t<a href=\"https:\/\/kinit.sk\/sk\/clen\/jaroslav-kopcan\/\"><img decoding=\"async\" data-src=\"https:\/\/kinit.sk\/wp-content\/uploads\/2023\/10\/Jaroslav_Kopcan-1-255x341.png\" src=\"data:image\/svg+xml;base64,PHN2ZyB3aWR0aD0iMSIgaGVpZ2h0PSIxIiB4bWxucz0iaHR0cDovL3d3dy53My5vcmcvMjAwMC9zdmciPjwvc3ZnPg==\" class=\"lazyload\" style=\"--smush-placeholder-width: 255px; --smush-placeholder-aspect-ratio: 255\/341;\"><\/a>\t\t\t\t\t\t\t\t\t\t<\/div>\n\t\t\t\t\t\t\t\t\t\t\t\t\t\t\t\t\t\t<h5>Jaroslav Kop\u010dan<\/h5>\n\t\t\t\t\t\t\t\t\t\t\t\t\t\t\t\t\t\t\t<div class=\"position\">Research Engineer<\/div>\t\t\t\t\t\t\t\t\t\t\n\t\t\t\t\t\t\t\t\t\t\t\t\t\t\t\t\t\t<!--<a href=\"https:\/\/kinit.sk\/sk\/clen\/jaroslav-kopcan\/\" class=\"more\">Viac<\/a>-->\n\t\t\t\t\t\t\t\t<\/div>\n\t\t\t\t\t\t\t<\/div>\n\t\t\t\t\t\t\t\t\t\t\t\t\t\t\t\t\t\t\t\t<div class=\"member\">\n\t\t\t\t\t\t\t\t<div class=\"inner\">\n\t\t\t\t\t\t\t\t\t\t\t\t\t\t\t\t\t\t\t<div class=\"picture\">\n\t\t\t\t\t\t\t\t\t\t\t<a href=\"https:\/\/kinit.sk\/sk\/clen\/peter-griger\/\"><img decoding=\"async\" data-src=\"https:\/\/kinit.sk\/wp-content\/uploads\/2022\/03\/Griger_Peter_2022-255x341.jpeg\" src=\"data:image\/svg+xml;base64,PHN2ZyB3aWR0aD0iMSIgaGVpZ2h0PSIxIiB4bWxucz0iaHR0cDovL3d3dy53My5vcmcvMjAwMC9zdmciPjwvc3ZnPg==\" class=\"lazyload\" style=\"--smush-placeholder-width: 255px; --smush-placeholder-aspect-ratio: 255\/341;\"><\/a>\t\t\t\t\t\t\t\t\t\t<\/div>\n\t\t\t\t\t\t\t\t\t\t\t\t\t\t\t\t\t\t<h5>Peter Griger<\/h5>\n\t\t\t\t\t\t\t\t\t\t\t\t\t\t\t\t\t\t\t<div class=\"position\">Research Engineer 03\/2022-09\/2023<\/div>\t\t\t\t\t\t\t\t\t\t\n\t\t\t\t\t\t\t\t\t\t\t\t\t\t\t\t\t\t<!--<a href=\"https:\/\/kinit.sk\/sk\/clen\/peter-griger\/\" class=\"more\">Viac<\/a>-->\n\t\t\t\t\t\t\t\t<\/div>\n\t\t\t\t\t\t\t<\/div>\n\t\t\t\t\t\t\t\t\t\t\t<\/div>\n\t\t\t\t\t\t\t\t\t<\/div>\n\t\t\t<\/div>\n\t\t<\/div>\n\t<\/div>\n<\/section> \n<\/div>\n\n","protected":false},"featured_media":20970,"template":"","meta":{"_acf_changed":false,"footnotes":""},"categories":[76,349,407],"class_list":["post-22232","project","type-project","status-publish","has-post-thumbnail","hentry","category-natural-language-processing-sk","category-2022-sk","category-scientific-project-sk"],"acf":[],"yoast_head":"<!-- This site is optimized with the Yoast SEO plugin v27.4 - https:\/\/yoast.com\/product\/yoast-seo-wordpress\/ -->\n<title>MIMEDIS: The impact of media discourse on attitudes towards migration - KInIT<\/title>\n<meta name=\"description\" content=\"Previous research abroad shows that media-mediated and framed information related to migration, migrants and migration policies plays a key role in shaping public opinion. However, very little is known about the impact of media discourse on attitudes towards migration in Slovakia.\" \/>\n<meta name=\"robots\" content=\"index, follow, max-snippet:-1, max-image-preview:large, max-video-preview:-1\" \/>\n<link rel=\"canonical\" href=\"https:\/\/kinit.sk\/sk\/projekt\/mimedis-the-impact-of-media-discourse-on-attitudes-towards-migration\/\" \/>\n<meta property=\"og:locale\" content=\"sk_SK\" \/>\n<meta property=\"og:type\" content=\"article\" \/>\n<meta property=\"og:title\" content=\"MIMEDIS: The impact of media discourse on attitudes towards migration - KInIT\" \/>\n<meta property=\"og:description\" content=\"Previous research abroad shows that media-mediated and framed information related to migration, migrants and migration policies plays a key role in shaping public opinion. However, very little is known about the impact of media discourse on attitudes towards migration in Slovakia.\" \/>\n<meta property=\"og:url\" content=\"https:\/\/kinit.sk\/sk\/projekt\/mimedis-the-impact-of-media-discourse-on-attitudes-towards-migration\/\" \/>\n<meta property=\"og:site_name\" content=\"KInIT\" \/>\n<meta property=\"article:modified_time\" content=\"2024-11-28T14:52:13+00:00\" \/>\n<meta property=\"og:image\" content=\"https:\/\/kinit.sk\/wp-content\/uploads\/2022\/08\/202208_web_project_APVV_mimedis.png\" \/>\n\t<meta property=\"og:image:width\" content=\"1500\" \/>\n\t<meta property=\"og:image:height\" content=\"785\" \/>\n\t<meta property=\"og:image:type\" content=\"image\/png\" \/>\n<meta name=\"twitter:card\" content=\"summary_large_image\" \/>\n<meta name=\"twitter:site\" content=\"@kinit\" \/>\n<meta name=\"twitter:label1\" content=\"Predpokladan\u00fd \u010das \u010d\u00edtania\" \/>\n\t<meta name=\"twitter:data1\" content=\"3 min\u00faty\" \/>\n<script type=\"application\/ld+json\" class=\"yoast-schema-graph\">{\"@context\":\"https:\\\/\\\/schema.org\",\"@graph\":[{\"@type\":\"WebPage\",\"@id\":\"https:\\\/\\\/kinit.sk\\\/sk\\\/projekt\\\/mimedis-the-impact-of-media-discourse-on-attitudes-towards-migration\\\/\",\"url\":\"https:\\\/\\\/kinit.sk\\\/sk\\\/projekt\\\/mimedis-the-impact-of-media-discourse-on-attitudes-towards-migration\\\/\",\"name\":\"MIMEDIS: The impact of media discourse on attitudes towards migration - KInIT\",\"isPartOf\":{\"@id\":\"https:\\\/\\\/kinit.sk\\\/#website\"},\"primaryImageOfPage\":{\"@id\":\"https:\\\/\\\/kinit.sk\\\/sk\\\/projekt\\\/mimedis-the-impact-of-media-discourse-on-attitudes-towards-migration\\\/#primaryimage\"},\"image\":{\"@id\":\"https:\\\/\\\/kinit.sk\\\/sk\\\/projekt\\\/mimedis-the-impact-of-media-discourse-on-attitudes-towards-migration\\\/#primaryimage\"},\"thumbnailUrl\":\"https:\\\/\\\/kinit.sk\\\/wp-content\\\/uploads\\\/2022\\\/08\\\/202208_web_project_APVV_mimedis.png\",\"datePublished\":\"2022-08-25T06:04:51+00:00\",\"dateModified\":\"2024-11-28T14:52:13+00:00\",\"description\":\"Previous research abroad shows that media-mediated and framed information related to migration, migrants and migration policies plays a key role in shaping public opinion. However, very little is known about the impact of media discourse on attitudes towards migration in Slovakia.\",\"breadcrumb\":{\"@id\":\"https:\\\/\\\/kinit.sk\\\/sk\\\/projekt\\\/mimedis-the-impact-of-media-discourse-on-attitudes-towards-migration\\\/#breadcrumb\"},\"inLanguage\":\"sk-SK\",\"potentialAction\":[{\"@type\":\"ReadAction\",\"target\":[\"https:\\\/\\\/kinit.sk\\\/sk\\\/projekt\\\/mimedis-the-impact-of-media-discourse-on-attitudes-towards-migration\\\/\"]}]},{\"@type\":\"ImageObject\",\"inLanguage\":\"sk-SK\",\"@id\":\"https:\\\/\\\/kinit.sk\\\/sk\\\/projekt\\\/mimedis-the-impact-of-media-discourse-on-attitudes-towards-migration\\\/#primaryimage\",\"url\":\"https:\\\/\\\/kinit.sk\\\/wp-content\\\/uploads\\\/2022\\\/08\\\/202208_web_project_APVV_mimedis.png\",\"contentUrl\":\"https:\\\/\\\/kinit.sk\\\/wp-content\\\/uploads\\\/2022\\\/08\\\/202208_web_project_APVV_mimedis.png\",\"width\":1500,\"height\":785},{\"@type\":\"BreadcrumbList\",\"@id\":\"https:\\\/\\\/kinit.sk\\\/sk\\\/projekt\\\/mimedis-the-impact-of-media-discourse-on-attitudes-towards-migration\\\/#breadcrumb\",\"itemListElement\":[{\"@type\":\"ListItem\",\"position\":1,\"name\":\"Home\",\"item\":\"https:\\\/\\\/kinit.sk\\\/sk\\\/uvod\\\/\"},{\"@type\":\"ListItem\",\"position\":2,\"name\":\"2022\",\"item\":\"https:\\\/\\\/kinit.sk\\\/sk\\\/category\\\/2022-sk\\\/\"},{\"@type\":\"ListItem\",\"position\":3,\"name\":\"MIMEDIS: The impact of media discourse on attitudes towards migration\"}]},{\"@type\":\"WebSite\",\"@id\":\"https:\\\/\\\/kinit.sk\\\/#website\",\"url\":\"https:\\\/\\\/kinit.sk\\\/\",\"name\":\"KInIT\",\"description\":\"Vyu\u017e\u00edvame v\u00fdskum pre \u013eud\u00ed a priemysel\",\"potentialAction\":[{\"@type\":\"SearchAction\",\"target\":{\"@type\":\"EntryPoint\",\"urlTemplate\":\"https:\\\/\\\/kinit.sk\\\/?s={search_term_string}\"},\"query-input\":{\"@type\":\"PropertyValueSpecification\",\"valueRequired\":true,\"valueName\":\"search_term_string\"}}],\"inLanguage\":\"sk-SK\"}]}<\/script>\n<!-- \/ Yoast SEO plugin. -->","yoast_head_json":{"title":"MIMEDIS: The impact of media discourse on attitudes towards migration - KInIT","description":"Previous research abroad shows that media-mediated and framed information related to migration, migrants and migration policies plays a key role in shaping public opinion. However, very little is known about the impact of media discourse on attitudes towards migration in Slovakia.","robots":{"index":"index","follow":"follow","max-snippet":"max-snippet:-1","max-image-preview":"max-image-preview:large","max-video-preview":"max-video-preview:-1"},"canonical":"https:\/\/kinit.sk\/sk\/projekt\/mimedis-the-impact-of-media-discourse-on-attitudes-towards-migration\/","og_locale":"sk_SK","og_type":"article","og_title":"MIMEDIS: The impact of media discourse on attitudes towards migration - KInIT","og_description":"Previous research abroad shows that media-mediated and framed information related to migration, migrants and migration policies plays a key role in shaping public opinion. However, very little is known about the impact of media discourse on attitudes towards migration in Slovakia.","og_url":"https:\/\/kinit.sk\/sk\/projekt\/mimedis-the-impact-of-media-discourse-on-attitudes-towards-migration\/","og_site_name":"KInIT","article_modified_time":"2024-11-28T14:52:13+00:00","og_image":[{"width":1500,"height":785,"url":"https:\/\/kinit.sk\/wp-content\/uploads\/2022\/08\/202208_web_project_APVV_mimedis.png","type":"image\/png"}],"twitter_card":"summary_large_image","twitter_site":"@kinit","twitter_misc":{"Predpokladan\u00fd \u010das \u010d\u00edtania":"3 min\u00faty"},"schema":{"@context":"https:\/\/schema.org","@graph":[{"@type":"WebPage","@id":"https:\/\/kinit.sk\/sk\/projekt\/mimedis-the-impact-of-media-discourse-on-attitudes-towards-migration\/","url":"https:\/\/kinit.sk\/sk\/projekt\/mimedis-the-impact-of-media-discourse-on-attitudes-towards-migration\/","name":"MIMEDIS: The impact of media discourse on attitudes towards migration - KInIT","isPartOf":{"@id":"https:\/\/kinit.sk\/#website"},"primaryImageOfPage":{"@id":"https:\/\/kinit.sk\/sk\/projekt\/mimedis-the-impact-of-media-discourse-on-attitudes-towards-migration\/#primaryimage"},"image":{"@id":"https:\/\/kinit.sk\/sk\/projekt\/mimedis-the-impact-of-media-discourse-on-attitudes-towards-migration\/#primaryimage"},"thumbnailUrl":"https:\/\/kinit.sk\/wp-content\/uploads\/2022\/08\/202208_web_project_APVV_mimedis.png","datePublished":"2022-08-25T06:04:51+00:00","dateModified":"2024-11-28T14:52:13+00:00","description":"Previous research abroad shows that media-mediated and framed information related to migration, migrants and migration policies plays a key role in shaping public opinion. However, very little is known about the impact of media discourse on attitudes towards migration in Slovakia.","breadcrumb":{"@id":"https:\/\/kinit.sk\/sk\/projekt\/mimedis-the-impact-of-media-discourse-on-attitudes-towards-migration\/#breadcrumb"},"inLanguage":"sk-SK","potentialAction":[{"@type":"ReadAction","target":["https:\/\/kinit.sk\/sk\/projekt\/mimedis-the-impact-of-media-discourse-on-attitudes-towards-migration\/"]}]},{"@type":"ImageObject","inLanguage":"sk-SK","@id":"https:\/\/kinit.sk\/sk\/projekt\/mimedis-the-impact-of-media-discourse-on-attitudes-towards-migration\/#primaryimage","url":"https:\/\/kinit.sk\/wp-content\/uploads\/2022\/08\/202208_web_project_APVV_mimedis.png","contentUrl":"https:\/\/kinit.sk\/wp-content\/uploads\/2022\/08\/202208_web_project_APVV_mimedis.png","width":1500,"height":785},{"@type":"BreadcrumbList","@id":"https:\/\/kinit.sk\/sk\/projekt\/mimedis-the-impact-of-media-discourse-on-attitudes-towards-migration\/#breadcrumb","itemListElement":[{"@type":"ListItem","position":1,"name":"Home","item":"https:\/\/kinit.sk\/sk\/uvod\/"},{"@type":"ListItem","position":2,"name":"2022","item":"https:\/\/kinit.sk\/sk\/category\/2022-sk\/"},{"@type":"ListItem","position":3,"name":"MIMEDIS: The impact of media discourse on attitudes towards migration"}]},{"@type":"WebSite","@id":"https:\/\/kinit.sk\/#website","url":"https:\/\/kinit.sk\/","name":"KInIT","description":"Vyu\u017e\u00edvame v\u00fdskum pre \u013eud\u00ed a priemysel","potentialAction":[{"@type":"SearchAction","target":{"@type":"EntryPoint","urlTemplate":"https:\/\/kinit.sk\/?s={search_term_string}"},"query-input":{"@type":"PropertyValueSpecification","valueRequired":true,"valueName":"search_term_string"}}],"inLanguage":"sk-SK"}]}},"_links":{"self":[{"href":"https:\/\/kinit.sk\/sk\/wp-json\/wp\/v2\/project\/22232","targetHints":{"allow":["GET"]}}],"collection":[{"href":"https:\/\/kinit.sk\/sk\/wp-json\/wp\/v2\/project"}],"about":[{"href":"https:\/\/kinit.sk\/sk\/wp-json\/wp\/v2\/types\/project"}],"version-history":[{"count":5,"href":"https:\/\/kinit.sk\/sk\/wp-json\/wp\/v2\/project\/22232\/revisions"}],"predecessor-version":[{"id":34615,"href":"https:\/\/kinit.sk\/sk\/wp-json\/wp\/v2\/project\/22232\/revisions\/34615"}],"wp:featuredmedia":[{"embeddable":true,"href":"https:\/\/kinit.sk\/sk\/wp-json\/wp\/v2\/media\/20970"}],"wp:attachment":[{"href":"https:\/\/kinit.sk\/sk\/wp-json\/wp\/v2\/media?parent=22232"}],"wp:term":[{"taxonomy":"category","embeddable":true,"href":"https:\/\/kinit.sk\/sk\/wp-json\/wp\/v2\/categories?post=22232"}],"curies":[{"name":"wp","href":"https:\/\/api.w.org\/{rel}","templated":true}]}}