{"id":5648,"date":"2021-02-11T15:28:38","date_gmt":"2021-02-11T14:28:38","guid":{"rendered":"https:\/\/kinit.sk\/privacy-policy\/"},"modified":"2026-03-04T10:14:35","modified_gmt":"2026-03-04T09:14:35","slug":"zasady-spracuvania-osobnych-udajov","status":"publish","type":"page","link":"https:\/\/kinit.sk\/sk\/zasady-spracuvania-osobnych-udajov\/","title":{"rendered":"Inform\u00e1cia o sprac\u00favan\u00ed osobn\u00fdch \u00fadajov"},"content":{"rendered":"<div id=\"\" class=\"element core-paragraph\">\n<p>pod\u013ea Nariadenia Rady E\u00da \u010d. 2016\/679 z 27. apr\u00edla 2016 o ochrane fyzick\u00fdch os\u00f4b pri sprac\u00favan\u00ed osobn\u00fdch \u00fadajov a o vo\u013enom pohybe tak\u00fdchto \u00fadajov (\u010falej ako \u201cNariadenie\u201d) \u010dl\u00e1nok 13 &#8211; 14 a Z\u00e1kona \u010d. 18\/2018 Z. z. o ochrane osobn\u00fdch \u00fadajov a o zmene a doplnen\u00ed niektor\u00fdch z\u00e1konov (\u010falej ako \u201cZ\u00e1kon\u201d).<\/p>\n<\/div>\n\n<div id=\"\" class=\"element core-heading\">\n<h3 class=\"wp-block-heading\"><strong>Z\u00e1kladn<\/strong><strong>\u00e9 inform\u00e1cie<\/strong><\/h3>\n<\/div>\n\n<div id=\"\" class=\"element core-paragraph\">\n<p><strong>Prev\u00e1dzkovate\u013e: <\/strong>Kempelenov in\u0161tit\u00fat inteligentn\u00fdch technol\u00f3gii, z\u00e1ujmov\u00e9 zdru\u017eenie pr\u00e1vnick\u00fdch os\u00f4b, skratka: KInIT, so s\u00eddlom: Sky Park Offices, Bottova 7939\/2A, 811 09 Bratislava \u2013 Star\u00e9 Mesto, I\u010cO: 53290046, zast\u00fapen\u00fd M\u00e1riou Bielikovou, \u0161tatut\u00e1rkou a Ing. Mari\u00e1nom \u0160imkom, \u0161tatut\u00e1rom, \u010falej v tomto dokumente ako \u201cmy\u201d, \u201cn\u00e1s\u201d a in\u00e9 gramatick\u00e9 tvary, alebo ako \u201cprev\u00e1dzkovate\u013e\u201d.<\/p>\n<\/div>\n\n<div id=\"\" class=\"element core-paragraph\">\n<p><strong>Zodpovedn\u00e1 osoba:<\/strong> <a href=\"mailto:dpo@kinit.sk\">dpo@kinit.sk<\/a><\/p>\n<\/div>\n\n<div id=\"\" class=\"element core-paragraph\">\n<p><strong>Dozorn\u00fd org\u00e1n<\/strong>:&nbsp;\u00darad na ochranu osobn\u00fdch \u00fadajov SR, Budova Park One, N\u00e1mestie 1.m\u00e1ja 18, 811 06 Bratislava, <a href=\"https:\/\/dataprotection.gov.sk\/\">https:\/\/dataprotection.gov.sk\/<\/a><\/p>\n<\/div>\n\n<div id=\"\" class=\"element core-heading\">\n<h3 class=\"wp-block-heading\"><strong>Preambula<\/strong><\/h3>\n<\/div>\n\n<div id=\"\" class=\"element core-paragraph\">\n<p>Va\u0161e osobn\u00e9 \u00fadaje sprac\u00favame v s\u00falade so z\u00e1sadami z\u00e1konnosti, transparentnosti, d\u00f4vernosti a integrity. Ni\u017e\u0161ie n\u00e1jdete inform\u00e1cie o \u00fa\u010deloch, sp\u00f4sobe sprac\u00favania, pr\u00e1vnych z\u00e1kladoch, lehot\u00e1ch na v\u00fdmaz a va\u0161ich pr\u00e1vach. V pr\u00edpade ot\u00e1zok kontaktujte pros\u00edm zodpovedn\u00fa osobu na vy\u0161\u0161ie uvedenom e-maile.<\/p>\n<\/div>\n\n<div id=\"\" class=\"element core-paragraph\">\n<p>Pri sprac\u00favan\u00ed va\u0161ich osobn\u00fdch \u00fadajov venujeme maxim\u00e1lnu pozornos\u0165 ich ochrane. Re\u0161pektujeme z\u00e1sady z\u00e1konnosti, minimaliz\u00e1cie, transparentnosti, d\u00f4vernosti a integrity v s\u00falade s Nariaden\u00edm a Z\u00e1konom.<\/p>\n<\/div>\n\n<div id=\"\" class=\"element core-heading\">\n<h2 class=\"wp-block-heading\"><strong>Ako z\u00edskavame va\u0161e osobn\u00e9 \u00fadaje<\/strong><\/h2>\n<\/div>\n\n<div id=\"\" class=\"element core-paragraph\">\n<p>Va\u0161e osobn\u00e9 \u00fadaje naj\u010dastej\u0161ie z\u00edskavame priamo od v\u00e1s, najm\u00e4 tak, \u017ee:<\/p>\n<\/div>\n\n<div id=\"\" class=\"element core-list\">\n<ul class=\"wp-block-list\"><div id=\"\" class=\"element core-list-item\">\n<li>kontaktovali ste n\u00e1s prostredn\u00edctvom kontaktn\u00e9ho formul\u00e1ra, telefonicky alebo mailom,<\/li>\n<\/div>\n\n<div id=\"\" class=\"element core-list-item\">\n<li>uch\u00e1dzali ste sa o zamestnanie u n\u00e1s,<\/li>\n<\/div>\n\n<div id=\"\" class=\"element core-list-item\">\n<li>sledujete, komentujetem zdie\u013eate na\u0161e pr\u00edspevky na soci\u00e1lnych sie\u0165ach,<\/li>\n<\/div>\n\n<div id=\"\" class=\"element core-list-item\">\n<li>v minulosti sme spolupracovali alebo sme spolupr\u00e1cu zva\u017eovali,<\/li>\n<\/div>\n\n<div id=\"\" class=\"element core-list-item\">\n<li>z\u00fa\u010dastnili ste sa niektor\u00e9ho z na\u0161ich podujat\u00ed,<\/li>\n<\/div>\n\n<div id=\"\" class=\"element core-list-item\">\n<li>a podobn\u00fdmi sp\u00f4sbmi z va\u0161ej iniciat\u00edvy.<\/li>\n<\/div><\/ul>\n<\/div>\n\n<div id=\"\" class=\"element core-paragraph\">\n<p>Va\u0161e osobn\u00e9 \u00fadaje m\u00f4\u017eeme z\u00edskava\u0165 aj od tret\u00edch os\u00f4b, najm\u00e4 od:<\/p>\n<\/div>\n\n<div id=\"\" class=\"element core-list\">\n<ul class=\"wp-block-list\"><div id=\"\" class=\"element core-list-item\">\n<li>spolo\u010dn\u00fdch kolegov v r\u00e1mci vedeckej komunity,<\/li>\n<\/div>\n\n<div id=\"\" class=\"element core-list-item\">\n<li>partnerov v konzorci\u00e1ch, projektoch a spolo\u010dn\u00fdch iniciat\u00edvach.<\/li>\n<\/div><\/ul>\n<\/div>\n\n<div id=\"\" class=\"element core-heading\">\n<h2 class=\"wp-block-heading\"><strong>\u00da\u010dely sprac\u00favania osobn\u00fdch \u00fadajov, pr\u00e1vne z\u00e1klady, lehoty a va\u0161e pr\u00e1va<\/strong><\/h2>\n<\/div>\n\n<div id=\"\" class=\"element core-heading\">\n<h3 class=\"wp-block-heading\"><strong>Kontakt a komunik\u00e1cia s vami<\/strong><\/h3>\n<\/div>\n\n<div id=\"\" class=\"element core-paragraph\">\n<p>Osobn\u00e9 \u00fadaje, ktor\u00e9 m\u00f4\u017eeme sprac\u00fava\u0165 na tento \u00fa\u010del s\u00fa: v\u00e1\u0161 e-mail, meno, priezvisko, meno zamestn\u00e1vate\u013ea a pracovn\u00e1 poz\u00edcia, ak n\u00e1s kontaktujete v mene organiz\u00e1cie, v ktorej pracujete, a \u010fal\u0161ie kontaktn\u00e9 \u00fadaje.<\/p>\n<\/div>\n\n<div id=\"\" class=\"element core-list\">\n<ol class=\"wp-block-list\"><div id=\"\" class=\"element core-list-item\">\n<li>Va\u0161e osobn\u00e9 \u00fadaje sprac\u00favame na pr\u00e1vnom z\u00e1klade \u010dl\u00e1nok 6 ods. 1 p\u00edsm. f) Nariadenia\u00a0 &#8211; sprac\u00favanie nevyhnutn\u00e9 na \u00fa\u010dely opr\u00e1vnen\u00fdch z\u00e1ujmov, ktor\u00e9 sledujeme my ako prev\u00e1dzkovate\u013e alebo tretia strana. Na\u0161im opr\u00e1vnen\u00fdm z\u00e1ujmom je by\u0165 dostupn\u00ed, poskytova\u0165 v\u00e1m inform\u00e1cie a odpoveda\u0165 na va\u0161e dopyty. Budujeme dlhodob\u00e9 vz\u0165ahy a partnerstv\u00e1, preto va\u0161e \u00fadaje budeme sprac\u00fava\u0165 po dobu 3 rokov od posledn\u00e9ho kontaktu. M\u00e1te pr\u00e1vo na pr\u00edstup k inform\u00e1ci\u00e1m, ktor\u00e9 o v\u00e1s sprac\u00favame, m\u00e1te pr\u00e1vo na opravu, namieta\u0165 sprac\u00favanie alebo po\u017eiada\u0165 o v\u00fdmaz.<\/li>\n<\/div><\/ol>\n<\/div>\n\n<div id=\"\" class=\"element core-list\">\n<ul class=\"wp-block-list\"><div id=\"\" class=\"element core-list-item\">\n<li>V pr\u00edpade, \u017ee sa z prvotn\u00e9ho kontaktu rozvinie obchodn\u00fd alebo in\u00fd zmluvn\u00fd vz\u0165ah, budeme va\u0161e osobn\u00e9 \u00fadaje sprac\u00fava\u0165 na z\u00e1klade 6 ods. 1 p\u00edsm. b) Nariadenia &#8211; sprac\u00favanie je nevyhnutn\u00e9 na plnenie zmluvy, ktorej zmluvnou stranou je dotknut\u00e1 osoba, alebo aby sa na z\u00e1klade \u017eiadosti dotknutej osoby vykonali opatrenia pred uzatvoren\u00edm zmluvy. Va\u0161e \u00fadaje budeme sprac\u00fava\u0165 po dobu 10 rokov od ukon\u010denia zmluvy. M\u00e1te pr\u00e1vo na pr\u00edstup k inform\u00e1ci\u00e1m, ktor\u00e9 o v\u00e1s sprac\u00favame, m\u00e1te pr\u00e1vo na opravu, namieta\u0165 sprac\u00favanie alebo po\u017eiada\u0165 o v\u00fdmaz. Pr\u00e1vo na v\u00fdmaz m\u00f4\u017ee by\u0165 obmedzen\u00e9 na\u0161imi z\u00e1konn\u00fdmi povinnos\u0165ami.<\/li>\n<\/div><\/ul>\n<\/div>\n\n<div id=\"\" class=\"element core-heading\">\n<h3 class=\"wp-block-heading\"><strong>Veda a v\u00fdskum<\/strong><\/h3>\n<\/div>\n\n<div id=\"\" class=\"element core-paragraph\">\n<p>V pr\u00edpade, \u017ee sa z\u00fa\u010dastnite niektorej z na\u0161ich \u0161t\u00fadi\u00ed ako \u00fa\u010dastn\u00edci, budeme sprac\u00fava\u0165 budeme va\u0161e&nbsp; osobn\u00e9 \u00fadaje v nevyhnutnom rozsahu pre realiz\u00e1ciu \u0161t\u00fadie. Konkr\u00e9tny rozsah \u00fadajov uv\u00e1dzame v\u017edy v pozv\u00e1nke k danej \u0161t\u00fadi\u00ed, a m\u00f4\u017ee zah\u0155\u0148a\u0165 najm\u00e4 meno a priezvisko, e-mail, pridelen\u00e9 ID, ale aj demografick\u00e9 a in\u00e9 \u00fadaje potrebn\u00e9 pre vykonanie \u0161t\u00fadie.<\/p>\n<\/div>\n\n<div id=\"\" class=\"element core-paragraph\">\n<p>Osobn\u00e9 \u00fadaje sprac\u00favame na pr\u00e1vnom z\u00e1klade GDPR \u010dl. 6 ods. 1, p\u00edms. f) &#8211; sprac\u00favanie je nevyhnutn\u00e9 na \u00fa\u010dely opr\u00e1vnen\u00fdch z\u00e1ujmov, ktor\u00e9 sleduje prev\u00e1dzkovate\u013e alebo tretia strana. Na\u0161im opr\u00e1vnen\u00fdm z\u00e1ujmom, ktor\u00fd ako vedecko-v\u00fdskumn\u00fd in\u0161tit\u00fat sledujeme, je vykonanie vedeckej \u0161t\u00fadie.<\/p>\n<\/div>\n\n<div id=\"\" class=\"element core-paragraph\">\n<p>V s\u00falade s \u010dl. 89 GDPR v\u00e1s informujeme, \u017ee na sprac\u00favanie osobn\u00fdch \u00fadajov na \u00fa\u010dely vedeck\u00e9ho v\u00fdskumu sa v s\u00falade s t\u00fdmto nariaden\u00edm vz\u0165ahuj\u00fa primeran\u00e9 z\u00e1ruky pre pr\u00e1va a slobody v\u00e1s ako dotknutej osoby. Zaviedli sme technick\u00e9 a organiza\u010dn\u00e9 opatrenia najm\u00e4 s cie\u013eom zabezpe\u010di\u0165 dodr\u017eiavanie z\u00e1sady minimaliz\u00e1cie \u00fadajov. Va\u0161e osobn\u00e9 \u00fadaje bud\u00fa anonymizovan\u00e9 a archivovan\u00e9 ako v\u00fdskumn\u00e9 artefakty.&nbsp; V\u00fdstupy \u0161t\u00fadie bud\u00fa anonymizovan\u00e9 pred publikovan\u00edm jej v\u00fdsledkov.<\/p>\n<\/div>\n\n<div id=\"\" class=\"element core-paragraph\">\n<p>Po dobu 12 mesiacov od \u0161t\u00fadie m\u00e1te pr\u00e1vo na pr\u00edstup k osobn\u00fdm \u00fadajom, ktor\u00e9 o v\u00e1s sprac\u00favame, pr\u00e1vo na v\u00fdmaz, pr\u00e1vo namieta\u0165 alebo po\u017eiada\u0165 o obmedzenie sprac\u00favania.<\/p>\n<\/div>\n\n<div id=\"\" class=\"element core-paragraph\">\n<p>Po uplynut\u00ed 12 mesiacoc nebude mo\u017en\u00e9 tieto pr\u00e1va uplatni\u0165 z d\u00f4vodu anonymiz\u00e1cie, ktor\u00e1 je trval\u00e9ho charakteru, bez mo\u017enosti sp\u00e4tnej identifik\u00e1cie jednotliv\u00fdch \u00fa\u010dastn\u00edkov.<\/p>\n<\/div>\n\n<div id=\"\" class=\"element core-heading\">\n<h3 class=\"wp-block-heading\"><strong>Propag\u00e1<\/strong><strong>cia na\u0161ej pr\u00e1ce online<\/strong><\/h3>\n<\/div>\n\n<div id=\"\" class=\"element core-paragraph\">\n<p>Jedn\u00fdm z na\u0161ich opr\u00e1vnen\u00fdch z\u00e1ujmov je propagova\u0165 na\u0161u pr\u00e1cu online. Na tento \u00fa\u010del sme zriadili t\u00fato webov\u00fa str\u00e1nku (<a href=\"http:\/\/www.kinit.sk\">www.kinit.sk<\/a>) ako aj \u010fal\u0161ie webstr\u00e1nky pre jednotliv\u00e9 projekty <a href=\"http:\/\/www.lorai.eu\">www.lorai.eu<\/a> a <a href=\"http:\/\/www.disai.eu\">www.disai.eu<\/a>.<\/p>\n<\/div>\n\n<div id=\"\" class=\"element core-paragraph\">\n<p>Tieto z\u00e1sady ochrany osobn\u00fdch \u00fadajov sa vz\u0165ahuj\u00fa na v\u0161eky na\u0161e \u010dinnosti. Z\u00e1sady ochrany osobn\u00fdch \u00fadajov pre sprac\u00favanie na \u00fa\u010dely \u0161pecifick\u00e9 pre jednotliv\u00e9&nbsp; projekty s\u00fa zverejenen\u00e9 na uveden\u00fdch webstr\u00e1nakch.<\/p>\n<\/div>\n\n<div id=\"\" class=\"element core-heading\">\n<h3 class=\"wp-block-heading\"><strong>Cookies<\/strong><\/h3>\n<\/div>\n\n<div id=\"\" class=\"element core-list\">\n<ol class=\"wp-block-list\"><div id=\"\" class=\"element core-list-item\">\n<li>Na z\u00e1klade v\u00e1\u0161ho s\u00fahlasu pod\u013ea \u010dl. 6, ods. 1, p\u00edsm. a) Nariadenia m\u00f4\u017eeme uklada\u0165 do v\u00e1\u0161ho zariadenia analytick\u00e9, marketingov\u00e9 a \u0161tatistick\u00e9 cookies ako aj Facebok pixely.<\/li>\n<\/div>\n\n<div id=\"\" class=\"element core-list-item\">\n<li>Na z\u00e1klade n\u00e1\u0161ho opr\u00e1vnen\u00e9ho z\u00e1ujmu pod\u013ea GDPR \u010dl. 6, ods. 1, p\u00edsm. f) Nariadenia m\u00f4\u017eeme uklada\u0165 do v\u00e1\u0161ho zariadenia technick\u00e9, tzv. Nevyhnutn\u00e9 cookies. Na\u0161im opr\u00e1ven\u00fdm z\u00e1ujmom je bezchybn\u00e9 fungovanie webstr\u00e1nok. Doba ulo\u017eenia cookies je 72 hod\u00edn.<\/li>\n<\/div><\/ol>\n<\/div>\n\n<div id=\"\" class=\"element core-heading\">\n<h3 class=\"wp-block-heading\"><strong>Soci\u00e1lne siete<\/strong><\/h3>\n<\/div>\n\n<div id=\"\" class=\"element core-paragraph\">\n<p>Na\u0161e aktivity m\u00f4\u017eete sledova\u0165 na soci\u00e1lnych sie\u0165ach Facebook, LinkedIn, X, Youtube. Na z\u00e1klade&nbsp; n\u00e1\u0161ho opr\u00e1vnen\u00e9ho z\u00e1ujmu pod\u013ea GDPR \u010dl. 6, ods. 1, p\u00edsm. f) Nariadenia m\u00f4\u017eeme sprac\u00fava\u0165 va\u0161e meno, priezvisko, prez\u00fdvka, fotografia, va\u0161e n\u00e1zory a preferencie, pr\u00edpadne na LinkedIn aj inform\u00e1ciu o zamestn\u00e1vate\u013eovi, va\u0161ej pracovnej poz\u00edcii, a in\u00e9 inform\u00e1cie o va\u0161om pracovnom zaraden\u00ed, h\u013eadan\u00ed pr\u00e1ce a podobne, ako aj kontaktn\u00e9 \u00fadaje ak uv\u00e1dzate. Doba sprac\u00favania je vymedzen\u00e1 va\u0161im rozhodnut\u00edm, k\u00fdm neprestanete sledova\u0165 profily na\u0161ich soci\u00e1lnych siet\u00ed, komentova\u0165, zdie\u013ea\u0165 a inak sa s nami prep\u00e1ja\u0165.<\/p>\n<\/div>\n\n<div id=\"\" class=\"element core-heading\">\n<h3 class=\"wp-block-heading\"><strong>Podujatia<\/strong><\/h3>\n<\/div>\n\n<div id=\"\" class=\"element core-paragraph\">\n<p>Na \u00fa\u010dely organiz\u00e1cie podujatia sprac\u00favame va\u0161e osobn\u00e9 \u00fadaje poskynut\u00e9 vami v jednotliv\u00fdch dotazn\u00edkoch. Ich rozsah sa m\u00f4\u017ee l\u00ed\u0161i\u0165 v z\u00e1vislosti od typu podujatia, ale spravidla ide o osobn\u00e9 \u00fadaje v rozsahu meno, priezvisko, e-mail, \u0161kola, zamestn\u00e1vate\u013e, v\u00fdskumn\u00e1 prax, va\u0161e znalosti, amb\u00edcie alebo motiv\u00e1cia v oblasti AI v\u00fdskumu. Ak je s\u00fa\u010das\u0165ou podujatia aj ob\u010derstvenie\/ catering, sprac\u00favame aj osobn\u00e9 \u00fadaje t\u00fdkaj\u00face sa mo\u017en\u00fdch potravinov\u00fdch intoleranci\u00ed na zabezpe\u010denie vhodn\u00e9ho jedla a n\u00e1pojov.<\/p>\n<\/div>\n\n<div id=\"\" class=\"element core-paragraph\">\n<p>Pr\u00e1vnym z\u00e1kladom sprac\u00favania je 6 ods. 1 p\u00edsm. b) Nariadenia &#8211; sprac\u00favanie je nevyhnutn\u00e9 na plnenie zmluvy, ktorej zmluvnou stranou je dotknut\u00e1 osoba, alebo aby sa na z\u00e1klade \u017eiadosti dotknutej osoby vykonali opatrenia pred uzatvoren\u00edm zmluvy.<\/p>\n<\/div>\n\n<div id=\"\" class=\"element core-paragraph\">\n<p>V s\u00falade so z\u00e1sadou minimaliz\u00e1cie, va\u0161e \u00fadaje potrebn\u00e9 pre registr\u00e1ciu budeme sprac\u00fava\u0165 po dobu 15 dn\u00ed po skon\u010den\u00ed podujatia. Ak je s\u00fa\u010das\u0165ou prihlasovacieho formul\u00e1ra aj s\u00fahlas so sprac\u00favan\u00edm na \u00fa\u010dely bud\u00faceho kontaktu, zasielania inform\u00e1ci\u00ed alebo newsletter, a vy n\u00e1m s\u00fahlas d\u00e1te, tak budeme va\u0161e osobn\u00e9 \u00fadaje sprac\u00fava\u0165 do odvolania s\u00fahlasu na z\u00e1klade \u010dl. 6, ods. 1, p\u00edsm. a) Nariadnia &#8211; sprac\u00favanie na z\u00e1klade v\u00e1\u0161ho s\u00fahlasu.<\/p>\n<\/div>\n\n<div id=\"\" class=\"element core-paragraph\">\n<p>M\u00e1te pr\u00e1vo na pr\u00edstup k inform\u00e1ci\u00e1m, ktor\u00e9 o v\u00e1s sprac\u00favame, m\u00e1te pr\u00e1vo na opravu, namieta\u0165 sprac\u00favanie alebo po\u017eiada\u0165 o v\u00fdmaz. Pr\u00e1vo na v\u00fdmaz m\u00f4\u017ee by\u0165 obmedzen\u00e9 na\u0161imi z\u00e1konn\u00fdmi povinnos\u0165ami.<\/p>\n<\/div>\n\n<div id=\"\" class=\"element core-heading\">\n<h3 class=\"wp-block-heading\"><strong>Zhotovovanie fotografi\u00ed a vide\u00ed na podujatiach<\/strong><\/h3>\n<\/div>\n\n<div id=\"\" class=\"element core-paragraph\">\n<p>Po\u010das podujatia m\u00f4\u017eeme zhotovova\u0165 fotografie alebo video z\u00e1znamy na dva \u00fa\u010dely &#8211; dokumenta\u010dn\u00fd v zmysle na\u0161ich grantov\u00fdch zml\u00fav a marketingov\u00fd, pre \u00fa\u010del propag\u00e1cie na\u0161ej pr\u00e1ce. Fotografie a vide\u00e1 s\u00fa zhotovovan\u00e9 tak, aby zachyt\u00e1vali atmosf\u00e9ru podujatia, s re\u0161pektom k d\u00f4stojnosti a osobnostn\u00fdm pr\u00e1vam \u00fa\u010dastn\u00edkov. Ide spravidla o z\u00e1bery zozadu, zdia\u013eky, zboku, nie o individu\u00e1lne portr\u00e9ty.<\/p>\n<\/div>\n\n<div id=\"\" class=\"element core-paragraph\">\n<p>Sprac\u00favan\u00fdm osobn\u00fdm \u00fadajom je va\u0161a podobize\u0148. Pr\u00e1vnym z\u00e1kladom pre sprac\u00favanie je&nbsp; \u010dl\u00e1nok 6 ods. 1 p\u00edsm. f) Nariadenia &#8211; sprac\u00favanie osobn\u00fdch \u00fadajov nevyhnutn\u00e9 na \u00fa\u010dely opr\u00e1vnen\u00fdch z\u00e1ujmov, ktor\u00e9 sleduje prev\u00e1dzkovate\u013e. Sprac\u00favanie je obmedzen\u00e9 na 10 rokov. M\u00e1te pr\u00e1vo namieta\u0165 sprac\u00favanie (osobne na mieste alebo dodato\u010dne e-mailom) alebo po\u017eiada\u0165 o v\u00fdmaz.<\/p>\n<\/div>\n\n<div id=\"\" class=\"element core-heading\">\n<h3 class=\"wp-block-heading\"><strong>Zverej\u0148ovanie a spr\u00edstup\u0148ovanie fotografi\u00ed a vide\u00ed z podujat\u00ed<\/strong><\/h3>\n<\/div>\n\n<div id=\"\" class=\"element core-paragraph\">\n<p>Starostlivo vybrat\u00e9 fotografie a\/ alebo videoz\u00e1znamy zverej\u0148ujeme v na\u0161om newsletteri, na webstr\u00e1nke a soci\u00e1lnych sie\u0165ach. Sprac\u00favan\u00fdm osobn\u00fdm \u00fadajom je va\u0161a podobize\u0148. Pr\u00e1vnym z\u00e1kladom pre sprac\u00favanie je&nbsp; \u010dl\u00e1nok 6 ods. 1 p\u00edsm. f) Nariadenia &#8211; sprac\u00favanie osobn\u00fdch \u00fadajov nevyhnutn\u00e9 na \u00fa\u010dely opr\u00e1vnen\u00fdch z\u00e1ujmov, ktor\u00e9 sleduje prev\u00e1dzkovate\u013e. Sprac\u00favanie je obmedzen\u00e9 na 10 rokov. M\u00e1te pr\u00e1vo po\u017eiada\u0165 o v\u00fdmaz.<\/p>\n<\/div>\n\n<div id=\"\" class=\"element core-heading\">\n<h3 class=\"wp-block-heading\"><strong>V\u00fdber a n\u00e1bor zamestnancov<\/strong><\/h3>\n<\/div>\n\n<div id=\"\" class=\"element core-paragraph\">\n<p>Na webstr\u00e1nke <a href=\"http:\/\/kinit.sk\">kinit.sk<\/a> zverej\u0148ujeme aj pracovn\u00e9 ponuky, na ktor\u00e9 m\u00f4\u017eete reagova\u0165 priamo z tohto webu vyplnen\u00edm prihlasovacieho formul\u00e1r, pomocou ktor\u00e9ho budete presmerovan\u00ed na str\u00e1nku Nalgoo, ktor\u00fd pou\u017e\u00edvame na pr\u00edjmanie \u017eivotopis a vedenie n\u00e1borov\u00e9ho procesu. Na str\u00e1nke budete m\u00f4c\u0165 vyplni\u0165 \u00fadaje o sebe, zodpoveda\u0165 dotazn\u00edk a odosla\u0165 svoj \u017eivotopis.<\/p>\n<\/div>\n\n<div id=\"\" class=\"element core-paragraph\">\n<p>Na \u00fa\u010del v\u00fdberu vhodn\u00fdch kandid\u00e1tov na vo\u013en\u00e9 pracovn\u00e9 miesta, st\u00e1\u017e, doktorandsk\u00e9 \u0161t\u00fadium, postgradu\u00e1lne aktivity a in\u00fa podobn\u00fa spolupr\u00e1cu sprac\u00favame va\u0161e \u00fadaje v roszahu uvedenom vo va\u0161om \u017eivotopise, teda minim\u00e1lne meno, priezvisko, e-mail, telef\u00f3nne \u010d\u00edslo, vzdelanie a pracovn\u00e9 sk\u00fasenosti. Pr\u00e1vnym z\u00e1kladom sprac\u00favania je v\u00e1\u0161 s\u00fahlas v zmysle \u010dl. 6 ods. 1 p\u00edsm. a) Nariadnia. Va\u0161e osobn\u00e9 \u00fadaje zaslan\u00e9 k danej pracovnej poz\u00edcii sprac\u00favame po dobu 6 mesiacov alebo menej v pr\u00edpade odvolania s\u00fahlasu. V pr\u00edpade, \u017ee budete s\u00fahlasi\u0165, m\u00f4\u017eeme va\u0161e osobn\u00e9 \u00fadaje sprac\u00fava\u0165 aj dlh\u0161ie pre pr\u00edpad in\u00fdch otvoren\u00fdch poz\u00edcii, ne\u017e na ktor\u00e9 ste dali p\u00f4vodn\u00fd s\u00fahlas. V\u00e1\u0161 s\u00fahlas m\u00f4\u017eete kedyko\u013evek odvola\u0165.<\/p>\n<\/div>\n\n<div id=\"\" class=\"element core-heading\">\n<h3 class=\"wp-block-heading\"><strong>Dokazovanie a obhajovanie pr\u00e1v a pr\u00e1vom chr\u00e1nen\u00fdch z\u00e1ujmov<\/strong><\/h3>\n<\/div>\n\n<div id=\"\" class=\"element core-paragraph\">\n<p>Dokazovanie, potvrdzovanie a obhajovan\u00ed na\u0161ich pr\u00e1v a pr\u00e1vom chr\u00e1nen\u00fdch z\u00e1ujmov je na\u0161im opr\u00e1vnen\u00fdm z\u00e1ujmom. V pr\u00edpade ak\u00e9hoko\u013evek pr\u00e1vneho sporu rie\u0161en\u00e9ho s\u00fadne alebo mimos\u00fadne, m\u00f4\u017ee d\u00f4js\u0165 ku sprac\u00favaniu va\u0161ich osobn\u00fdch \u00fadajov, ktor\u00fdmi disponujeme. Pr\u00e1vnym z\u00e1kladom pre sprac\u00favanie na tento \u00fa\u010del je \u010dl\u00e1nok 6 ods. 1 p\u00edsm. f) Nariadenia a lehota na v\u00fdmaz je 10 rokov po skon\u010den\u00ed pr\u00e1vneho sporu. M\u00e1te pr\u00e1vo na pr\u00edstup k inform\u00e1ci\u00e1m, ktor\u00e9 o v\u00e1s sprac\u00favame, m\u00e1te pr\u00e1vo na opravu, namieta\u0165 sprac\u00favanie, po\u017eiada\u0165 o obmedzenie sprac\u00favania alebo v\u00fdmaz. Pr\u00e1vo na v\u00fdmaz m\u00f4\u017ee by\u0165 obmedzen\u00e9 na\u0161imi z\u00e1konn\u00fdmi povinnos\u0165ami.<\/p>\n<\/div>\n\n<div id=\"\" class=\"element core-heading\">\n<h3 class=\"wp-block-heading\"><strong>Spr\u00edstup\u0148ovanie va\u0161ich osobn\u00fdch \u00fadajov<\/strong><\/h3>\n<\/div>\n\n<div id=\"\" class=\"element core-paragraph\">\n<p>Vyu\u017e\u00edvame slu\u017eby extern\u00fdch spolo\u010dnost\u00ed v oblasti \u00fa\u010dtovn\u00edctva, pr\u00e1va, marketingu, IT, spr\u00e1va kancel\u00e1rskych priestorov a \u010fal\u0161\u00edch slu\u017eieb. Tieto subjekty m\u00f4\u017eu s\u00fa zaviazan\u00e9 ml\u010danlivos\u0165ou a va\u0161e osobn\u00e9 \u00fadaje m\u00f4\u017eu sprac\u00fava\u0165 len v zmluvne vymedzenom rozsahu a sp\u00f4sobom pod\u013ea \u010dl. 28 Nariadenia.<\/p>\n<\/div>\n\n<div id=\"\" class=\"element core-paragraph\">\n<p>Pr\u00edjemcami m\u00f4\u017eu by\u0165 org\u00e1ny Eur\u00f3pskej \u00fanie, \u00darad vl\u00e1dy SR a jednotliv\u00e9 ministerstv\u00e1 v pr\u00edpade financovania jednotliv\u00fdch programov ako Pl\u00e1n obnovy, Horizon Europe a in\u00e9. Konkr\u00e9tne in\u0161tit\u00facie s\u00fa uveden\u00e9 v\u017edy pri jednotliv\u00fdch aktivit\u00e1ch.<\/p>\n<\/div>\n\n<div id=\"\" class=\"element core-paragraph\">\n<p>\u010eal\u0161\u00edmi pr\u00edjemcami m\u00f4\u017eu by\u0165 s\u00fady, org\u00e1ny \u010dinn\u00e9 v trestnom konan\u00ed, banky, exek\u00fatori alebo advok\u00e1ti, not\u00e1ri, \u0161t\u00e1tne org\u00e1ny, dozorn\u00e9, in\u0161pek\u010dn\u00e9 a kontroln\u00e9 org\u00e1ny, obce, samospr\u00e1vne kraje, fyzick\u00e9 osoby, ktor\u00e9 s\u00fa \u00fa\u010dastn\u00edkmi konania pred pr\u00edslu\u0161n\u00fdm subjektom. T\u00fdmto pr\u00edjemcom s\u00fa poskytnut\u00e9 osobn\u00e9 \u00fadaje napr\u00edklad pri nahliadnut\u00ed do s\u00faboru at\u010f.<\/p>\n<\/div>\n\n<div id=\"\" class=\"element core-paragraph\">\n<p>Za tretie strany sa pova\u017euj\u00fa najm\u00e4 org\u00e1ny verejnej moci a in\u0161tit\u00facie, ktor\u00fdm sme povinn\u00ed poskytova\u0165 osobn\u00e9 \u00fadaje na z\u00e1klade z\u00e1konn\u00e9ho ustanovenia pri plnen\u00ed svojich z\u00e1konn\u00fdch povinnost\u00ed.<\/p>\n<\/div>\n\n<div id=\"\" class=\"element core-heading\">\n<h3 class=\"wp-block-heading\"><strong>Prenos do tret\u00edch kraj\u00edn<\/strong><\/h3>\n<\/div>\n\n<div id=\"\" class=\"element core-paragraph\">\n<p>Nepren\u00e1\u0161ame osobn\u00e9 \u00fadaje do tret\u00edch kraj\u00edn. USA s \u00fa\u010dinnos\u0165ou od 20. 9. 2023 poskytuje primeran\u00e9 z\u00e1ruky pri ochrane osobn\u00fdch \u00fadajov na z\u00e1klade Rozhodnutia EK2023\/1795.<\/p>\n<\/div>\n\n<div id=\"\" class=\"element core-heading\">\n<h3 class=\"wp-block-heading\"><strong>Spolo\u010dn\u00ed <\/strong><strong>prev\u00e1dzkovatelia<\/strong><\/h3>\n<\/div>\n\n<div id=\"\" class=\"element core-paragraph\">\n<p>KInIT a <strong>Innovatrics,<\/strong> so s\u00eddlom Pri vinohradoch 82, 831 06 Bratislava, I\u010cO: 36 280&nbsp;712, s\u00fa spolo\u010dn\u00fdmi prev\u00e1dzkovate\u013emi pod\u013ea \u010dl\u00e1nku 26 GDPR a za \u00fa\u010delom spolo\u010dnej aktivity, ktorou je organizovanie nepravideln\u00e9ho podujatia \u201eBetter AI meetup\u201c, ktor\u00fd sp\u00e1ja odborn\u00edkov a nad\u0161encov AI na \u017eiv\u00fdch a online konferenci\u00e1ch. Webov\u00e1 str\u00e1nka podujatia je https:\/\/betteraimeetup.com.<\/p>\n<\/div>\n\n<div id=\"\" class=\"element core-paragraph\">\n<p>Inform\u00e1cie o sprac\u00favan\u00ed osobn\u00fdch \u00fadajov s\u00fa zverejnen\u00e9 na uveden\u00fdch webstr\u00e1nkach.<\/p>\n<\/div>\n\n<div id=\"\" class=\"element core-heading\">\n<h3 class=\"wp-block-heading\"><strong>Va\u0161e pr\u00e1va<\/strong><\/h3>\n<\/div>\n\n<div id=\"\" class=\"element core-paragraph\">\n<p>Ako dotknut\u00e1 osoba m\u00e1te pr\u00e1vo na:<\/p>\n<\/div>\n\n<div id=\"\" class=\"element core-list\">\n<ul class=\"wp-block-list\"><div id=\"\" class=\"element core-list-item\">\n<li><strong>pr\u00edstup<\/strong> k va\u0161im osobn\u00fdm \u00fadajom (najm\u00e4 po\u017eiada\u0165 o potvrdenie, \u010di s\u00fa \u00fadaje sprac\u00favan\u00e9 alebo nie, kateg\u00f3rie sprac\u00favan\u00fdch \u00fadajov, \u00fa\u010del sprac\u00favania, zdroj ich z\u00edskania, doba uchov\u00e1vania);<\/li>\n<\/div>\n\n<div id=\"\" class=\"element core-list-item\">\n<li><strong>opravu<\/strong> alebo doplnenie nespr\u00e1vnych \u00fadajov;<\/li>\n<\/div>\n\n<div id=\"\" class=\"element core-list-item\">\n<li><strong>obmedzenie<\/strong> sprac\u00favania \u00fadajov pod\u013ea \u010dl. 18 o GDPR (napr. ak s\u00fa \u00fadaje nespr\u00e1vne alebo nez\u00e1konne sprac\u00favan\u00e9);<\/li>\n<\/div>\n\n<div id=\"\" class=\"element core-list-item\">\n<li><strong>namieta\u0165<\/strong> v pr\u00edpadoch uveden\u00fdch v \u010dl. 21 o GDPR;<\/li>\n<\/div>\n\n<div id=\"\" class=\"element core-list-item\">\n<li><strong>vymazanie<\/strong> \u00fadajov, ktor\u00fdch \u00fa\u010del sprac\u00favania sa skon\u010dil, alebo v pr\u00edpadoch uveden\u00fdch v \u010dl. 17 o GDPR;<\/li>\n<\/div>\n\n<div id=\"\" class=\"element core-list-item\">\n<li><strong>kedyko\u013evek odvola\u0165 s\u00fahlas <\/strong>so sprac\u00favan\u00edm, ktor\u00fd ste n\u00e1m poskytli<\/li>\n<\/div><\/ul>\n<\/div>\n\n<div id=\"\" class=\"element core-paragraph\">\n<p>Ak sa domnievate, \u017ee boli poru\u0161en\u00e9 va\u0161e pr\u00e1va na spracovanie osobn\u00fdch \u00fadajov, alebo \u017ee bol poru\u0161en\u00fd z\u00e1kon o ochrane osobn\u00fdch \u00fadajov 18\/2018 alebo GDPR, m\u00f4\u017eete poda\u0165 podnet naza\u010datie konania o ochrane osobn\u00fdch \u00fadajov na \u00darad na ochranu osobn\u00fdch \u00fadajov Slovenskej republiky, Budova Park One, N\u00e1mestie 1. m\u00e1ja 18, 811 06 Bratislava, Slovensk\u00e1 republika; <a href=\"http:\/\/www.dataprotection.gov.sk\/\">www.dataprotection.gov.sk<\/a>.<\/p>\n<\/div>\n\n<div id=\"\" class=\"element core-paragraph\">\n<p>Va\u0161e ot\u00e1zky a \u017eiadosti oh\u013eadom ochrany osobn\u00fdch \u00fadajov za\u0161lite pros\u00edm e-mailom na dpo@kinit.sk alebo p\u00edsomne na na\u0161u po\u0161tov\u00fa adresu.<\/p>\n<\/div>\n\n<div id=\"\" class=\"element core-heading\">\n<h3 class=\"wp-block-heading\"><strong>Z\u00e1vere\u010dn<\/strong><strong>\u00e9 ustanovenia<\/strong><\/h3>\n<\/div>\n\n<div id=\"\" class=\"element core-paragraph\">\n<p>Tieto Z\u00e1sady ochrany osobn\u00fdch \u00fadajov m\u00f4\u017eeme kedyko\u013evek zmeni\u0165, najm\u00e4 pokia\u013e ide o legislat\u00edvne zmeny v oblasti ochrany osobn\u00fdch \u00fadajov, ktor\u00e9 m\u00f4\u017eu by\u0165 prijat\u00e9 v bud\u00facnosti.<\/p>\n<\/div>\n\n<div id=\"\" class=\"element core-paragraph\">\n<p>Aktulizovan\u00e9 28.2.2026<\/p>\n<\/div>","protected":false},"excerpt":{"rendered":"<p>pod\u013ea Nariadenia Rady E\u00da \u010d. 2016\/679 z 27. apr\u00edla 2016 o ochrane fyzick\u00fdch os\u00f4b pri sprac\u00favan\u00ed osobn\u00fdch \u00fadajov a o vo\u013enom pohybe tak\u00fdchto \u00fadajov (\u010falej ako \u201cNariadenie\u201d) \u010dl\u00e1nok 13 &#8211;&#8230;<\/p>\n","protected":false},"author":1,"featured_media":0,"parent":0,"menu_order":50,"comment_status":"closed","ping_status":"closed","template":"","meta":{"_acf_changed":false,"footnotes":""},"class_list":["post-5648","page","type-page","status-publish","hentry"],"acf":[],"yoast_head":"<!-- This site is optimized with the Yoast SEO plugin v27.4 - https:\/\/yoast.com\/product\/yoast-seo-wordpress\/ -->\n<title>Inform\u00e1cia o sprac\u00favan\u00ed osobn\u00fdch \u00fadajov - KInIT<\/title>\n<meta name=\"robots\" content=\"index, follow, max-snippet:-1, max-image-preview:large, max-video-preview:-1\" \/>\n<link rel=\"canonical\" href=\"https:\/\/kinit.sk\/sk\/zasady-spracuvania-osobnych-udajov\/\" \/>\n<meta property=\"og:locale\" content=\"sk_SK\" \/>\n<meta property=\"og:type\" content=\"article\" \/>\n<meta property=\"og:title\" content=\"Inform\u00e1cia o sprac\u00favan\u00ed osobn\u00fdch \u00fadajov - KInIT\" \/>\n<meta property=\"og:description\" content=\"pod\u013ea Nariadenia Rady E\u00da \u010d. 2016\/679 z 27. apr\u00edla 2016 o ochrane fyzick\u00fdch os\u00f4b pri sprac\u00favan\u00ed osobn\u00fdch \u00fadajov a o vo\u013enom pohybe tak\u00fdchto \u00fadajov (\u010falej ako \u201cNariadenie\u201d) \u010dl\u00e1nok 13 &#8211;...\" \/>\n<meta property=\"og:url\" content=\"https:\/\/kinit.sk\/sk\/zasady-spracuvania-osobnych-udajov\/\" \/>\n<meta property=\"og:site_name\" content=\"KInIT\" \/>\n<meta property=\"article:modified_time\" content=\"2026-03-04T09:14:35+00:00\" \/>\n<meta property=\"og:image\" content=\"https:\/\/kinit.sk\/wp-content\/uploads\/2021\/03\/KINIT_Sharepic.png\" \/>\n\t<meta property=\"og:image:width\" content=\"1200\" \/>\n\t<meta property=\"og:image:height\" content=\"628\" \/>\n\t<meta property=\"og:image:type\" content=\"image\/png\" \/>\n<meta name=\"twitter:card\" content=\"summary_large_image\" \/>\n<meta name=\"twitter:site\" content=\"@kinit\" \/>\n<meta name=\"twitter:label1\" content=\"Predpokladan\u00fd \u010das \u010d\u00edtania\" \/>\n\t<meta name=\"twitter:data1\" content=\"9 min\u00fat\" \/>\n<script type=\"application\/ld+json\" class=\"yoast-schema-graph\">{\"@context\":\"https:\\\/\\\/schema.org\",\"@graph\":[{\"@type\":\"WebPage\",\"@id\":\"https:\\\/\\\/kinit.sk\\\/sk\\\/zasady-spracuvania-osobnych-udajov\\\/\",\"url\":\"https:\\\/\\\/kinit.sk\\\/sk\\\/zasady-spracuvania-osobnych-udajov\\\/\",\"name\":\"Inform\u00e1cia o sprac\u00favan\u00ed osobn\u00fdch \u00fadajov - KInIT\",\"isPartOf\":{\"@id\":\"https:\\\/\\\/kinit.sk\\\/#website\"},\"datePublished\":\"2021-02-11T14:28:38+00:00\",\"dateModified\":\"2026-03-04T09:14:35+00:00\",\"breadcrumb\":{\"@id\":\"https:\\\/\\\/kinit.sk\\\/sk\\\/zasady-spracuvania-osobnych-udajov\\\/#breadcrumb\"},\"inLanguage\":\"sk-SK\",\"potentialAction\":[{\"@type\":\"ReadAction\",\"target\":[\"https:\\\/\\\/kinit.sk\\\/sk\\\/zasady-spracuvania-osobnych-udajov\\\/\"]}]},{\"@type\":\"BreadcrumbList\",\"@id\":\"https:\\\/\\\/kinit.sk\\\/sk\\\/zasady-spracuvania-osobnych-udajov\\\/#breadcrumb\",\"itemListElement\":[{\"@type\":\"ListItem\",\"position\":1,\"name\":\"Home\",\"item\":\"https:\\\/\\\/kinit.sk\\\/sk\\\/uvod\\\/\"},{\"@type\":\"ListItem\",\"position\":2,\"name\":\"Inform\u00e1cia o sprac\u00favan\u00ed osobn\u00fdch \u00fadajov\"}]},{\"@type\":\"WebSite\",\"@id\":\"https:\\\/\\\/kinit.sk\\\/#website\",\"url\":\"https:\\\/\\\/kinit.sk\\\/\",\"name\":\"KInIT\",\"description\":\"Vyu\u017e\u00edvame v\u00fdskum pre \u013eud\u00ed a priemysel\",\"potentialAction\":[{\"@type\":\"SearchAction\",\"target\":{\"@type\":\"EntryPoint\",\"urlTemplate\":\"https:\\\/\\\/kinit.sk\\\/?s={search_term_string}\"},\"query-input\":{\"@type\":\"PropertyValueSpecification\",\"valueRequired\":true,\"valueName\":\"search_term_string\"}}],\"inLanguage\":\"sk-SK\"}]}<\/script>\n<!-- \/ Yoast SEO plugin. -->","yoast_head_json":{"title":"Inform\u00e1cia o sprac\u00favan\u00ed osobn\u00fdch \u00fadajov - KInIT","robots":{"index":"index","follow":"follow","max-snippet":"max-snippet:-1","max-image-preview":"max-image-preview:large","max-video-preview":"max-video-preview:-1"},"canonical":"https:\/\/kinit.sk\/sk\/zasady-spracuvania-osobnych-udajov\/","og_locale":"sk_SK","og_type":"article","og_title":"Inform\u00e1cia o sprac\u00favan\u00ed osobn\u00fdch \u00fadajov - KInIT","og_description":"pod\u013ea Nariadenia Rady E\u00da \u010d. 2016\/679 z 27. apr\u00edla 2016 o ochrane fyzick\u00fdch os\u00f4b pri sprac\u00favan\u00ed osobn\u00fdch \u00fadajov a o vo\u013enom pohybe tak\u00fdchto \u00fadajov (\u010falej ako \u201cNariadenie\u201d) \u010dl\u00e1nok 13 &#8211;...","og_url":"https:\/\/kinit.sk\/sk\/zasady-spracuvania-osobnych-udajov\/","og_site_name":"KInIT","article_modified_time":"2026-03-04T09:14:35+00:00","og_image":[{"width":1200,"height":628,"url":"https:\/\/kinit.sk\/wp-content\/uploads\/2021\/03\/KINIT_Sharepic.png","type":"image\/png"}],"twitter_card":"summary_large_image","twitter_site":"@kinit","twitter_misc":{"Predpokladan\u00fd \u010das \u010d\u00edtania":"9 min\u00fat"},"schema":{"@context":"https:\/\/schema.org","@graph":[{"@type":"WebPage","@id":"https:\/\/kinit.sk\/sk\/zasady-spracuvania-osobnych-udajov\/","url":"https:\/\/kinit.sk\/sk\/zasady-spracuvania-osobnych-udajov\/","name":"Inform\u00e1cia o sprac\u00favan\u00ed osobn\u00fdch \u00fadajov - KInIT","isPartOf":{"@id":"https:\/\/kinit.sk\/#website"},"datePublished":"2021-02-11T14:28:38+00:00","dateModified":"2026-03-04T09:14:35+00:00","breadcrumb":{"@id":"https:\/\/kinit.sk\/sk\/zasady-spracuvania-osobnych-udajov\/#breadcrumb"},"inLanguage":"sk-SK","potentialAction":[{"@type":"ReadAction","target":["https:\/\/kinit.sk\/sk\/zasady-spracuvania-osobnych-udajov\/"]}]},{"@type":"BreadcrumbList","@id":"https:\/\/kinit.sk\/sk\/zasady-spracuvania-osobnych-udajov\/#breadcrumb","itemListElement":[{"@type":"ListItem","position":1,"name":"Home","item":"https:\/\/kinit.sk\/sk\/uvod\/"},{"@type":"ListItem","position":2,"name":"Inform\u00e1cia o sprac\u00favan\u00ed osobn\u00fdch \u00fadajov"}]},{"@type":"WebSite","@id":"https:\/\/kinit.sk\/#website","url":"https:\/\/kinit.sk\/","name":"KInIT","description":"Vyu\u017e\u00edvame v\u00fdskum pre \u013eud\u00ed a priemysel","potentialAction":[{"@type":"SearchAction","target":{"@type":"EntryPoint","urlTemplate":"https:\/\/kinit.sk\/?s={search_term_string}"},"query-input":{"@type":"PropertyValueSpecification","valueRequired":true,"valueName":"search_term_string"}}],"inLanguage":"sk-SK"}]}},"_links":{"self":[{"href":"https:\/\/kinit.sk\/sk\/wp-json\/wp\/v2\/pages\/5648","targetHints":{"allow":["GET"]}}],"collection":[{"href":"https:\/\/kinit.sk\/sk\/wp-json\/wp\/v2\/pages"}],"about":[{"href":"https:\/\/kinit.sk\/sk\/wp-json\/wp\/v2\/types\/page"}],"author":[{"embeddable":true,"href":"https:\/\/kinit.sk\/sk\/wp-json\/wp\/v2\/users\/1"}],"replies":[{"embeddable":true,"href":"https:\/\/kinit.sk\/sk\/wp-json\/wp\/v2\/comments?post=5648"}],"version-history":[{"count":24,"href":"https:\/\/kinit.sk\/sk\/wp-json\/wp\/v2\/pages\/5648\/revisions"}],"predecessor-version":[{"id":40856,"href":"https:\/\/kinit.sk\/sk\/wp-json\/wp\/v2\/pages\/5648\/revisions\/40856"}],"wp:attachment":[{"href":"https:\/\/kinit.sk\/sk\/wp-json\/wp\/v2\/media?parent=5648"}],"curies":[{"name":"wp","href":"https:\/\/api.w.org\/{rel}","templated":true}]}}