{"id":18970,"date":"2022-06-30T01:18:59","date_gmt":"2022-06-29T23:18:59","guid":{"rendered":"https:\/\/kinit.sk\/novinky\/past-events\/"},"modified":"2022-06-30T01:39:25","modified_gmt":"2022-06-29T23:39:25","slug":"minule-podujatia","status":"publish","type":"page","link":"https:\/\/kinit.sk\/sk\/novinky\/minule-podujatia\/","title":{"rendered":"Minul\u00e9 podujatia"},"content":{"rendered":"<div id=\"\" class=\"element core-shortcode\"><div class=\"facetwp-template\" data-name=\"past_events\"><article id=\"loop-item-41283\" class=\"loop-item\">\n  <div class=\"inner cf\">\n    <a href=\"https:\/\/kinit.sk\/sk\/podujatie\/marcove-hrs4r-dni\/\">\n              <div class=\"picture\">\n            <img decoding=\"async\" width=\"320\" height=\"200\" data-src=\"https:\/\/kinit.sk\/wp-content\/uploads\/2023\/02\/202302_event_invitation_feature_2-320x200.png\" class=\"attachment-thumbnail size-thumbnail wp-post-image lazyload\" alt=\"\" src=\"data:image\/svg+xml;base64,PHN2ZyB3aWR0aD0iMSIgaGVpZ2h0PSIxIiB4bWxucz0iaHR0cDovL3d3dy53My5vcmcvMjAwMC9zdmciPjwvc3ZnPg==\" style=\"--smush-placeholder-width: 320px; --smush-placeholder-aspect-ratio: 320\/200;\" \/>        <\/div>\n            <div class=\"content cf\">\n        <div class=\"content-inner\">\n          <h3>Marcov\u00e9 HRS4R dni<\/h3>\n          <div class=\"meta cf\">\n            <div class=\"date\">\n              23. mar 2026            <\/div>\n          <\/div>\n          <div class=\"excerpt\">V polovici marca sme sa z\u00fa\u010dastnili dvoch podujat\u00ed v r\u00e1mci projektu HRS4R. Po\u010das 19. marca sme sa z\u00fa\u010dastnili konferencie zameranej na zlep\u0161ovanie pracovn\u00fdch podmienok pre v\u00fdskumn\u00edkov v slovensk\u00fdch v\u00fdskumn\u00fdch in\u0161tit\u00faci\u00e1ch....<\/div>\n        <\/div>\n      <\/div>\n    <\/a>\n  <\/div>\n<\/article>\n<article id=\"loop-item-41037\" class=\"loop-item\">\n  <div class=\"inner cf\">\n    <a href=\"https:\/\/kinit.sk\/sk\/podujatie\/adapt-training-2026\/\">\n              <div class=\"picture\">\n            <img decoding=\"async\" width=\"320\" height=\"200\" data-src=\"https:\/\/kinit.sk\/wp-content\/uploads\/2023\/02\/202302_event_invitation_feature_1-320x200.png\" class=\"attachment-thumbnail size-thumbnail wp-post-image lazyload\" alt=\"\" src=\"data:image\/svg+xml;base64,PHN2ZyB3aWR0aD0iMSIgaGVpZ2h0PSIxIiB4bWxucz0iaHR0cDovL3d3dy53My5vcmcvMjAwMC9zdmciPjwvc3ZnPg==\" style=\"--smush-placeholder-width: 320px; --smush-placeholder-aspect-ratio: 320\/200;\" \/>        <\/div>\n            <div class=\"content cf\">\n        <div class=\"content-inner\">\n          <h3>ADAPT Training 2026<\/h3>\n          <div class=\"meta cf\">\n            <div class=\"date\">\n              6. mar 2026            <\/div>\n          <\/div>\n          <div class=\"excerpt\">lorAI is hosting a Research Development Training led by experts from the ADAPT Centre today at KInIT. Eva Power, Monica Lechea and Paulo Soncini are providing researchers with the right...<\/div>\n        <\/div>\n      <\/div>\n    <\/a>\n  <\/div>\n<\/article>\n<article id=\"loop-item-41039\" class=\"loop-item\">\n  <div class=\"inner cf\">\n    <a href=\"https:\/\/kinit.sk\/sk\/podujatie\/ai-impact-summit-2026\/\">\n              <div class=\"picture\">\n            <img decoding=\"async\" width=\"320\" height=\"200\" data-src=\"https:\/\/kinit.sk\/wp-content\/uploads\/2025\/05\/Event-Invitation_feature_image-320x200.png\" class=\"attachment-thumbnail size-thumbnail wp-post-image lazyload\" alt=\"\" src=\"data:image\/svg+xml;base64,PHN2ZyB3aWR0aD0iMSIgaGVpZ2h0PSIxIiB4bWxucz0iaHR0cDovL3d3dy53My5vcmcvMjAwMC9zdmciPjwvc3ZnPg==\" style=\"--smush-placeholder-width: 320px; --smush-placeholder-aspect-ratio: 320\/200;\" \/>        <\/div>\n            <div class=\"content cf\">\n        <div class=\"content-inner\">\n          <h3>AI Impact Summit 2026<\/h3>\n          <div class=\"meta cf\">\n            <div class=\"date\">\n              5. mar 2026            <\/div>\n          <\/div>\n          <div class=\"excerpt\">We visited New Delhi for the India AI Impact Summit 2026! On February 20, our CEO M\u00e1ria Bielikov\u00e1 joined a high-level side event hosted by the UN Office for Digital...<\/div>\n        <\/div>\n      <\/div>\n    <\/a>\n  <\/div>\n<\/article>\n<article id=\"loop-item-40305\" class=\"loop-item\">\n  <div class=\"inner cf\">\n    <a href=\"https:\/\/kinit.sk\/sk\/podujatie\/better_ai_meetup-on-leveraging-ai-agents-how-we-use-ai-in-public-services-and-to-enhance-human-skills\/\">\n              <div class=\"picture\">\n            <img decoding=\"async\" width=\"320\" height=\"200\" data-src=\"https:\/\/kinit.sk\/wp-content\/uploads\/2026\/02\/KInIT-Banner-320x200.png\" class=\"attachment-thumbnail size-thumbnail wp-post-image lazyload\" alt=\"\" src=\"data:image\/svg+xml;base64,PHN2ZyB3aWR0aD0iMSIgaGVpZ2h0PSIxIiB4bWxucz0iaHR0cDovL3d3dy53My5vcmcvMjAwMC9zdmciPjwvc3ZnPg==\" style=\"--smush-placeholder-width: 320px; --smush-placeholder-aspect-ratio: 320\/200;\" \/>        <\/div>\n            <div class=\"content cf\">\n        <div class=\"content-inner\">\n          <h3>Better_AI_Meetup on Leveraging AI Agents: How We Use AI In Public Services and to Enhance Human Skills<\/h3>\n          <div class=\"meta cf\">\n            <div class=\"date\">\n              3. feb 2026            <\/div>\n          <\/div>\n          <div class=\"excerpt\">Join Better_AI_Meetup, a space for AI designers and builders who believe in a better world with AI. Are you frustrated with public services and think AI agents can do a...<\/div>\n        <\/div>\n      <\/div>\n    <\/a>\n  <\/div>\n<\/article>\n<article id=\"loop-item-40100\" class=\"loop-item\">\n  <div class=\"inner cf\">\n    <a href=\"https:\/\/kinit.sk\/sk\/podujatie\/leaf-xmas-party-2025\/\">\n              <div class=\"picture\">\n            <img decoding=\"async\" width=\"320\" height=\"200\" data-src=\"https:\/\/kinit.sk\/wp-content\/uploads\/2025\/12\/Slovaks.ai_Leaf-Xmas-party-2025-1-320x200.png\" class=\"attachment-thumbnail size-thumbnail wp-post-image lazyload\" alt=\"\" src=\"data:image\/svg+xml;base64,PHN2ZyB3aWR0aD0iMSIgaGVpZ2h0PSIxIiB4bWxucz0iaHR0cDovL3d3dy53My5vcmcvMjAwMC9zdmciPjwvc3ZnPg==\" style=\"--smush-placeholder-width: 320px; --smush-placeholder-aspect-ratio: 320\/200;\" \/>        <\/div>\n            <div class=\"content cf\">\n        <div class=\"content-inner\">\n          <h3>Leaf Xmas party 2025<\/h3>\n          <div class=\"meta cf\">\n            <div class=\"date\">\n              27. jan 2026            <\/div>\n          <\/div>\n          <div class=\"excerpt\">In December, we partnered with the LEAF organization for their Christmas gathering. Representing the slovaks.ai initiative, we had the opportunity to meet members of our community, reconnect with familiar faces,...<\/div>\n        <\/div>\n      <\/div>\n    <\/a>\n  <\/div>\n<\/article>\n<article id=\"loop-item-40112\" class=\"loop-item\">\n  <div class=\"inner cf\">\n    <a href=\"https:\/\/kinit.sk\/sk\/podujatie\/bringing-the-global-slovak-ai-community-closer-to-local-talent\/\">\n              <div class=\"picture\">\n            <img decoding=\"async\" width=\"320\" height=\"200\" data-src=\"https:\/\/kinit.sk\/wp-content\/uploads\/2025\/11\/Slovaks.ai_Bringing-the-Global-Slovak-AI-Community-Closer-to-Local-Talent-320x200.png\" class=\"attachment-thumbnail size-thumbnail wp-post-image lazyload\" alt=\"\" src=\"data:image\/svg+xml;base64,PHN2ZyB3aWR0aD0iMSIgaGVpZ2h0PSIxIiB4bWxucz0iaHR0cDovL3d3dy53My5vcmcvMjAwMC9zdmciPjwvc3ZnPg==\" style=\"--smush-placeholder-width: 320px; --smush-placeholder-aspect-ratio: 320\/200;\" \/>        <\/div>\n            <div class=\"content cf\">\n        <div class=\"content-inner\">\n          <h3>Bringing the Global Slovak AI Community Closer to Local Talent<\/h3>\n          <div class=\"meta cf\">\n            <div class=\"date\">\n              21. jan 2026            <\/div>\n          <\/div>\n          <div class=\"excerpt\">Through the slovaks.ai initiative, we were pleased to support a valuable connection between Slovak students and members of the global Slovak AI diaspora. Dominik \u201cNiko\u201d Dubovsk\u00fd, Slovak entrepreneur and co-founder...<\/div>\n        <\/div>\n      <\/div>\n    <\/a>\n  <\/div>\n<\/article>\n<article id=\"loop-item-40110\" class=\"loop-item\">\n  <div class=\"inner cf\">\n    <a href=\"https:\/\/kinit.sk\/sk\/podujatie\/zijem-vedu-2025\/\">\n              <div class=\"picture\">\n            <img decoding=\"async\" width=\"320\" height=\"200\" data-src=\"https:\/\/kinit.sk\/wp-content\/uploads\/2025\/12\/Slovaks.ai_Zijem-vedu-2025-320x200.png\" class=\"attachment-thumbnail size-thumbnail wp-post-image lazyload\" alt=\"\" src=\"data:image\/svg+xml;base64,PHN2ZyB3aWR0aD0iMSIgaGVpZ2h0PSIxIiB4bWxucz0iaHR0cDovL3d3dy53My5vcmcvMjAwMC9zdmciPjwvc3ZnPg==\" style=\"--smush-placeholder-width: 320px; --smush-placeholder-aspect-ratio: 320\/200;\" \/>        <\/div>\n            <div class=\"content cf\">\n        <div class=\"content-inner\">\n          <h3>\u017dijem vedu 2025<\/h3>\n          <div class=\"meta cf\">\n            <div class=\"date\">\n              21. jan 2026            <\/div>\n          <\/div>\n          <div class=\"excerpt\">In December, we had the pleasure of participating in the \u017dijem vedu na\u017eivo event in Bratislava, which brought together Slovak scientists and professionals from around the world. We were proud...<\/div>\n        <\/div>\n      <\/div>\n    <\/a>\n  <\/div>\n<\/article>\n<article id=\"loop-item-41720\" class=\"loop-item\">\n  <div class=\"inner cf\">\n    <a href=\"https:\/\/kinit.sk\/sk\/podujatie\/slovak-nlp-community-meeting-3\/\">\n              <div class=\"picture\">\n            <img decoding=\"async\" width=\"320\" height=\"200\" data-src=\"https:\/\/kinit.sk\/wp-content\/uploads\/2023\/02\/202302_event_invitation_feature_2-320x200.png\" class=\"attachment-thumbnail size-thumbnail wp-post-image lazyload\" alt=\"\" src=\"data:image\/svg+xml;base64,PHN2ZyB3aWR0aD0iMSIgaGVpZ2h0PSIxIiB4bWxucz0iaHR0cDovL3d3dy53My5vcmcvMjAwMC9zdmciPjwvc3ZnPg==\" style=\"--smush-placeholder-width: 320px; --smush-placeholder-aspect-ratio: 320\/200;\" \/>        <\/div>\n            <div class=\"content cf\">\n        <div class=\"content-inner\">\n          <h3>Slovak NLP Community Meeting #3<\/h3>\n          <div class=\"meta cf\">\n            <div class=\"date\">\n              21. nov 2025            <\/div>\n          <\/div>\n          <div class=\"excerpt\">Program 12:30 Pr\u00edchod, spolo\u010dn\u00fd obed13:20 Otvorenie13:30 Pozvan\u00e1 predn\u00e1\u0161ka: Daniel Hl\u00e1dek: Tr\u00e9novanie a vyhodnotenie vektorov\u00fdch modelov slovensk\u00e9ho jazyka pomocou mno\u017einy ot\u00e1zok a odpoved\u00ed14:15 Okr\u00fahly st\u00f4l (info o t\u00edmoch + diskusia)I. Novinky...<\/div>\n        <\/div>\n      <\/div>\n    <\/a>\n  <\/div>\n<\/article>\n<article id=\"loop-item-39217\" class=\"loop-item\">\n  <div class=\"inner cf\">\n    <a href=\"https:\/\/kinit.sk\/sk\/podujatie\/knowledge-sharing-seminar-in-the-field-of-self-attention-sparsity-and-tool-use-optimization\/\">\n              <div class=\"picture\">\n            <img decoding=\"async\" width=\"320\" height=\"200\" data-src=\"https:\/\/kinit.sk\/wp-content\/uploads\/2025\/11\/slovaks.ai-podujatie-feature-image-320x200.png\" class=\"attachment-thumbnail size-thumbnail wp-post-image lazyload\" alt=\"\" src=\"data:image\/svg+xml;base64,PHN2ZyB3aWR0aD0iMSIgaGVpZ2h0PSIxIiB4bWxucz0iaHR0cDovL3d3dy53My5vcmcvMjAwMC9zdmciPjwvc3ZnPg==\" style=\"--smush-placeholder-width: 320px; --smush-placeholder-aspect-ratio: 320\/200;\" \/>        <\/div>\n            <div class=\"content cf\">\n        <div class=\"content-inner\">\n          <h3>Knowledge sharing seminar in the field of self-attention sparsity and tool-use optimization<\/h3>\n          <div class=\"meta cf\">\n            <div class=\"date\">\n              13. nov 2025            <\/div>\n          <\/div>\n          <div class=\"excerpt\">Martin Garaj, Research Team Lead at Huawei and former member of our Green and Secure Environment team, presented his recent ECAI 2025 paper \u201cInvestigating Sparsity of Self-Attention.\u201d He also shared...<\/div>\n        <\/div>\n      <\/div>\n    <\/a>\n  <\/div>\n<\/article>\n<\/div>\n<\/div>\n\n<div id=\"\" class=\"element core-shortcode\"><div class=\"facetwp-facet facetwp-facet-pager_ facetwp-type-pager\" data-name=\"pager_\" data-type=\"pager\"><\/div>\n<\/div>","protected":false},"excerpt":{"rendered":"","protected":false},"author":1,"featured_media":0,"parent":17284,"menu_order":5,"comment_status":"closed","ping_status":"closed","template":"","meta":{"_acf_changed":false,"footnotes":""},"class_list":["post-18970","page","type-page","status-publish","hentry"],"acf":[],"yoast_head":"<!-- This site is optimized with the Yoast SEO plugin v27.4 - https:\/\/yoast.com\/product\/yoast-seo-wordpress\/ -->\n<title>Minul\u00e9 podujatia - KInIT<\/title>\n<meta name=\"robots\" content=\"index, follow, max-snippet:-1, max-image-preview:large, max-video-preview:-1\" \/>\n<link rel=\"canonical\" href=\"https:\/\/kinit.sk\/sk\/novinky\/minule-podujatia\/\" \/>\n<meta property=\"og:locale\" content=\"sk_SK\" \/>\n<meta property=\"og:type\" content=\"article\" \/>\n<meta property=\"og:title\" content=\"Minul\u00e9 podujatia - KInIT\" \/>\n<meta property=\"og:url\" content=\"https:\/\/kinit.sk\/sk\/novinky\/minule-podujatia\/\" \/>\n<meta property=\"og:site_name\" content=\"KInIT\" \/>\n<meta property=\"article:modified_time\" content=\"2022-06-29T23:39:25+00:00\" \/>\n<meta property=\"og:image\" content=\"https:\/\/kinit.sk\/wp-content\/uploads\/2021\/03\/KINIT_Sharepic.png\" \/>\n\t<meta property=\"og:image:width\" content=\"1200\" \/>\n\t<meta property=\"og:image:height\" content=\"628\" \/>\n\t<meta property=\"og:image:type\" content=\"image\/png\" \/>\n<meta name=\"twitter:card\" content=\"summary_large_image\" \/>\n<meta name=\"twitter:site\" content=\"@kinit\" \/>\n<meta name=\"twitter:label1\" content=\"Predpokladan\u00fd \u010das \u010d\u00edtania\" \/>\n\t<meta name=\"twitter:data1\" content=\"1 min\u00fata\" \/>\n<script type=\"application\/ld+json\" class=\"yoast-schema-graph\">{\"@context\":\"https:\\\/\\\/schema.org\",\"@graph\":[{\"@type\":\"WebPage\",\"@id\":\"https:\\\/\\\/kinit.sk\\\/sk\\\/novinky\\\/minule-podujatia\\\/\",\"url\":\"https:\\\/\\\/kinit.sk\\\/sk\\\/novinky\\\/minule-podujatia\\\/\",\"name\":\"Minul\u00e9 podujatia - KInIT\",\"isPartOf\":{\"@id\":\"https:\\\/\\\/kinit.sk\\\/#website\"},\"datePublished\":\"2022-06-29T23:18:59+00:00\",\"dateModified\":\"2022-06-29T23:39:25+00:00\",\"breadcrumb\":{\"@id\":\"https:\\\/\\\/kinit.sk\\\/sk\\\/novinky\\\/minule-podujatia\\\/#breadcrumb\"},\"inLanguage\":\"sk-SK\",\"potentialAction\":[{\"@type\":\"ReadAction\",\"target\":[\"https:\\\/\\\/kinit.sk\\\/sk\\\/novinky\\\/minule-podujatia\\\/\"]}]},{\"@type\":\"BreadcrumbList\",\"@id\":\"https:\\\/\\\/kinit.sk\\\/sk\\\/novinky\\\/minule-podujatia\\\/#breadcrumb\",\"itemListElement\":[{\"@type\":\"ListItem\",\"position\":1,\"name\":\"Home\",\"item\":\"https:\\\/\\\/kinit.sk\\\/sk\\\/uvod\\\/\"},{\"@type\":\"ListItem\",\"position\":2,\"name\":\"Novinky\",\"item\":\"https:\\\/\\\/kinit.sk\\\/sk\\\/novinky\\\/\"},{\"@type\":\"ListItem\",\"position\":3,\"name\":\"Minul\u00e9 podujatia\"}]},{\"@type\":\"WebSite\",\"@id\":\"https:\\\/\\\/kinit.sk\\\/#website\",\"url\":\"https:\\\/\\\/kinit.sk\\\/\",\"name\":\"KInIT\",\"description\":\"Vyu\u017e\u00edvame v\u00fdskum pre \u013eud\u00ed a priemysel\",\"potentialAction\":[{\"@type\":\"SearchAction\",\"target\":{\"@type\":\"EntryPoint\",\"urlTemplate\":\"https:\\\/\\\/kinit.sk\\\/?s={search_term_string}\"},\"query-input\":{\"@type\":\"PropertyValueSpecification\",\"valueRequired\":true,\"valueName\":\"search_term_string\"}}],\"inLanguage\":\"sk-SK\"}]}<\/script>\n<!-- \/ Yoast SEO plugin. -->","yoast_head_json":{"title":"Minul\u00e9 podujatia - KInIT","robots":{"index":"index","follow":"follow","max-snippet":"max-snippet:-1","max-image-preview":"max-image-preview:large","max-video-preview":"max-video-preview:-1"},"canonical":"https:\/\/kinit.sk\/sk\/novinky\/minule-podujatia\/","og_locale":"sk_SK","og_type":"article","og_title":"Minul\u00e9 podujatia - KInIT","og_url":"https:\/\/kinit.sk\/sk\/novinky\/minule-podujatia\/","og_site_name":"KInIT","article_modified_time":"2022-06-29T23:39:25+00:00","og_image":[{"width":1200,"height":628,"url":"https:\/\/kinit.sk\/wp-content\/uploads\/2021\/03\/KINIT_Sharepic.png","type":"image\/png"}],"twitter_card":"summary_large_image","twitter_site":"@kinit","twitter_misc":{"Predpokladan\u00fd \u010das \u010d\u00edtania":"1 min\u00fata"},"schema":{"@context":"https:\/\/schema.org","@graph":[{"@type":"WebPage","@id":"https:\/\/kinit.sk\/sk\/novinky\/minule-podujatia\/","url":"https:\/\/kinit.sk\/sk\/novinky\/minule-podujatia\/","name":"Minul\u00e9 podujatia - KInIT","isPartOf":{"@id":"https:\/\/kinit.sk\/#website"},"datePublished":"2022-06-29T23:18:59+00:00","dateModified":"2022-06-29T23:39:25+00:00","breadcrumb":{"@id":"https:\/\/kinit.sk\/sk\/novinky\/minule-podujatia\/#breadcrumb"},"inLanguage":"sk-SK","potentialAction":[{"@type":"ReadAction","target":["https:\/\/kinit.sk\/sk\/novinky\/minule-podujatia\/"]}]},{"@type":"BreadcrumbList","@id":"https:\/\/kinit.sk\/sk\/novinky\/minule-podujatia\/#breadcrumb","itemListElement":[{"@type":"ListItem","position":1,"name":"Home","item":"https:\/\/kinit.sk\/sk\/uvod\/"},{"@type":"ListItem","position":2,"name":"Novinky","item":"https:\/\/kinit.sk\/sk\/novinky\/"},{"@type":"ListItem","position":3,"name":"Minul\u00e9 podujatia"}]},{"@type":"WebSite","@id":"https:\/\/kinit.sk\/#website","url":"https:\/\/kinit.sk\/","name":"KInIT","description":"Vyu\u017e\u00edvame v\u00fdskum pre \u013eud\u00ed a priemysel","potentialAction":[{"@type":"SearchAction","target":{"@type":"EntryPoint","urlTemplate":"https:\/\/kinit.sk\/?s={search_term_string}"},"query-input":{"@type":"PropertyValueSpecification","valueRequired":true,"valueName":"search_term_string"}}],"inLanguage":"sk-SK"}]}},"_links":{"self":[{"href":"https:\/\/kinit.sk\/sk\/wp-json\/wp\/v2\/pages\/18970","targetHints":{"allow":["GET"]}}],"collection":[{"href":"https:\/\/kinit.sk\/sk\/wp-json\/wp\/v2\/pages"}],"about":[{"href":"https:\/\/kinit.sk\/sk\/wp-json\/wp\/v2\/types\/page"}],"author":[{"embeddable":true,"href":"https:\/\/kinit.sk\/sk\/wp-json\/wp\/v2\/users\/1"}],"replies":[{"embeddable":true,"href":"https:\/\/kinit.sk\/sk\/wp-json\/wp\/v2\/comments?post=18970"}],"version-history":[{"count":1,"href":"https:\/\/kinit.sk\/sk\/wp-json\/wp\/v2\/pages\/18970\/revisions"}],"predecessor-version":[{"id":18971,"href":"https:\/\/kinit.sk\/sk\/wp-json\/wp\/v2\/pages\/18970\/revisions\/18971"}],"up":[{"embeddable":true,"href":"https:\/\/kinit.sk\/sk\/wp-json\/wp\/v2\/pages\/17284"}],"wp:attachment":[{"href":"https:\/\/kinit.sk\/sk\/wp-json\/wp\/v2\/media?parent=18970"}],"curies":[{"name":"wp","href":"https:\/\/api.w.org\/{rel}","templated":true}]}}