{"id":38065,"date":"2025-09-16T10:43:24","date_gmt":"2025-09-16T08:43:24","guid":{"rendered":"https:\/\/kinit.sk\/event\/slovak-pro-summit-2025\/"},"modified":"2025-10-22T20:11:40","modified_gmt":"2025-10-22T18:11:40","slug":"slovak-pro-summit-2025","status":"publish","type":"event","link":"https:\/\/kinit.sk\/sk\/podujatie\/slovak-pro-summit-2025\/","title":{"rendered":"Slovak Pro Summit 2025"},"content":{"rendered":"<div id=\"\" class=\"element core-paragraph\">\n<p>We are proud to be a co-organiser of the upcoming <strong>Slovak PRO Summit 2025<\/strong>, led by our valued collaborators at <strong><a href=\"https:\/\/www.slovakpro.org\/events\">Slovak PRO<\/a>. <\/strong>This community-driven non-profit association supports Slovaks in North America through professional, cultural, and educational initiatives. The event will take place on <strong>September 23<\/strong> in <strong>New York City<\/strong>, bringing together Slovak leaders from across sectors to celebrate innovation, leadership, and community.<\/p>\n<\/div>\n\n<div id=\"\" class=\"element core-paragraph\">\n<p>As part of our broader efforts under the <a href=\"http:\/\/slovaks.ai\"><strong>slovaks.ai<\/strong> project<\/a>, supported by the Slovak Resilience and Recovery Plan, we will contribute to the program through a short address by <strong><a href=\"https:\/\/kinit.sk\/member\/diana-lokere\/\">Diana Lokere<\/a><\/strong>, our <strong>Chief People &amp; Culture Officer<\/strong>, <strong>Diana Lokere.<\/strong><\/p>\n<\/div>\n\n<div id=\"\" class=\"element core-paragraph\">\n<p>We are proud to build on the momentum of collaboration with Slovak PRO and other organisations, strengthening Slovak professional networks worldwide. Together, we aim to deepen diaspora engagement and amplify the impact of shared initiatives.<\/p>\n<\/div>\n\n<div id=\"\" class=\"element core-paragraph\">\n<p>Stay tuned for insights and highlights from this inspiring event!<\/p>\n<\/div>\n\n<div id=\"\" class=\"element core-heading\">\n<h2 class=\"wp-block-heading\">Photos from the summit<\/h2>\n<\/div>\n\n<div id=\"\" class=\"element core-columns\">\n<div class=\"wp-block-columns has-small-font-size is-layout-flex wp-container-core-columns-is-layout-9d6595d7 wp-block-columns-is-layout-flex\"><div id=\"\" class=\"element core-column\">\n<div class=\"wp-block-column is-layout-flow wp-block-column-is-layout-flow\"><div id=\"\" class=\"element core-image\">\n<figure class=\"wp-block-image size-large\"><img decoding=\"async\" width=\"1024\" height=\"682\" data-src=\"https:\/\/kinit.sk\/wp-content\/uploads\/2025\/09\/DiaNY1-1024x682.jpg\" alt=\"\" class=\"wp-image-38791 lazyload\" data-srcset=\"https:\/\/kinit.sk\/wp-content\/uploads\/2025\/09\/DiaNY1-1024x682.jpg 1024w, https:\/\/kinit.sk\/wp-content\/uploads\/2025\/09\/DiaNY1-300x200.jpg 300w, https:\/\/kinit.sk\/wp-content\/uploads\/2025\/09\/DiaNY1-768x512.jpg 768w, https:\/\/kinit.sk\/wp-content\/uploads\/2025\/09\/DiaNY1-1536x1023.jpg 1536w, https:\/\/kinit.sk\/wp-content\/uploads\/2025\/09\/DiaNY1-600x400.jpg 600w, https:\/\/kinit.sk\/wp-content\/uploads\/2025\/09\/DiaNY1-900x600.jpg 900w, https:\/\/kinit.sk\/wp-content\/uploads\/2025\/09\/DiaNY1.jpg 1600w\" data-sizes=\"(max-width: 1024px) 100vw, 1024px\" src=\"data:image\/svg+xml;base64,PHN2ZyB3aWR0aD0iMSIgaGVpZ2h0PSIxIiB4bWxucz0iaHR0cDovL3d3dy53My5vcmcvMjAwMC9zdmciPjwvc3ZnPg==\" style=\"--smush-placeholder-width: 1024px; --smush-placeholder-aspect-ratio: 1024\/682;\" \/><\/figure>\n<\/div><\/div>\n<\/div>\n\n<div id=\"\" class=\"element core-column\">\n<div class=\"wp-block-column is-layout-flow wp-block-column-is-layout-flow\"><div id=\"\" class=\"element core-image\">\n<figure class=\"wp-block-image size-full\"><img decoding=\"async\" width=\"2048\" height=\"1365\" data-src=\"https:\/\/kinit.sk\/wp-content\/uploads\/2025\/09\/DiaNY2.jpeg\" alt=\"\" class=\"wp-image-38795 lazyload\" data-srcset=\"https:\/\/kinit.sk\/wp-content\/uploads\/2025\/09\/DiaNY2.jpeg 2048w, https:\/\/kinit.sk\/wp-content\/uploads\/2025\/09\/DiaNY2-300x200.jpeg 300w, https:\/\/kinit.sk\/wp-content\/uploads\/2025\/09\/DiaNY2-1024x683.jpeg 1024w, https:\/\/kinit.sk\/wp-content\/uploads\/2025\/09\/DiaNY2-768x512.jpeg 768w, https:\/\/kinit.sk\/wp-content\/uploads\/2025\/09\/DiaNY2-1536x1024.jpeg 1536w, https:\/\/kinit.sk\/wp-content\/uploads\/2025\/09\/DiaNY2-600x400.jpeg 600w, https:\/\/kinit.sk\/wp-content\/uploads\/2025\/09\/DiaNY2-900x600.jpeg 900w\" data-sizes=\"(max-width: 2048px) 100vw, 2048px\" src=\"data:image\/svg+xml;base64,PHN2ZyB3aWR0aD0iMSIgaGVpZ2h0PSIxIiB4bWxucz0iaHR0cDovL3d3dy53My5vcmcvMjAwMC9zdmciPjwvc3ZnPg==\" style=\"--smush-placeholder-width: 2048px; --smush-placeholder-aspect-ratio: 2048\/1365;\" \/><\/figure>\n<\/div><\/div>\n<\/div>\n\n<div id=\"\" class=\"element core-column\">\n<div class=\"wp-block-column is-layout-flow wp-block-column-is-layout-flow\"><div id=\"\" class=\"element core-image\">\n<figure class=\"wp-block-image size-large\"><img decoding=\"async\" width=\"1024\" height=\"576\" data-src=\"https:\/\/kinit.sk\/wp-content\/uploads\/2025\/09\/DiaNY3-1024x576.jpg\" alt=\"\" class=\"wp-image-38793 lazyload\" data-srcset=\"https:\/\/kinit.sk\/wp-content\/uploads\/2025\/09\/DiaNY3-1024x576.jpg 1024w, https:\/\/kinit.sk\/wp-content\/uploads\/2025\/09\/DiaNY3-300x169.jpg 300w, https:\/\/kinit.sk\/wp-content\/uploads\/2025\/09\/DiaNY3-768x432.jpg 768w, https:\/\/kinit.sk\/wp-content\/uploads\/2025\/09\/DiaNY3-1536x864.jpg 1536w, https:\/\/kinit.sk\/wp-content\/uploads\/2025\/09\/DiaNY3.jpg 2016w\" data-sizes=\"(max-width: 1024px) 100vw, 1024px\" src=\"data:image\/svg+xml;base64,PHN2ZyB3aWR0aD0iMSIgaGVpZ2h0PSIxIiB4bWxucz0iaHR0cDovL3d3dy53My5vcmcvMjAwMC9zdmciPjwvc3ZnPg==\" style=\"--smush-placeholder-width: 1024px; --smush-placeholder-aspect-ratio: 1024\/576;\" \/><\/figure>\n<\/div><\/div>\n<\/div><\/div>\n<\/div>","protected":false},"featured_media":38063,"template":"","meta":{"_acf_changed":true,"footnotes":""},"categories":[87,520],"class_list":["post-38065","event","type-event","status-publish","has-post-thumbnail","hentry","category-past-events-sk","category-2025-sk"],"acf":[],"yoast_head":"<!-- This site is optimized with the Yoast SEO plugin v27.4 - https:\/\/yoast.com\/product\/yoast-seo-wordpress\/ -->\n<title>Slovak Pro Summit 2025 - KInIT<\/title>\n<meta name=\"description\" content=\"We are proud to be a co-organiser of the upcoming Slovak PRO Summit 2025, led by our valued collaborators at Slovak PRO. This community...\" \/>\n<meta name=\"robots\" content=\"index, follow, max-snippet:-1, max-image-preview:large, max-video-preview:-1\" \/>\n<link rel=\"canonical\" href=\"https:\/\/kinit.sk\/sk\/podujatie\/slovak-pro-summit-2025\/\" \/>\n<meta property=\"og:locale\" content=\"sk_SK\" \/>\n<meta property=\"og:type\" content=\"article\" \/>\n<meta property=\"og:title\" content=\"Slovak Pro Summit 2025 - KInIT\" \/>\n<meta property=\"og:description\" content=\"We are proud to be a co-organiser of the upcoming Slovak PRO Summit 2025, led by our valued collaborators at Slovak PRO. This community...\" \/>\n<meta property=\"og:url\" content=\"https:\/\/kinit.sk\/sk\/podujatie\/slovak-pro-summit-2025\/\" \/>\n<meta property=\"og:site_name\" content=\"KInIT\" \/>\n<meta property=\"article:modified_time\" content=\"2025-10-22T18:11:40+00:00\" \/>\n<meta property=\"og:image\" content=\"https:\/\/kinit.sk\/wp-content\/uploads\/2025\/09\/Slovak-PRO-Summit_event_feature-image-scaled.png\" \/>\n\t<meta property=\"og:image:width\" content=\"2560\" \/>\n\t<meta property=\"og:image:height\" content=\"1340\" \/>\n\t<meta property=\"og:image:type\" content=\"image\/png\" \/>\n<meta name=\"twitter:card\" content=\"summary_large_image\" \/>\n<meta name=\"twitter:site\" content=\"@kinit\" \/>\n<meta name=\"twitter:label1\" content=\"Predpokladan\u00fd \u010das \u010d\u00edtania\" \/>\n\t<meta name=\"twitter:data1\" content=\"1 min\u00fata\" \/>\n<script type=\"application\/ld+json\" class=\"yoast-schema-graph\">{\"@context\":\"https:\\\/\\\/schema.org\",\"@graph\":[{\"@type\":\"WebPage\",\"@id\":\"https:\\\/\\\/kinit.sk\\\/sk\\\/podujatie\\\/slovak-pro-summit-2025\\\/\",\"url\":\"https:\\\/\\\/kinit.sk\\\/sk\\\/podujatie\\\/slovak-pro-summit-2025\\\/\",\"name\":\"Slovak Pro Summit 2025 - KInIT\",\"isPartOf\":{\"@id\":\"https:\\\/\\\/kinit.sk\\\/#website\"},\"primaryImageOfPage\":{\"@id\":\"https:\\\/\\\/kinit.sk\\\/sk\\\/podujatie\\\/slovak-pro-summit-2025\\\/#primaryimage\"},\"image\":{\"@id\":\"https:\\\/\\\/kinit.sk\\\/sk\\\/podujatie\\\/slovak-pro-summit-2025\\\/#primaryimage\"},\"thumbnailUrl\":\"https:\\\/\\\/kinit.sk\\\/wp-content\\\/uploads\\\/2025\\\/09\\\/Slovak-PRO-Summit_event_feature-image-scaled.png\",\"datePublished\":\"2025-09-16T08:43:24+00:00\",\"dateModified\":\"2025-10-22T18:11:40+00:00\",\"description\":\"We are proud to be a co-organiser of the upcoming Slovak PRO Summit 2025, led by our valued collaborators at Slovak PRO. This community...\",\"breadcrumb\":{\"@id\":\"https:\\\/\\\/kinit.sk\\\/sk\\\/podujatie\\\/slovak-pro-summit-2025\\\/#breadcrumb\"},\"inLanguage\":\"sk-SK\",\"potentialAction\":[{\"@type\":\"ReadAction\",\"target\":[\"https:\\\/\\\/kinit.sk\\\/sk\\\/podujatie\\\/slovak-pro-summit-2025\\\/\"]}]},{\"@type\":\"ImageObject\",\"inLanguage\":\"sk-SK\",\"@id\":\"https:\\\/\\\/kinit.sk\\\/sk\\\/podujatie\\\/slovak-pro-summit-2025\\\/#primaryimage\",\"url\":\"https:\\\/\\\/kinit.sk\\\/wp-content\\\/uploads\\\/2025\\\/09\\\/Slovak-PRO-Summit_event_feature-image-scaled.png\",\"contentUrl\":\"https:\\\/\\\/kinit.sk\\\/wp-content\\\/uploads\\\/2025\\\/09\\\/Slovak-PRO-Summit_event_feature-image-scaled.png\",\"width\":2560,\"height\":1340},{\"@type\":\"BreadcrumbList\",\"@id\":\"https:\\\/\\\/kinit.sk\\\/sk\\\/podujatie\\\/slovak-pro-summit-2025\\\/#breadcrumb\",\"itemListElement\":[{\"@type\":\"ListItem\",\"position\":1,\"name\":\"Home\",\"item\":\"https:\\\/\\\/kinit.sk\\\/sk\\\/uvod\\\/\"},{\"@type\":\"ListItem\",\"position\":2,\"name\":\"Past events\",\"item\":\"https:\\\/\\\/kinit.sk\\\/category\\\/past-events\\\/\"},{\"@type\":\"ListItem\",\"position\":3,\"name\":\"Slovak Pro Summit 2025\"}]},{\"@type\":\"WebSite\",\"@id\":\"https:\\\/\\\/kinit.sk\\\/#website\",\"url\":\"https:\\\/\\\/kinit.sk\\\/\",\"name\":\"KInIT\",\"description\":\"Vyu\u017e\u00edvame v\u00fdskum pre \u013eud\u00ed a priemysel\",\"potentialAction\":[{\"@type\":\"SearchAction\",\"target\":{\"@type\":\"EntryPoint\",\"urlTemplate\":\"https:\\\/\\\/kinit.sk\\\/?s={search_term_string}\"},\"query-input\":{\"@type\":\"PropertyValueSpecification\",\"valueRequired\":true,\"valueName\":\"search_term_string\"}}],\"inLanguage\":\"sk-SK\"}]}<\/script>\n<!-- \/ Yoast SEO plugin. -->","yoast_head_json":{"title":"Slovak Pro Summit 2025 - KInIT","description":"We are proud to be a co-organiser of the upcoming Slovak PRO Summit 2025, led by our valued collaborators at Slovak PRO. This community...","robots":{"index":"index","follow":"follow","max-snippet":"max-snippet:-1","max-image-preview":"max-image-preview:large","max-video-preview":"max-video-preview:-1"},"canonical":"https:\/\/kinit.sk\/sk\/podujatie\/slovak-pro-summit-2025\/","og_locale":"sk_SK","og_type":"article","og_title":"Slovak Pro Summit 2025 - KInIT","og_description":"We are proud to be a co-organiser of the upcoming Slovak PRO Summit 2025, led by our valued collaborators at Slovak PRO. This community...","og_url":"https:\/\/kinit.sk\/sk\/podujatie\/slovak-pro-summit-2025\/","og_site_name":"KInIT","article_modified_time":"2025-10-22T18:11:40+00:00","og_image":[{"width":2560,"height":1340,"url":"https:\/\/kinit.sk\/wp-content\/uploads\/2025\/09\/Slovak-PRO-Summit_event_feature-image-scaled.png","type":"image\/png"}],"twitter_card":"summary_large_image","twitter_site":"@kinit","twitter_misc":{"Predpokladan\u00fd \u010das \u010d\u00edtania":"1 min\u00fata"},"schema":{"@context":"https:\/\/schema.org","@graph":[{"@type":"WebPage","@id":"https:\/\/kinit.sk\/sk\/podujatie\/slovak-pro-summit-2025\/","url":"https:\/\/kinit.sk\/sk\/podujatie\/slovak-pro-summit-2025\/","name":"Slovak Pro Summit 2025 - KInIT","isPartOf":{"@id":"https:\/\/kinit.sk\/#website"},"primaryImageOfPage":{"@id":"https:\/\/kinit.sk\/sk\/podujatie\/slovak-pro-summit-2025\/#primaryimage"},"image":{"@id":"https:\/\/kinit.sk\/sk\/podujatie\/slovak-pro-summit-2025\/#primaryimage"},"thumbnailUrl":"https:\/\/kinit.sk\/wp-content\/uploads\/2025\/09\/Slovak-PRO-Summit_event_feature-image-scaled.png","datePublished":"2025-09-16T08:43:24+00:00","dateModified":"2025-10-22T18:11:40+00:00","description":"We are proud to be a co-organiser of the upcoming Slovak PRO Summit 2025, led by our valued collaborators at Slovak PRO. This community...","breadcrumb":{"@id":"https:\/\/kinit.sk\/sk\/podujatie\/slovak-pro-summit-2025\/#breadcrumb"},"inLanguage":"sk-SK","potentialAction":[{"@type":"ReadAction","target":["https:\/\/kinit.sk\/sk\/podujatie\/slovak-pro-summit-2025\/"]}]},{"@type":"ImageObject","inLanguage":"sk-SK","@id":"https:\/\/kinit.sk\/sk\/podujatie\/slovak-pro-summit-2025\/#primaryimage","url":"https:\/\/kinit.sk\/wp-content\/uploads\/2025\/09\/Slovak-PRO-Summit_event_feature-image-scaled.png","contentUrl":"https:\/\/kinit.sk\/wp-content\/uploads\/2025\/09\/Slovak-PRO-Summit_event_feature-image-scaled.png","width":2560,"height":1340},{"@type":"BreadcrumbList","@id":"https:\/\/kinit.sk\/sk\/podujatie\/slovak-pro-summit-2025\/#breadcrumb","itemListElement":[{"@type":"ListItem","position":1,"name":"Home","item":"https:\/\/kinit.sk\/sk\/uvod\/"},{"@type":"ListItem","position":2,"name":"Past events","item":"https:\/\/kinit.sk\/category\/past-events\/"},{"@type":"ListItem","position":3,"name":"Slovak Pro Summit 2025"}]},{"@type":"WebSite","@id":"https:\/\/kinit.sk\/#website","url":"https:\/\/kinit.sk\/","name":"KInIT","description":"Vyu\u017e\u00edvame v\u00fdskum pre \u013eud\u00ed a priemysel","potentialAction":[{"@type":"SearchAction","target":{"@type":"EntryPoint","urlTemplate":"https:\/\/kinit.sk\/?s={search_term_string}"},"query-input":{"@type":"PropertyValueSpecification","valueRequired":true,"valueName":"search_term_string"}}],"inLanguage":"sk-SK"}]}},"_links":{"self":[{"href":"https:\/\/kinit.sk\/sk\/wp-json\/wp\/v2\/event\/38065","targetHints":{"allow":["GET"]}}],"collection":[{"href":"https:\/\/kinit.sk\/sk\/wp-json\/wp\/v2\/event"}],"about":[{"href":"https:\/\/kinit.sk\/sk\/wp-json\/wp\/v2\/types\/event"}],"version-history":[{"count":3,"href":"https:\/\/kinit.sk\/sk\/wp-json\/wp\/v2\/event\/38065\/revisions"}],"predecessor-version":[{"id":38798,"href":"https:\/\/kinit.sk\/sk\/wp-json\/wp\/v2\/event\/38065\/revisions\/38798"}],"wp:featuredmedia":[{"embeddable":true,"href":"https:\/\/kinit.sk\/sk\/wp-json\/wp\/v2\/media\/38063"}],"wp:attachment":[{"href":"https:\/\/kinit.sk\/sk\/wp-json\/wp\/v2\/media?parent=38065"}],"wp:term":[{"taxonomy":"category","embeddable":true,"href":"https:\/\/kinit.sk\/sk\/wp-json\/wp\/v2\/categories?post=38065"}],"curies":[{"name":"wp","href":"https:\/\/api.w.org\/{rel}","templated":true}]}}