{"id":29079,"date":"2023-10-18T12:12:22","date_gmt":"2023-10-18T10:12:22","guid":{"rendered":"https:\/\/kinit.sk\/event\/cedmo-conference-dilemmas-in-european-democracy\/"},"modified":"2023-10-18T12:28:45","modified_gmt":"2023-10-18T10:28:45","slug":"cedmo-konferencia-dilemy-v-europskej-demokracii","status":"publish","type":"event","link":"https:\/\/kinit.sk\/sk\/podujatie\/cedmo-konferencia-dilemy-v-europskej-demokracii\/","title":{"rendered":"CEDMO konferencia: Dilemy v eur\u00f3pskej demokracii\u00a0"},"content":{"rendered":"<div id=\"\" class=\"element core-paragraph\">\n<p>Pridajte sa k n\u00e1m na <a href=\"https:\/\/cedmohub.eu\/sk\/zaregistrujte-sa-na-vyrocnu-konferenciu-cedmo\/?_gl=1*12jk9ju*_up*MQ..*_ga*MzA3OTYxMTc5LjE2OTcxMTQ3NDI.*_ga_44P6SY9R25*MTY5NzExNjc2Ni4yLjAuMTY5NzExNjc2Ni4wLjAuMA..\" target=\"_blank\" rel=\"noreferrer noopener\">druhom ro\u010dn\u00edku CEDMO konferencie,<\/a> tentoraz na t\u00e9mu: <em>Dilemmas in European Democracy: Is the Community Heading towards Political Nightfall and Technological Anomy?<\/em> Konferencia je organizovan\u00e1 v r\u00e1mci <a href=\"https:\/\/kinit.sk\/project\/cedmo-central-european-digital-media-observatory\/?highlight=cedmo\">projektu CEDMO<\/a>, ktor\u00e9ho s\u00fa\u010das\u0165ou je aj KInIT.<\/p>\n<\/div>\n\n<div id=\"\" class=\"element core-paragraph\">\n<p>Cie\u013eom <a href=\"https:\/\/cedmohub.eu\/\" target=\"_blank\" rel=\"noreferrer noopener\">CEDMO<\/a> je vytvori\u0165 centrum na boj s dezinform\u00e1ciami v r\u00e1mci \u010ceskej republiky, Po\u013eska a Slovenska. CEDMO svoj z\u00e1mer vykon\u00e1va prostredn\u00edctvom overovania faktov, podpory medi\u00e1lnej gramotnosti a v\u00fdvojom n\u00e1strojov, ktor\u00e9 vyu\u017e\u00edvaj\u00fa umel\u00fa inteligenciu pri overovan\u00ed faktov.<\/p>\n<\/div>\n\n<div id=\"\" class=\"element core-paragraph\">\n<p>Jednod\u0148ov\u00e1 konferencia sa uskuto\u010dn\u00ed 6. novembra 2023 na Karlovej Univerzite v Prahe. Udalos\u0165 bude, <a href=\"https:\/\/kinit.sk\/important-messages-from-the-cedmo-conference-europe-tackles-informational-chaos\/\">podobne ako minul\u00fd rok<\/a>, sk\u00fama\u0165 \u0161irok\u00e9 spektrum aktu\u00e1lnych t\u00e9m, ako s\u00fa vo\u013eby v strednej Eur\u00f3pe (konkr\u00e9tne na Slovensku a v Po\u013esku), \u00falohy fact-checkingu (overovania faktov) a demokracie, technologick\u00e9 v\u00fdzvy a regula\u010dn\u00e9 opatrenia, ktor\u00e9 predstavuj\u00fa k\u013e\u00fa\u010dov\u00e9 n\u00e1stroje v boji proti \u0161\u00edreniu dezinform\u00e1ci\u00ed.<\/p>\n<\/div>\n\n<div id=\"\" class=\"element core-paragraph\">\n<p>M\u00f4\u017eete sa te\u0161i\u0165 na pestr\u00fd program, medzi predn\u00e1\u0161aj\u00facimi&nbsp; bud\u00fa mnoh\u00ed eur\u00f3pski odborn\u00edci a z\u00e1stupcovia k\u013e\u00fa\u010dov\u00fdch zainteresovan\u00fdch str\u00e1n. V r\u00e1mci troch panelov bud\u00fa diskutova\u0165 o nasleduj\u00facich t\u00e9mach:&nbsp;<\/p>\n<\/div>\n\n<div id=\"\" class=\"element core-list\">\n<ul class=\"wp-block-list\"><div id=\"\" class=\"element core-list-item\">\n<li>Demokracia, vo\u013eby a overovanie faktov v strednej Eur\u00f3pe<\/li>\n<\/div>\n\n<div id=\"\" class=\"element core-list-item\">\n<li>Technologick\u00e9 v\u00fdzvy a regula\u010dn\u00e9 opatrenia<\/li>\n<\/div>\n\n<div id=\"\" class=\"element core-list-item\">\n<li>Nov\u00fd poh\u013ead na medi\u00e1lnu gramotnos\u0165<\/li>\n<\/div><\/ul>\n<\/div>\n\n<div id=\"\" class=\"element core-paragraph\">\n<p>Zaregistrova\u0165 sa m\u00f4\u017eete <a href=\"https:\/\/docs.google.com\/forms\/d\/e\/1FAIpQLSeF4_xEVanX7Tw_-2JohvPP1TWJ6td7j8TwAhpYByN91aebUw\/viewform\" target=\"_blank\" rel=\"noreferrer noopener\">tu<\/a>.&nbsp;<\/p>\n<\/div>","protected":false},"featured_media":29076,"template":"","meta":{"_acf_changed":false,"footnotes":""},"categories":[87,142],"class_list":["post-29079","event","type-event","status-publish","has-post-thumbnail","hentry","category-past-events-sk","category-2023-sk"],"acf":[],"yoast_head":"<!-- This site is optimized with the Yoast SEO plugin v27.4 - https:\/\/yoast.com\/product\/yoast-seo-wordpress\/ -->\n<title>CEDMO konferencia: Dilemy v eur\u00f3pskej demokracii\u00a0 - KInIT<\/title>\n<meta name=\"description\" content=\"Jednod\u0148ov\u00e1 konferencia sa uskuto\u010dn\u00ed 6. novembra 2023 na Karlovej Univerzite v Prahe. Udalos\u0165 bude, podobne ako minul\u00fd rok, sk\u00fama\u0165 \u0161irok\u00e9 spektrum aktu\u00e1lnych t\u00e9m, ako s\u00fa vo\u013eby v strednej Eur\u00f3pe (konkr\u00e9tne na Slovensku a v Po\u013esku), \u00falohy fact-checkingu (overovania faktov) a demokracie, technologick\u00e9 v\u00fdzvy a regula\u010dn\u00e9 opatrenia, ktor\u00e9 predstavuj\u00fa k\u013e\u00fa\u010dov\u00e9 n\u00e1stroje v boji proti \u0161\u00edreniu dezinform\u00e1ci\u00ed.\" \/>\n<meta name=\"robots\" content=\"index, follow, max-snippet:-1, max-image-preview:large, max-video-preview:-1\" \/>\n<link rel=\"canonical\" href=\"https:\/\/kinit.sk\/sk\/podujatie\/cedmo-konferencia-dilemy-v-europskej-demokracii\/\" \/>\n<meta property=\"og:locale\" content=\"sk_SK\" \/>\n<meta property=\"og:type\" content=\"article\" \/>\n<meta property=\"og:title\" content=\"CEDMO konferencia: Dilemy v eur\u00f3pskej demokracii\u00a0 - KInIT\" \/>\n<meta property=\"og:description\" content=\"Jednod\u0148ov\u00e1 konferencia sa uskuto\u010dn\u00ed 6. novembra 2023 na Karlovej Univerzite v Prahe. Udalos\u0165 bude, podobne ako minul\u00fd rok, sk\u00fama\u0165 \u0161irok\u00e9 spektrum aktu\u00e1lnych t\u00e9m, ako s\u00fa vo\u013eby v strednej Eur\u00f3pe (konkr\u00e9tne na Slovensku a v Po\u013esku), \u00falohy fact-checkingu (overovania faktov) a demokracie, technologick\u00e9 v\u00fdzvy a regula\u010dn\u00e9 opatrenia, ktor\u00e9 predstavuj\u00fa k\u013e\u00fa\u010dov\u00e9 n\u00e1stroje v boji proti \u0161\u00edreniu dezinform\u00e1ci\u00ed.\" \/>\n<meta property=\"og:url\" content=\"https:\/\/kinit.sk\/sk\/podujatie\/cedmo-konferencia-dilemy-v-europskej-demokracii\/\" \/>\n<meta property=\"og:site_name\" content=\"KInIT\" \/>\n<meta property=\"article:modified_time\" content=\"2023-10-18T10:28:45+00:00\" \/>\n<meta property=\"og:image\" content=\"https:\/\/kinit.sk\/wp-content\/uploads\/2023\/10\/202310_web_news_CEDMO_conference_feature.png\" \/>\n\t<meta property=\"og:image:width\" content=\"1201\" \/>\n\t<meta property=\"og:image:height\" content=\"629\" \/>\n\t<meta property=\"og:image:type\" content=\"image\/png\" \/>\n<meta name=\"twitter:card\" content=\"summary_large_image\" \/>\n<meta name=\"twitter:site\" content=\"@kinit\" \/>\n<meta name=\"twitter:label1\" content=\"Predpokladan\u00fd \u010das \u010d\u00edtania\" \/>\n\t<meta name=\"twitter:data1\" content=\"1 min\u00fata\" \/>\n<script type=\"application\/ld+json\" class=\"yoast-schema-graph\">{\"@context\":\"https:\\\/\\\/schema.org\",\"@graph\":[{\"@type\":\"WebPage\",\"@id\":\"https:\\\/\\\/kinit.sk\\\/sk\\\/podujatie\\\/cedmo-konferencia-dilemy-v-europskej-demokracii\\\/\",\"url\":\"https:\\\/\\\/kinit.sk\\\/sk\\\/podujatie\\\/cedmo-konferencia-dilemy-v-europskej-demokracii\\\/\",\"name\":\"CEDMO konferencia: Dilemy v eur\u00f3pskej demokracii\u00a0 - KInIT\",\"isPartOf\":{\"@id\":\"https:\\\/\\\/kinit.sk\\\/#website\"},\"primaryImageOfPage\":{\"@id\":\"https:\\\/\\\/kinit.sk\\\/sk\\\/podujatie\\\/cedmo-konferencia-dilemy-v-europskej-demokracii\\\/#primaryimage\"},\"image\":{\"@id\":\"https:\\\/\\\/kinit.sk\\\/sk\\\/podujatie\\\/cedmo-konferencia-dilemy-v-europskej-demokracii\\\/#primaryimage\"},\"thumbnailUrl\":\"https:\\\/\\\/kinit.sk\\\/wp-content\\\/uploads\\\/2023\\\/10\\\/202310_web_news_CEDMO_conference_feature.png\",\"datePublished\":\"2023-10-18T10:12:22+00:00\",\"dateModified\":\"2023-10-18T10:28:45+00:00\",\"description\":\"Jednod\u0148ov\u00e1 konferencia sa uskuto\u010dn\u00ed 6. novembra 2023 na Karlovej Univerzite v Prahe. Udalos\u0165 bude, podobne ako minul\u00fd rok, sk\u00fama\u0165 \u0161irok\u00e9 spektrum aktu\u00e1lnych t\u00e9m, ako s\u00fa vo\u013eby v strednej Eur\u00f3pe (konkr\u00e9tne na Slovensku a v Po\u013esku), \u00falohy fact-checkingu (overovania faktov) a demokracie, technologick\u00e9 v\u00fdzvy a regula\u010dn\u00e9 opatrenia, ktor\u00e9 predstavuj\u00fa k\u013e\u00fa\u010dov\u00e9 n\u00e1stroje v boji proti \u0161\u00edreniu dezinform\u00e1ci\u00ed.\",\"breadcrumb\":{\"@id\":\"https:\\\/\\\/kinit.sk\\\/sk\\\/podujatie\\\/cedmo-konferencia-dilemy-v-europskej-demokracii\\\/#breadcrumb\"},\"inLanguage\":\"sk-SK\",\"potentialAction\":[{\"@type\":\"ReadAction\",\"target\":[\"https:\\\/\\\/kinit.sk\\\/sk\\\/podujatie\\\/cedmo-konferencia-dilemy-v-europskej-demokracii\\\/\"]}]},{\"@type\":\"ImageObject\",\"inLanguage\":\"sk-SK\",\"@id\":\"https:\\\/\\\/kinit.sk\\\/sk\\\/podujatie\\\/cedmo-konferencia-dilemy-v-europskej-demokracii\\\/#primaryimage\",\"url\":\"https:\\\/\\\/kinit.sk\\\/wp-content\\\/uploads\\\/2023\\\/10\\\/202310_web_news_CEDMO_conference_feature.png\",\"contentUrl\":\"https:\\\/\\\/kinit.sk\\\/wp-content\\\/uploads\\\/2023\\\/10\\\/202310_web_news_CEDMO_conference_feature.png\",\"width\":1201,\"height\":629},{\"@type\":\"BreadcrumbList\",\"@id\":\"https:\\\/\\\/kinit.sk\\\/sk\\\/podujatie\\\/cedmo-konferencia-dilemy-v-europskej-demokracii\\\/#breadcrumb\",\"itemListElement\":[{\"@type\":\"ListItem\",\"position\":1,\"name\":\"Home\",\"item\":\"https:\\\/\\\/kinit.sk\\\/sk\\\/\"},{\"@type\":\"ListItem\",\"position\":2,\"name\":\"Upcoming events\",\"item\":\"https:\\\/\\\/kinit.sk\\\/category\\\/upcoming-events\\\/\"},{\"@type\":\"ListItem\",\"position\":3,\"name\":\"CEDMO konferencia: Dilemy v eur\u00f3pskej demokracii\u00a0\"}]},{\"@type\":\"WebSite\",\"@id\":\"https:\\\/\\\/kinit.sk\\\/#website\",\"url\":\"https:\\\/\\\/kinit.sk\\\/\",\"name\":\"KInIT\",\"description\":\"Vyu\u017e\u00edvame v\u00fdskum pre \u013eud\u00ed a priemysel\",\"potentialAction\":[{\"@type\":\"SearchAction\",\"target\":{\"@type\":\"EntryPoint\",\"urlTemplate\":\"https:\\\/\\\/kinit.sk\\\/?s={search_term_string}\"},\"query-input\":{\"@type\":\"PropertyValueSpecification\",\"valueRequired\":true,\"valueName\":\"search_term_string\"}}],\"inLanguage\":\"sk-SK\"}]}<\/script>\n<!-- \/ Yoast SEO plugin. -->","yoast_head_json":{"title":"CEDMO konferencia: Dilemy v eur\u00f3pskej demokracii\u00a0 - KInIT","description":"Jednod\u0148ov\u00e1 konferencia sa uskuto\u010dn\u00ed 6. novembra 2023 na Karlovej Univerzite v Prahe. Udalos\u0165 bude, podobne ako minul\u00fd rok, sk\u00fama\u0165 \u0161irok\u00e9 spektrum aktu\u00e1lnych t\u00e9m, ako s\u00fa vo\u013eby v strednej Eur\u00f3pe (konkr\u00e9tne na Slovensku a v Po\u013esku), \u00falohy fact-checkingu (overovania faktov) a demokracie, technologick\u00e9 v\u00fdzvy a regula\u010dn\u00e9 opatrenia, ktor\u00e9 predstavuj\u00fa k\u013e\u00fa\u010dov\u00e9 n\u00e1stroje v boji proti \u0161\u00edreniu dezinform\u00e1ci\u00ed.","robots":{"index":"index","follow":"follow","max-snippet":"max-snippet:-1","max-image-preview":"max-image-preview:large","max-video-preview":"max-video-preview:-1"},"canonical":"https:\/\/kinit.sk\/sk\/podujatie\/cedmo-konferencia-dilemy-v-europskej-demokracii\/","og_locale":"sk_SK","og_type":"article","og_title":"CEDMO konferencia: Dilemy v eur\u00f3pskej demokracii\u00a0 - KInIT","og_description":"Jednod\u0148ov\u00e1 konferencia sa uskuto\u010dn\u00ed 6. novembra 2023 na Karlovej Univerzite v Prahe. Udalos\u0165 bude, podobne ako minul\u00fd rok, sk\u00fama\u0165 \u0161irok\u00e9 spektrum aktu\u00e1lnych t\u00e9m, ako s\u00fa vo\u013eby v strednej Eur\u00f3pe (konkr\u00e9tne na Slovensku a v Po\u013esku), \u00falohy fact-checkingu (overovania faktov) a demokracie, technologick\u00e9 v\u00fdzvy a regula\u010dn\u00e9 opatrenia, ktor\u00e9 predstavuj\u00fa k\u013e\u00fa\u010dov\u00e9 n\u00e1stroje v boji proti \u0161\u00edreniu dezinform\u00e1ci\u00ed.","og_url":"https:\/\/kinit.sk\/sk\/podujatie\/cedmo-konferencia-dilemy-v-europskej-demokracii\/","og_site_name":"KInIT","article_modified_time":"2023-10-18T10:28:45+00:00","og_image":[{"width":1201,"height":629,"url":"https:\/\/kinit.sk\/wp-content\/uploads\/2023\/10\/202310_web_news_CEDMO_conference_feature.png","type":"image\/png"}],"twitter_card":"summary_large_image","twitter_site":"@kinit","twitter_misc":{"Predpokladan\u00fd \u010das \u010d\u00edtania":"1 min\u00fata"},"schema":{"@context":"https:\/\/schema.org","@graph":[{"@type":"WebPage","@id":"https:\/\/kinit.sk\/sk\/podujatie\/cedmo-konferencia-dilemy-v-europskej-demokracii\/","url":"https:\/\/kinit.sk\/sk\/podujatie\/cedmo-konferencia-dilemy-v-europskej-demokracii\/","name":"CEDMO konferencia: Dilemy v eur\u00f3pskej demokracii\u00a0 - KInIT","isPartOf":{"@id":"https:\/\/kinit.sk\/#website"},"primaryImageOfPage":{"@id":"https:\/\/kinit.sk\/sk\/podujatie\/cedmo-konferencia-dilemy-v-europskej-demokracii\/#primaryimage"},"image":{"@id":"https:\/\/kinit.sk\/sk\/podujatie\/cedmo-konferencia-dilemy-v-europskej-demokracii\/#primaryimage"},"thumbnailUrl":"https:\/\/kinit.sk\/wp-content\/uploads\/2023\/10\/202310_web_news_CEDMO_conference_feature.png","datePublished":"2023-10-18T10:12:22+00:00","dateModified":"2023-10-18T10:28:45+00:00","description":"Jednod\u0148ov\u00e1 konferencia sa uskuto\u010dn\u00ed 6. novembra 2023 na Karlovej Univerzite v Prahe. Udalos\u0165 bude, podobne ako minul\u00fd rok, sk\u00fama\u0165 \u0161irok\u00e9 spektrum aktu\u00e1lnych t\u00e9m, ako s\u00fa vo\u013eby v strednej Eur\u00f3pe (konkr\u00e9tne na Slovensku a v Po\u013esku), \u00falohy fact-checkingu (overovania faktov) a demokracie, technologick\u00e9 v\u00fdzvy a regula\u010dn\u00e9 opatrenia, ktor\u00e9 predstavuj\u00fa k\u013e\u00fa\u010dov\u00e9 n\u00e1stroje v boji proti \u0161\u00edreniu dezinform\u00e1ci\u00ed.","breadcrumb":{"@id":"https:\/\/kinit.sk\/sk\/podujatie\/cedmo-konferencia-dilemy-v-europskej-demokracii\/#breadcrumb"},"inLanguage":"sk-SK","potentialAction":[{"@type":"ReadAction","target":["https:\/\/kinit.sk\/sk\/podujatie\/cedmo-konferencia-dilemy-v-europskej-demokracii\/"]}]},{"@type":"ImageObject","inLanguage":"sk-SK","@id":"https:\/\/kinit.sk\/sk\/podujatie\/cedmo-konferencia-dilemy-v-europskej-demokracii\/#primaryimage","url":"https:\/\/kinit.sk\/wp-content\/uploads\/2023\/10\/202310_web_news_CEDMO_conference_feature.png","contentUrl":"https:\/\/kinit.sk\/wp-content\/uploads\/2023\/10\/202310_web_news_CEDMO_conference_feature.png","width":1201,"height":629},{"@type":"BreadcrumbList","@id":"https:\/\/kinit.sk\/sk\/podujatie\/cedmo-konferencia-dilemy-v-europskej-demokracii\/#breadcrumb","itemListElement":[{"@type":"ListItem","position":1,"name":"Home","item":"https:\/\/kinit.sk\/sk\/"},{"@type":"ListItem","position":2,"name":"Upcoming events","item":"https:\/\/kinit.sk\/category\/upcoming-events\/"},{"@type":"ListItem","position":3,"name":"CEDMO konferencia: Dilemy v eur\u00f3pskej demokracii\u00a0"}]},{"@type":"WebSite","@id":"https:\/\/kinit.sk\/#website","url":"https:\/\/kinit.sk\/","name":"KInIT","description":"Vyu\u017e\u00edvame v\u00fdskum pre \u013eud\u00ed a priemysel","potentialAction":[{"@type":"SearchAction","target":{"@type":"EntryPoint","urlTemplate":"https:\/\/kinit.sk\/?s={search_term_string}"},"query-input":{"@type":"PropertyValueSpecification","valueRequired":true,"valueName":"search_term_string"}}],"inLanguage":"sk-SK"}]}},"_links":{"self":[{"href":"https:\/\/kinit.sk\/sk\/wp-json\/wp\/v2\/event\/29079","targetHints":{"allow":["GET"]}}],"collection":[{"href":"https:\/\/kinit.sk\/sk\/wp-json\/wp\/v2\/event"}],"about":[{"href":"https:\/\/kinit.sk\/sk\/wp-json\/wp\/v2\/types\/event"}],"version-history":[{"count":5,"href":"https:\/\/kinit.sk\/sk\/wp-json\/wp\/v2\/event\/29079\/revisions"}],"predecessor-version":[{"id":29091,"href":"https:\/\/kinit.sk\/sk\/wp-json\/wp\/v2\/event\/29079\/revisions\/29091"}],"wp:featuredmedia":[{"embeddable":true,"href":"https:\/\/kinit.sk\/sk\/wp-json\/wp\/v2\/media\/29076"}],"wp:attachment":[{"href":"https:\/\/kinit.sk\/sk\/wp-json\/wp\/v2\/media?parent=29079"}],"wp:term":[{"taxonomy":"category","embeddable":true,"href":"https:\/\/kinit.sk\/sk\/wp-json\/wp\/v2\/categories?post=29079"}],"curies":[{"name":"wp","href":"https:\/\/api.w.org\/{rel}","templated":true}]}}