{"id":28778,"date":"2023-10-11T11:31:08","date_gmt":"2023-10-11T09:31:08","guid":{"rendered":"https:\/\/kinit.sk\/event\/kinit-at-the-european-researchers-night\/"},"modified":"2023-10-11T11:35:20","modified_gmt":"2023-10-11T09:35:20","slug":"kinit-na-noci-vyskumnikov","status":"publish","type":"event","link":"https:\/\/kinit.sk\/sk\/podujatie\/kinit-na-noci-vyskumnikov\/","title":{"rendered":"KInIT na Noci v\u00fdskumn\u00edkov"},"content":{"rendered":"<div id=\"\" class=\"element core-paragraph\">\n<p>29. septembra 2023 sa v priestoroch bratislavskej Starej Tr\u017enice konal 17. ro\u010dn\u00edk <a href=\"https:\/\/slovakia.representation.ec.europa.eu\/events\/europska-noc-vyskumnikov-2023-2023-09-29_sk\" target=\"_blank\" rel=\"noreferrer noopener\">Noci v\u00fdskumn\u00edkov.<\/a>\u00a0<\/p>\n<\/div>\n\n<div id=\"\" class=\"element core-paragraph\">\n<p>Noc v\u00fdskumn\u00edkov je ka\u017edoro\u010dn\u00e9 podujatie, ktor\u00e9 sl\u00fa\u017ei ako oslava vedy a inov\u00e1ci\u00ed. De\u0165om, mlad\u00fdm \u013eu\u010fom a rodin\u00e1m predstavuje pr\u00edle\u017eitos\u0165 spozna\u0165 svet v\u00fdskumu prostredn\u00edctvom z\u00e1bavn\u00fdch a vzdel\u00e1vac\u00edch aktiv\u00edt, vr\u00e1tane vedeck\u00fdch prezent\u00e1ci\u00ed, hier, kv\u00edzov, s\u00fa\u0165a\u017e\u00ed, v\u00fdstav a digit\u00e1lnych aktiv\u00edt.<\/p>\n<\/div>\n\n<div id=\"\" class=\"element core-image\">\n<figure class=\"wp-block-image is-resized\"><img decoding=\"async\" data-src=\"https:\/\/lh5.googleusercontent.com\/OKSjLjPJN8ZkVyyl0UmETXnEhLLjcFdR6S-S8wmWgGXqKWEkl-x7aMNpt3Tq9iPAFI4F-oYwpT8jkTWcQHaeten3I9LgrtYdpvHv60fc3gtlHGN3nYpfrlLxrvlS078Qig8uOaCdNzFbWBzRwmxXAs0\" alt=\"\" style=\"--smush-placeholder-width: 725px; --smush-placeholder-aspect-ratio: 725\/544;width:725px;height:544px\" width=\"725\" height=\"544\" src=\"data:image\/svg+xml;base64,PHN2ZyB3aWR0aD0iMSIgaGVpZ2h0PSIxIiB4bWxucz0iaHR0cDovL3d3dy53My5vcmcvMjAwMC9zdmciPjwvc3ZnPg==\" class=\"lazyload\" \/><figcaption class=\"wp-element-caption\"><a href=\"https:\/\/kinit.sk\/sk\/clen\/maria-bielikova\/\">M\u00e1ria Bielikov\u00e1<\/a> sa spolu s Lenou Adamusovou a Pavlom Simanom z\u00fa\u010dastnila otv\u00e1racej diskusie na t\u00e9mu \u201c<em>Prich\u00e1dza umel\u00e1 inteligencia pr\u00e1ve v\u010das, aby n\u00e1s zachr\u00e1nila pred nami sam\u00fdmi?\u201d <\/em>\u00a0<\/figcaption><\/figure>\n<\/div>\n\n<div id=\"\" class=\"element core-paragraph\">\n<p>Tento rok boli hlavn\u00fdmi t\u00e9mami podujatia voda a umel\u00e1 inteligencia, pri\u010dom KInIT bol garantom t\u00e9my &#8222;Umel\u00e1 inteligencia.&#8220; Program akt\u00edvne zastre\u0161ili na\u0161i v\u00fdskumn\u00edci z t\u00edmov <a href=\"https:\/\/kinit.sk\/sk\/research\/natural-language-processing\/\">Natural Language Processing<\/a>, <a href=\"https:\/\/kinit.sk\/research\/web-user-data-processing\/\">Web &amp; User Data Processing<\/a> a <a href=\"https:\/\/kinit.sk\/research\/ethics-and-human-values-in-technology\/\">Ethics and Human Values in Technology<\/a>. Sme nesmierne v\u010fa\u010dn\u00ed za mo\u017enos\u0165 by\u0165 s\u00fa\u010das\u0165ou tohto v\u00fdznamn\u00e9ho podujatia, ktor\u00e9 motivuje mlad\u00fdch \u013eud\u00ed po celej Eur\u00f3pe k vzdel\u00e1vaniu a sebarozvoju.<\/p>\n<\/div>\n\n<div id=\"\" class=\"element core-paragraph\">\n<p>Na Noci v\u00fdskumn\u00edkov sme hovorili o na\u0161ich eur\u00f3pskych projektoch, ktor\u00e9 sa zameriavaj\u00fa na spracovanie textu a inform\u00e1ci\u00ed &#8211; <a href=\"https:\/\/cedmohub.eu\/\" target=\"_blank\" rel=\"noreferrer noopener\">CEDMO<\/a>, <a href=\"https:\/\/www.vigilantproject.eu\/\" target=\"_blank\" rel=\"noreferrer noopener\">Vigilant<\/a>, <a href=\"https:\/\/www.veraai.eu\/home\" target=\"_blank\" rel=\"noreferrer noopener\">vera.ai<\/a>, <a href=\"https:\/\/disai.eu\/\" target=\"_blank\" rel=\"noreferrer noopener\">DisAI<\/a> a <a href=\"https:\/\/www.eyes4icu.eu\/\" target=\"_blank\" rel=\"noreferrer noopener\">Eyes4ICU<\/a>. Predstavili sme\u00a0 pr\u00edklady na\u0161ej pr\u00e1ce v r\u00e1mci projektu CEDMO, pri\u010dom hlavn\u00fdm bodom bola uk\u00e1\u017eka n\u00e1\u0161ho n\u00e1stroja na overovanie faktov, ktor\u00fd bol vyvinut\u00fd na boj proti dezinform\u00e1ci\u00e1m, ktor\u00e9 s\u00fa v dne\u0161nej digit\u00e1lnej dobe neust\u00e1le rast\u00facou v\u00fdzvou. Tie\u017e sme predstavili aj CEDMO hru, ktor\u00fa navrhol jeden z na\u0161ich doktorandov, <a href=\"https:\/\/kinit.sk\/member\/jan-cegin\/?highlight=jan%20begin%20\">J\u00e1n \u010cegi\u0148<\/a>. \u00da\u010dastn\u00edci, ktor\u00ed si hru vysk\u00fa\u0161ali, prispeli k tr\u00e9novaniu modelov umelej inteligencie.<\/p>\n<\/div>\n\n<div id=\"\" class=\"element core-image\">\n<figure class=\"wp-block-image is-resized\"><img decoding=\"async\" data-src=\"https:\/\/lh6.googleusercontent.com\/nkRb6SreHyYRjSez_RI5vwdiQ1C9tHrf9BqZmsty5uoXu2vjjvvJPL3bSJKN8hPHOTj7y5DzhwpcYlpRAsIUKKbr1BIrvKopm5T0azwLzbv2HQMd-sgRC1mIkHjfN1-otnbfImRux1LIa3ijCa6u6N4\" alt=\"\" style=\"--smush-placeholder-width: 694px; --smush-placeholder-aspect-ratio: 694\/521;width:694px;height:521px\" width=\"694\" height=\"521\" src=\"data:image\/svg+xml;base64,PHN2ZyB3aWR0aD0iMSIgaGVpZ2h0PSIxIiB4bWxucz0iaHR0cDovL3d3dy53My5vcmcvMjAwMC9zdmciPjwvc3ZnPg==\" class=\"lazyload\" \/><\/figure>\n<\/div>\n\n<div id=\"\" class=\"element core-paragraph\">\n<p>S cie\u013eom vzdel\u00e1va\u0165 a in\u0161pirova\u0165 n\u00e1v\u0161tevn\u00edkov sme sa okrem na\u0161ich projektov venovali aj in\u00fdm t\u00e9mam z oblasti AI. Na\u0161e aktivity zah\u0155\u0148ali mno\u017estvo interakt\u00edvnych hier, vr\u00e1tane prezent\u00e1cie slovenskej verzie hry <a href=\"https:\/\/wordle.kinit.sk\/game\" target=\"_blank\" rel=\"noreferrer noopener\">Wordle<\/a>, ktor\u00fa vyvinuli na\u0161i v\u00fdskumn\u00edci. Pon\u00fakli sme aj tvoriv\u00fd z\u00e1\u017eitok &#8222;Po\u00e9zia s ChatGPT,&#8220; kde si mohli \u00fa\u010dastn\u00edci vysk\u00fa\u0161a\u0165 tvorbu b\u00e1sn\u00ed pomocou n\u00e1stroja ChatGPT. Okrem toho sme uskuto\u010dnili anketu &#8222;Ste m\u00fadrej\u0161\u00ed ne\u017e umel\u00e1 inteligencia?,\u201d v ktorej mohli \u00fa\u010dastn\u00edci doplni\u0165 slovo do vety na z\u00e1klade toho, ak\u00e1 aktivita prebiehala na obr\u00e1zku, a porovna\u0165 svoju odpove\u010f s modelmi umelej inteligencie, ktor\u00e9 sprac\u00favaj\u00fa obr\u00e1zky aj text. Nezabudli sme ani na etick\u00e9 aspekty a rizik\u00e1 umelej inteligencie. S na\u0161im t\u00edmom expertov v oblasti etiky sa mohli \u00fa\u010dastn\u00edci zamyslie\u0165 nad etick\u00fdmi ot\u00e1zkami a dilemami, ktor\u00e9 so sebou prin\u00e1\u0161a umel\u00e1 inteligencia.<\/p>\n<\/div>\n\n<div id=\"\" class=\"element core-paragraph\">\n<p>Noc v\u00fdskumn\u00edkov n\u00e1m poskytla skvel\u00fa pr\u00edle\u017eitos\u0165 spoji\u0165 sa s mlad\u00fdmi zvedavcami, zdie\u013ea\u0165 na\u0161u v\u00fdskumn\u00fa pr\u00e1cu a zd\u00f4razni\u0165 v\u00fdznam a d\u00f4le\u017eitos\u0165 umelej inteligencie v dne\u0161nej dobe. Sme ve\u013emi v\u010fa\u010dn\u00ed, \u017ee sme sa mohli na tomto podujat\u00ed z\u00fa\u010dastni\u0165!\u00a0<\/p>\n<\/div>","protected":false},"featured_media":28782,"template":"","meta":{"_acf_changed":false,"footnotes":""},"categories":[87,142],"class_list":["post-28778","event","type-event","status-publish","has-post-thumbnail","hentry","category-past-events-sk","category-2023-sk"],"acf":[],"yoast_head":"<!-- This site is optimized with the Yoast SEO plugin v27.4 - https:\/\/yoast.com\/product\/yoast-seo-wordpress\/ -->\n<title>KInIT na Noci v\u00fdskumn\u00edkov - KInIT<\/title>\n<meta name=\"description\" content=\"29. septembra 2023 sa v priestoroch bratislavskej Starej Tr\u017enice konal 17. ro\u010dn\u00edk Noci v\u00fdskumn\u00edkov.\u00a0Noc v\u00fdskumn\u00edkov je ka\u017edoro\u010dn\u00e9 podujatie, ktor\u00e9 sl\u00fa\u017ei ako oslava vedy a inov\u00e1ci\u00ed. De\u0165om, mlad\u00fdm \u013eu\u010fom a rodin\u00e1m predstavuje pr\u00edle\u017eitos\u0165 spozna\u0165 svet v\u00fdskumu prostredn\u00edctvom z\u00e1bavn\u00fdch a vzdel\u00e1vac\u00edch aktiv\u00edt, vr\u00e1tane vedeck\u00fdch prezent\u00e1ci\u00ed, hier, kv\u00edzov, s\u00fa\u0165a\u017e\u00ed, v\u00fdstav a digit\u00e1lnych aktiv\u00edt.\" \/>\n<meta name=\"robots\" content=\"index, follow, max-snippet:-1, max-image-preview:large, max-video-preview:-1\" \/>\n<link rel=\"canonical\" href=\"https:\/\/kinit.sk\/sk\/podujatie\/kinit-na-noci-vyskumnikov\/\" \/>\n<meta property=\"og:locale\" content=\"sk_SK\" \/>\n<meta property=\"og:type\" content=\"article\" \/>\n<meta property=\"og:title\" content=\"KInIT na Noci v\u00fdskumn\u00edkov - KInIT\" \/>\n<meta property=\"og:description\" content=\"29. septembra 2023 sa v priestoroch bratislavskej Starej Tr\u017enice konal 17. ro\u010dn\u00edk Noci v\u00fdskumn\u00edkov.\u00a0Noc v\u00fdskumn\u00edkov je ka\u017edoro\u010dn\u00e9 podujatie, ktor\u00e9 sl\u00fa\u017ei ako oslava vedy a inov\u00e1ci\u00ed. De\u0165om, mlad\u00fdm \u013eu\u010fom a rodin\u00e1m predstavuje pr\u00edle\u017eitos\u0165 spozna\u0165 svet v\u00fdskumu prostredn\u00edctvom z\u00e1bavn\u00fdch a vzdel\u00e1vac\u00edch aktiv\u00edt, vr\u00e1tane vedeck\u00fdch prezent\u00e1ci\u00ed, hier, kv\u00edzov, s\u00fa\u0165a\u017e\u00ed, v\u00fdstav a digit\u00e1lnych aktiv\u00edt.\" \/>\n<meta property=\"og:url\" content=\"https:\/\/kinit.sk\/sk\/podujatie\/kinit-na-noci-vyskumnikov\/\" \/>\n<meta property=\"og:site_name\" content=\"KInIT\" \/>\n<meta property=\"article:modified_time\" content=\"2023-10-11T09:35:20+00:00\" \/>\n<meta property=\"og:image\" content=\"https:\/\/kinit.sk\/wp-content\/uploads\/2023\/10\/202309_noc_vyskumnikov_feature_Sk.png\" \/>\n\t<meta property=\"og:image:width\" content=\"1200\" \/>\n\t<meta property=\"og:image:height\" content=\"628\" \/>\n\t<meta property=\"og:image:type\" content=\"image\/png\" \/>\n<meta name=\"twitter:card\" content=\"summary_large_image\" \/>\n<meta name=\"twitter:site\" content=\"@kinit\" \/>\n<meta name=\"twitter:label1\" content=\"Predpokladan\u00fd \u010das \u010d\u00edtania\" \/>\n\t<meta name=\"twitter:data1\" content=\"3 min\u00faty\" \/>\n<script type=\"application\/ld+json\" class=\"yoast-schema-graph\">{\"@context\":\"https:\\\/\\\/schema.org\",\"@graph\":[{\"@type\":\"WebPage\",\"@id\":\"https:\\\/\\\/kinit.sk\\\/sk\\\/podujatie\\\/kinit-na-noci-vyskumnikov\\\/\",\"url\":\"https:\\\/\\\/kinit.sk\\\/sk\\\/podujatie\\\/kinit-na-noci-vyskumnikov\\\/\",\"name\":\"KInIT na Noci v\u00fdskumn\u00edkov - KInIT\",\"isPartOf\":{\"@id\":\"https:\\\/\\\/kinit.sk\\\/#website\"},\"primaryImageOfPage\":{\"@id\":\"https:\\\/\\\/kinit.sk\\\/sk\\\/podujatie\\\/kinit-na-noci-vyskumnikov\\\/#primaryimage\"},\"image\":{\"@id\":\"https:\\\/\\\/kinit.sk\\\/sk\\\/podujatie\\\/kinit-na-noci-vyskumnikov\\\/#primaryimage\"},\"thumbnailUrl\":\"https:\\\/\\\/kinit.sk\\\/wp-content\\\/uploads\\\/2023\\\/10\\\/202309_noc_vyskumnikov_feature_Sk.png\",\"datePublished\":\"2023-10-11T09:31:08+00:00\",\"dateModified\":\"2023-10-11T09:35:20+00:00\",\"description\":\"29. septembra 2023 sa v priestoroch bratislavskej Starej Tr\u017enice konal 17. ro\u010dn\u00edk Noci v\u00fdskumn\u00edkov.\u00a0Noc v\u00fdskumn\u00edkov je ka\u017edoro\u010dn\u00e9 podujatie, ktor\u00e9 sl\u00fa\u017ei ako oslava vedy a inov\u00e1ci\u00ed. De\u0165om, mlad\u00fdm \u013eu\u010fom a rodin\u00e1m predstavuje pr\u00edle\u017eitos\u0165 spozna\u0165 svet v\u00fdskumu prostredn\u00edctvom z\u00e1bavn\u00fdch a vzdel\u00e1vac\u00edch aktiv\u00edt, vr\u00e1tane vedeck\u00fdch prezent\u00e1ci\u00ed, hier, kv\u00edzov, s\u00fa\u0165a\u017e\u00ed, v\u00fdstav a digit\u00e1lnych aktiv\u00edt.\",\"breadcrumb\":{\"@id\":\"https:\\\/\\\/kinit.sk\\\/sk\\\/podujatie\\\/kinit-na-noci-vyskumnikov\\\/#breadcrumb\"},\"inLanguage\":\"sk-SK\",\"potentialAction\":[{\"@type\":\"ReadAction\",\"target\":[\"https:\\\/\\\/kinit.sk\\\/sk\\\/podujatie\\\/kinit-na-noci-vyskumnikov\\\/\"]}]},{\"@type\":\"ImageObject\",\"inLanguage\":\"sk-SK\",\"@id\":\"https:\\\/\\\/kinit.sk\\\/sk\\\/podujatie\\\/kinit-na-noci-vyskumnikov\\\/#primaryimage\",\"url\":\"https:\\\/\\\/kinit.sk\\\/wp-content\\\/uploads\\\/2023\\\/10\\\/202309_noc_vyskumnikov_feature_Sk.png\",\"contentUrl\":\"https:\\\/\\\/kinit.sk\\\/wp-content\\\/uploads\\\/2023\\\/10\\\/202309_noc_vyskumnikov_feature_Sk.png\",\"width\":1200,\"height\":628},{\"@type\":\"BreadcrumbList\",\"@id\":\"https:\\\/\\\/kinit.sk\\\/sk\\\/podujatie\\\/kinit-na-noci-vyskumnikov\\\/#breadcrumb\",\"itemListElement\":[{\"@type\":\"ListItem\",\"position\":1,\"name\":\"Home\",\"item\":\"https:\\\/\\\/kinit.sk\\\/sk\\\/\"},{\"@type\":\"ListItem\",\"position\":2,\"name\":\"Past events\",\"item\":\"https:\\\/\\\/kinit.sk\\\/category\\\/past-events\\\/\"},{\"@type\":\"ListItem\",\"position\":3,\"name\":\"KInIT na Noci v\u00fdskumn\u00edkov\"}]},{\"@type\":\"WebSite\",\"@id\":\"https:\\\/\\\/kinit.sk\\\/#website\",\"url\":\"https:\\\/\\\/kinit.sk\\\/\",\"name\":\"KInIT\",\"description\":\"Vyu\u017e\u00edvame v\u00fdskum pre \u013eud\u00ed a priemysel\",\"potentialAction\":[{\"@type\":\"SearchAction\",\"target\":{\"@type\":\"EntryPoint\",\"urlTemplate\":\"https:\\\/\\\/kinit.sk\\\/?s={search_term_string}\"},\"query-input\":{\"@type\":\"PropertyValueSpecification\",\"valueRequired\":true,\"valueName\":\"search_term_string\"}}],\"inLanguage\":\"sk-SK\"}]}<\/script>\n<!-- \/ Yoast SEO plugin. -->","yoast_head_json":{"title":"KInIT na Noci v\u00fdskumn\u00edkov - KInIT","description":"29. septembra 2023 sa v priestoroch bratislavskej Starej Tr\u017enice konal 17. ro\u010dn\u00edk Noci v\u00fdskumn\u00edkov.\u00a0Noc v\u00fdskumn\u00edkov je ka\u017edoro\u010dn\u00e9 podujatie, ktor\u00e9 sl\u00fa\u017ei ako oslava vedy a inov\u00e1ci\u00ed. De\u0165om, mlad\u00fdm \u013eu\u010fom a rodin\u00e1m predstavuje pr\u00edle\u017eitos\u0165 spozna\u0165 svet v\u00fdskumu prostredn\u00edctvom z\u00e1bavn\u00fdch a vzdel\u00e1vac\u00edch aktiv\u00edt, vr\u00e1tane vedeck\u00fdch prezent\u00e1ci\u00ed, hier, kv\u00edzov, s\u00fa\u0165a\u017e\u00ed, v\u00fdstav a digit\u00e1lnych aktiv\u00edt.","robots":{"index":"index","follow":"follow","max-snippet":"max-snippet:-1","max-image-preview":"max-image-preview:large","max-video-preview":"max-video-preview:-1"},"canonical":"https:\/\/kinit.sk\/sk\/podujatie\/kinit-na-noci-vyskumnikov\/","og_locale":"sk_SK","og_type":"article","og_title":"KInIT na Noci v\u00fdskumn\u00edkov - KInIT","og_description":"29. septembra 2023 sa v priestoroch bratislavskej Starej Tr\u017enice konal 17. ro\u010dn\u00edk Noci v\u00fdskumn\u00edkov.\u00a0Noc v\u00fdskumn\u00edkov je ka\u017edoro\u010dn\u00e9 podujatie, ktor\u00e9 sl\u00fa\u017ei ako oslava vedy a inov\u00e1ci\u00ed. De\u0165om, mlad\u00fdm \u013eu\u010fom a rodin\u00e1m predstavuje pr\u00edle\u017eitos\u0165 spozna\u0165 svet v\u00fdskumu prostredn\u00edctvom z\u00e1bavn\u00fdch a vzdel\u00e1vac\u00edch aktiv\u00edt, vr\u00e1tane vedeck\u00fdch prezent\u00e1ci\u00ed, hier, kv\u00edzov, s\u00fa\u0165a\u017e\u00ed, v\u00fdstav a digit\u00e1lnych aktiv\u00edt.","og_url":"https:\/\/kinit.sk\/sk\/podujatie\/kinit-na-noci-vyskumnikov\/","og_site_name":"KInIT","article_modified_time":"2023-10-11T09:35:20+00:00","og_image":[{"width":1200,"height":628,"url":"https:\/\/kinit.sk\/wp-content\/uploads\/2023\/10\/202309_noc_vyskumnikov_feature_Sk.png","type":"image\/png"}],"twitter_card":"summary_large_image","twitter_site":"@kinit","twitter_misc":{"Predpokladan\u00fd \u010das \u010d\u00edtania":"3 min\u00faty"},"schema":{"@context":"https:\/\/schema.org","@graph":[{"@type":"WebPage","@id":"https:\/\/kinit.sk\/sk\/podujatie\/kinit-na-noci-vyskumnikov\/","url":"https:\/\/kinit.sk\/sk\/podujatie\/kinit-na-noci-vyskumnikov\/","name":"KInIT na Noci v\u00fdskumn\u00edkov - KInIT","isPartOf":{"@id":"https:\/\/kinit.sk\/#website"},"primaryImageOfPage":{"@id":"https:\/\/kinit.sk\/sk\/podujatie\/kinit-na-noci-vyskumnikov\/#primaryimage"},"image":{"@id":"https:\/\/kinit.sk\/sk\/podujatie\/kinit-na-noci-vyskumnikov\/#primaryimage"},"thumbnailUrl":"https:\/\/kinit.sk\/wp-content\/uploads\/2023\/10\/202309_noc_vyskumnikov_feature_Sk.png","datePublished":"2023-10-11T09:31:08+00:00","dateModified":"2023-10-11T09:35:20+00:00","description":"29. septembra 2023 sa v priestoroch bratislavskej Starej Tr\u017enice konal 17. ro\u010dn\u00edk Noci v\u00fdskumn\u00edkov.\u00a0Noc v\u00fdskumn\u00edkov je ka\u017edoro\u010dn\u00e9 podujatie, ktor\u00e9 sl\u00fa\u017ei ako oslava vedy a inov\u00e1ci\u00ed. De\u0165om, mlad\u00fdm \u013eu\u010fom a rodin\u00e1m predstavuje pr\u00edle\u017eitos\u0165 spozna\u0165 svet v\u00fdskumu prostredn\u00edctvom z\u00e1bavn\u00fdch a vzdel\u00e1vac\u00edch aktiv\u00edt, vr\u00e1tane vedeck\u00fdch prezent\u00e1ci\u00ed, hier, kv\u00edzov, s\u00fa\u0165a\u017e\u00ed, v\u00fdstav a digit\u00e1lnych aktiv\u00edt.","breadcrumb":{"@id":"https:\/\/kinit.sk\/sk\/podujatie\/kinit-na-noci-vyskumnikov\/#breadcrumb"},"inLanguage":"sk-SK","potentialAction":[{"@type":"ReadAction","target":["https:\/\/kinit.sk\/sk\/podujatie\/kinit-na-noci-vyskumnikov\/"]}]},{"@type":"ImageObject","inLanguage":"sk-SK","@id":"https:\/\/kinit.sk\/sk\/podujatie\/kinit-na-noci-vyskumnikov\/#primaryimage","url":"https:\/\/kinit.sk\/wp-content\/uploads\/2023\/10\/202309_noc_vyskumnikov_feature_Sk.png","contentUrl":"https:\/\/kinit.sk\/wp-content\/uploads\/2023\/10\/202309_noc_vyskumnikov_feature_Sk.png","width":1200,"height":628},{"@type":"BreadcrumbList","@id":"https:\/\/kinit.sk\/sk\/podujatie\/kinit-na-noci-vyskumnikov\/#breadcrumb","itemListElement":[{"@type":"ListItem","position":1,"name":"Home","item":"https:\/\/kinit.sk\/sk\/"},{"@type":"ListItem","position":2,"name":"Past events","item":"https:\/\/kinit.sk\/category\/past-events\/"},{"@type":"ListItem","position":3,"name":"KInIT na Noci v\u00fdskumn\u00edkov"}]},{"@type":"WebSite","@id":"https:\/\/kinit.sk\/#website","url":"https:\/\/kinit.sk\/","name":"KInIT","description":"Vyu\u017e\u00edvame v\u00fdskum pre \u013eud\u00ed a priemysel","potentialAction":[{"@type":"SearchAction","target":{"@type":"EntryPoint","urlTemplate":"https:\/\/kinit.sk\/?s={search_term_string}"},"query-input":{"@type":"PropertyValueSpecification","valueRequired":true,"valueName":"search_term_string"}}],"inLanguage":"sk-SK"}]}},"_links":{"self":[{"href":"https:\/\/kinit.sk\/sk\/wp-json\/wp\/v2\/event\/28778","targetHints":{"allow":["GET"]}}],"collection":[{"href":"https:\/\/kinit.sk\/sk\/wp-json\/wp\/v2\/event"}],"about":[{"href":"https:\/\/kinit.sk\/sk\/wp-json\/wp\/v2\/types\/event"}],"version-history":[{"count":3,"href":"https:\/\/kinit.sk\/sk\/wp-json\/wp\/v2\/event\/28778\/revisions"}],"predecessor-version":[{"id":28785,"href":"https:\/\/kinit.sk\/sk\/wp-json\/wp\/v2\/event\/28778\/revisions\/28785"}],"wp:featuredmedia":[{"embeddable":true,"href":"https:\/\/kinit.sk\/sk\/wp-json\/wp\/v2\/media\/28782"}],"wp:attachment":[{"href":"https:\/\/kinit.sk\/sk\/wp-json\/wp\/v2\/media?parent=28778"}],"wp:term":[{"taxonomy":"category","embeddable":true,"href":"https:\/\/kinit.sk\/sk\/wp-json\/wp\/v2\/categories?post=28778"}],"curies":[{"name":"wp","href":"https:\/\/api.w.org\/{rel}","templated":true}]}}