{"id":26944,"date":"2023-05-25T15:33:13","date_gmt":"2023-05-25T13:33:13","guid":{"rendered":"https:\/\/kinit.sk\/event\/conference-invitation-meet-the-future-of-ai\/"},"modified":"2023-05-25T15:39:19","modified_gmt":"2023-05-25T13:39:19","slug":"pozvanka-na-konferenciu-meet-the-future-of-ai","status":"publish","type":"event","link":"https:\/\/kinit.sk\/sk\/podujatie\/pozvanka-na-konferenciu-meet-the-future-of-ai\/","title":{"rendered":"Pozv\u00e1nka na konferenciu \u201cMeet the Future of AI\u201d\u00a0"},"content":{"rendered":"<div id=\"\" class=\"element core-paragraph\">\n<p>Poz\u00fdvame v\u00e1s na konferenciu &#8222;<a href=\"https:\/\/www.veraai.eu\/posts\/registration-open-meet-the-future-of-ai-event\" target=\"_blank\" rel=\"noreferrer noopener\"><em>Meet the Future of AI<\/em><\/a>&#8222;, ktor\u00fa spoluorganizuj\u00fa projekty <a href=\"https:\/\/www.veraai.eu\/\" target=\"_blank\" rel=\"noreferrer noopener\">vera.ai<\/a>, <a href=\"https:\/\/cordis.europa.eu\/project\/id\/101070190\" target=\"_blank\" rel=\"noreferrer noopener\">AI4TRUST<\/a> a <a href=\"https:\/\/www.titanthinking.eu\/\" target=\"_blank\" rel=\"noreferrer noopener\">TITAN<\/a> z programu <a href=\"https:\/\/research-and-innovation.ec.europa.eu\/funding\/funding-opportunities\/funding-programmes-and-open-calls\/horizon-europe_en\" target=\"_blank\" rel=\"noreferrer noopener\">Horizont Eur\u00f3pa<\/a>, a projekt <a href=\"https:\/\/www.ai4media.eu\/\" target=\"_blank\" rel=\"noreferrer noopener\">AI4Media<\/a> z programu <a href=\"https:\/\/research-and-innovation.ec.europa.eu\/funding\/funding-opportunities\/funding-programmes-and-open-calls\/horizon-2020_en\" target=\"_blank\" rel=\"noreferrer noopener\">H2020<\/a>. Tieto projekty vyv\u00edjaj\u00fa nov\u00e9 n\u00e1stroje umelej inteligencie zameran\u00e9 na boj proti dezinform\u00e1ci\u00e1m, najm\u00e4 v s\u00favislosti s ned\u00e1vnym pokrokom v oblasti generat\u00edvnej umelej inteligencie. Viac o projekte vera.ai sa m\u00f4zete dozvedie\u0165 <a href=\"https:\/\/kinit.sk\/project\/vera-ai-verification-assisted-by-artificial-intelligence\/\">tu<\/a>.<\/p>\n<\/div>\n\n<div id=\"\" class=\"element core-paragraph\">\n<p>Umel\u00e1 inteligencia si v poslednom \u010dase z\u00edskala ve\u013ek\u00fa pozornos\u0165 v\u010faka svojej schopnosti vytv\u00e1ra\u0165 pri n\u00edzkych n\u00e1kladoch presved\u010div\u00fd obsah, vr\u00e1tane textu, falo\u0161n\u00fdch obr\u00e1zkov a vide\u00ed.&nbsp; Tieto syst\u00e9my m\u00f4\u017eu by\u0165 \u013eahko zneu\u017eit\u00e9 na \u0161\u00edrenie dezinform\u00e1ci\u00ed, a ich detekcia predstavuje ve\u013ek\u00fa v\u00fdzvu.&nbsp;<\/p>\n<\/div>\n\n<div id=\"\" class=\"element core-paragraph\">\n<p>Pr\u00e1ve preto bude konferencia &#8222;<a href=\"https:\/\/www.veraai.eu\/posts\/registration-open-meet-the-future-of-ai-event\" target=\"_blank\" rel=\"noreferrer noopener\"><em>Meet the Future of AI<\/em><\/a>&#8220; zameran\u00e1 na v\u0161etky v\u00fdzvy a probl\u00e9my s\u00favisiace s generat\u00edvnou AI a bojom s dezinform\u00e1ciami. Uskuto\u010dn\u00ed <strong>29. j\u00fana 2023<\/strong>, prezen\u010dne v Bruseli a z\u00e1rove\u0148 prostredn\u00edctvom online streamu. \u00da\u010das\u0165 je bezplatn\u00e1 ale je nutn\u00e9 <a href=\"https:\/\/www.eventleaf.com\/Attendee\/Attendee\/EventPage?eId=zqJgAbTwC8eDzfdyegnVKw%3D%3D\" target=\"_blank\" rel=\"noreferrer noopener\">zaregistrova\u0165 <\/a>sa.<\/p>\n<\/div>\n\n<div id=\"\" class=\"element core-paragraph\">\n<p>M\u00f4\u017eete sa te\u0161i\u0165 na a zauj\u00edmav\u00e9 diskusie so skupinou odborn\u00edkov z priemyslu, akad\u00e9mie a \u010fal\u0161\u00edch oblast\u00ed.<\/p>\n<\/div>\n\n<div id=\"\" class=\"element core-paragraph\">\n<p><strong>Predbe\u017en\u00fd program<\/strong><\/p>\n<\/div>\n\n<div id=\"\" class=\"element core-list\">\n<ul class=\"wp-block-list\"><div id=\"\" class=\"element core-list-item\">\n<li><strong>9:00-9:30<\/strong> Networking a registr\u00e1cia<\/li>\n<\/div>\n\n<div id=\"\" class=\"element core-list-item\">\n<li><strong>9:30-9:45 <\/strong>Uv\u00edtanie<\/li>\n<\/div>\n\n<div id=\"\" class=\"element core-list-item\">\n<li><strong>9:45-11:00<\/strong> Panel 1: Hrozby a pr\u00edle\u017eitosti generat\u00edvnej umelej inteligencie<\/li>\n<\/div>\n\n<div id=\"\" class=\"element core-list-item\">\n<li><strong>11:00-11:15<\/strong> Prest\u00e1vka na k\u00e1vu<\/li>\n<\/div>\n\n<div id=\"\" class=\"element core-list-item\">\n<li><strong>11:15-12:30<\/strong> Panel 2: Politick\u00e9 d\u00f4sledky a v\u00fdzvy v boji proti dezinform\u00e1ci\u00e1m<\/li>\n<\/div>\n\n<div id=\"\" class=\"element core-list-item\">\n<li><strong>12:30-13:15<\/strong> Panel 3: \u00daloha kritick\u00e9ho myslenia pri h\u013eadan\u00ed bud\u00facich n\u00e1strojov umelej inteligencie na boj proti dezinform\u00e1ci\u00e1m<\/li>\n<\/div>\n\n<div id=\"\" class=\"element core-list-item\">\n<li><strong>13:15-14:30<\/strong> Obedn\u00e1 prest\u00e1vka<\/li>\n<\/div>\n\n<div id=\"\" class=\"element core-list-item\">\n<li><strong>14:30-16:15<\/strong> Panel 4: Interdisciplin\u00e1rny pr\u00edstup k detekcii obsahu generovan\u00e9mu umelou inteligenciou a boju proti nemu.\u00a0<\/li>\n<\/div>\n\n<div id=\"\" class=\"element core-list-item\">\n<li><strong>16:15-16:30<\/strong> Z\u00e1ver konferencie<\/li>\n<\/div>\n\n<div id=\"\" class=\"element core-list-item\">\n<li><strong>16:30-17:30<\/strong> R&amp;I Networking + ob\u010derstvenie<\/li>\n<\/div><\/ul>\n<\/div>","protected":false},"featured_media":25364,"template":"","meta":{"_acf_changed":false,"footnotes":""},"categories":[87,142],"class_list":["post-26944","event","type-event","status-publish","has-post-thumbnail","hentry","category-past-events-sk","category-2023-sk"],"acf":[],"yoast_head":"<!-- This site is optimized with the Yoast SEO plugin v27.4 - https:\/\/yoast.com\/product\/yoast-seo-wordpress\/ -->\n<title>Pozv\u00e1nka na konferenciu \u201cMeet the Future of AI\u201d\u00a0 - KInIT<\/title>\n<meta name=\"description\" content=\"Poz\u00fdvame v\u00e1s na konferenciu &quot;Meet the Future of AI&quot;, ktor\u00fa spoluorganizuj\u00fa projekty vera.ai, AI4TRUST a TITAN z programu Horizont Eur\u00f3pa, a projekt AI4Media z programu H2020. Tieto projekty vyv\u00edjaj\u00fa nov\u00e9 n\u00e1stroje umelej inteligencie zameran\u00e9 na boj proti dezinform\u00e1ci\u00e1m, najm\u00e4 v s\u00favislosti s ned\u00e1vnym pokrokom v oblasti generat\u00edvnej umelej inteligencie. Viac o projekte vera.ai sa m\u00f4zete dozvedie\u0165 tu.\" \/>\n<meta name=\"robots\" content=\"index, follow, max-snippet:-1, max-image-preview:large, max-video-preview:-1\" \/>\n<link rel=\"canonical\" href=\"https:\/\/kinit.sk\/sk\/podujatie\/pozvanka-na-konferenciu-meet-the-future-of-ai\/\" \/>\n<meta property=\"og:locale\" content=\"sk_SK\" \/>\n<meta property=\"og:type\" content=\"article\" \/>\n<meta property=\"og:title\" content=\"Pozv\u00e1nka na konferenciu \u201cMeet the Future of AI\u201d\u00a0 - KInIT\" \/>\n<meta property=\"og:description\" content=\"Poz\u00fdvame v\u00e1s na konferenciu &quot;Meet the Future of AI&quot;, ktor\u00fa spoluorganizuj\u00fa projekty vera.ai, AI4TRUST a TITAN z programu Horizont Eur\u00f3pa, a projekt AI4Media z programu H2020. Tieto projekty vyv\u00edjaj\u00fa nov\u00e9 n\u00e1stroje umelej inteligencie zameran\u00e9 na boj proti dezinform\u00e1ci\u00e1m, najm\u00e4 v s\u00favislosti s ned\u00e1vnym pokrokom v oblasti generat\u00edvnej umelej inteligencie. Viac o projekte vera.ai sa m\u00f4zete dozvedie\u0165 tu.\" \/>\n<meta property=\"og:url\" content=\"https:\/\/kinit.sk\/sk\/podujatie\/pozvanka-na-konferenciu-meet-the-future-of-ai\/\" \/>\n<meta property=\"og:site_name\" content=\"KInIT\" \/>\n<meta property=\"article:modified_time\" content=\"2023-05-25T13:39:19+00:00\" \/>\n<meta property=\"og:image\" content=\"https:\/\/kinit.sk\/wp-content\/uploads\/2023\/02\/202302_event_invitation_feature_1.png\" \/>\n\t<meta property=\"og:image:width\" content=\"1201\" \/>\n\t<meta property=\"og:image:height\" content=\"629\" \/>\n\t<meta property=\"og:image:type\" content=\"image\/png\" \/>\n<meta name=\"twitter:card\" content=\"summary_large_image\" \/>\n<meta name=\"twitter:site\" content=\"@kinit\" \/>\n<meta name=\"twitter:label1\" content=\"Predpokladan\u00fd \u010das \u010d\u00edtania\" \/>\n\t<meta name=\"twitter:data1\" content=\"1 min\u00fata\" \/>\n<script type=\"application\/ld+json\" class=\"yoast-schema-graph\">{\"@context\":\"https:\\\/\\\/schema.org\",\"@graph\":[{\"@type\":\"WebPage\",\"@id\":\"https:\\\/\\\/kinit.sk\\\/sk\\\/podujatie\\\/pozvanka-na-konferenciu-meet-the-future-of-ai\\\/\",\"url\":\"https:\\\/\\\/kinit.sk\\\/sk\\\/podujatie\\\/pozvanka-na-konferenciu-meet-the-future-of-ai\\\/\",\"name\":\"Pozv\u00e1nka na konferenciu \u201cMeet the Future of AI\u201d\u00a0 - KInIT\",\"isPartOf\":{\"@id\":\"https:\\\/\\\/kinit.sk\\\/#website\"},\"primaryImageOfPage\":{\"@id\":\"https:\\\/\\\/kinit.sk\\\/sk\\\/podujatie\\\/pozvanka-na-konferenciu-meet-the-future-of-ai\\\/#primaryimage\"},\"image\":{\"@id\":\"https:\\\/\\\/kinit.sk\\\/sk\\\/podujatie\\\/pozvanka-na-konferenciu-meet-the-future-of-ai\\\/#primaryimage\"},\"thumbnailUrl\":\"https:\\\/\\\/kinit.sk\\\/wp-content\\\/uploads\\\/2023\\\/02\\\/202302_event_invitation_feature_1.png\",\"datePublished\":\"2023-05-25T13:33:13+00:00\",\"dateModified\":\"2023-05-25T13:39:19+00:00\",\"description\":\"Poz\u00fdvame v\u00e1s na konferenciu \\\"Meet the Future of AI\\\", ktor\u00fa spoluorganizuj\u00fa projekty vera.ai, AI4TRUST a TITAN z programu Horizont Eur\u00f3pa, a projekt AI4Media z programu H2020. Tieto projekty vyv\u00edjaj\u00fa nov\u00e9 n\u00e1stroje umelej inteligencie zameran\u00e9 na boj proti dezinform\u00e1ci\u00e1m, najm\u00e4 v s\u00favislosti s ned\u00e1vnym pokrokom v oblasti generat\u00edvnej umelej inteligencie. Viac o projekte vera.ai sa m\u00f4zete dozvedie\u0165 tu.\",\"breadcrumb\":{\"@id\":\"https:\\\/\\\/kinit.sk\\\/sk\\\/podujatie\\\/pozvanka-na-konferenciu-meet-the-future-of-ai\\\/#breadcrumb\"},\"inLanguage\":\"sk-SK\",\"potentialAction\":[{\"@type\":\"ReadAction\",\"target\":[\"https:\\\/\\\/kinit.sk\\\/sk\\\/podujatie\\\/pozvanka-na-konferenciu-meet-the-future-of-ai\\\/\"]}]},{\"@type\":\"ImageObject\",\"inLanguage\":\"sk-SK\",\"@id\":\"https:\\\/\\\/kinit.sk\\\/sk\\\/podujatie\\\/pozvanka-na-konferenciu-meet-the-future-of-ai\\\/#primaryimage\",\"url\":\"https:\\\/\\\/kinit.sk\\\/wp-content\\\/uploads\\\/2023\\\/02\\\/202302_event_invitation_feature_1.png\",\"contentUrl\":\"https:\\\/\\\/kinit.sk\\\/wp-content\\\/uploads\\\/2023\\\/02\\\/202302_event_invitation_feature_1.png\",\"width\":1201,\"height\":629},{\"@type\":\"BreadcrumbList\",\"@id\":\"https:\\\/\\\/kinit.sk\\\/sk\\\/podujatie\\\/pozvanka-na-konferenciu-meet-the-future-of-ai\\\/#breadcrumb\",\"itemListElement\":[{\"@type\":\"ListItem\",\"position\":1,\"name\":\"Home\",\"item\":\"https:\\\/\\\/kinit.sk\\\/sk\\\/\"},{\"@type\":\"ListItem\",\"position\":2,\"name\":\"Upcoming events\",\"item\":\"https:\\\/\\\/kinit.sk\\\/category\\\/upcoming-events\\\/\"},{\"@type\":\"ListItem\",\"position\":3,\"name\":\"Pozv\u00e1nka na konferenciu \u201cMeet the Future of AI\u201d\u00a0\"}]},{\"@type\":\"WebSite\",\"@id\":\"https:\\\/\\\/kinit.sk\\\/#website\",\"url\":\"https:\\\/\\\/kinit.sk\\\/\",\"name\":\"KInIT\",\"description\":\"Vyu\u017e\u00edvame v\u00fdskum pre \u013eud\u00ed a priemysel\",\"potentialAction\":[{\"@type\":\"SearchAction\",\"target\":{\"@type\":\"EntryPoint\",\"urlTemplate\":\"https:\\\/\\\/kinit.sk\\\/?s={search_term_string}\"},\"query-input\":{\"@type\":\"PropertyValueSpecification\",\"valueRequired\":true,\"valueName\":\"search_term_string\"}}],\"inLanguage\":\"sk-SK\"}]}<\/script>\n<!-- \/ Yoast SEO plugin. -->","yoast_head_json":{"title":"Pozv\u00e1nka na konferenciu \u201cMeet the Future of AI\u201d\u00a0 - KInIT","description":"Poz\u00fdvame v\u00e1s na konferenciu \"Meet the Future of AI\", ktor\u00fa spoluorganizuj\u00fa projekty vera.ai, AI4TRUST a TITAN z programu Horizont Eur\u00f3pa, a projekt AI4Media z programu H2020. Tieto projekty vyv\u00edjaj\u00fa nov\u00e9 n\u00e1stroje umelej inteligencie zameran\u00e9 na boj proti dezinform\u00e1ci\u00e1m, najm\u00e4 v s\u00favislosti s ned\u00e1vnym pokrokom v oblasti generat\u00edvnej umelej inteligencie. Viac o projekte vera.ai sa m\u00f4zete dozvedie\u0165 tu.","robots":{"index":"index","follow":"follow","max-snippet":"max-snippet:-1","max-image-preview":"max-image-preview:large","max-video-preview":"max-video-preview:-1"},"canonical":"https:\/\/kinit.sk\/sk\/podujatie\/pozvanka-na-konferenciu-meet-the-future-of-ai\/","og_locale":"sk_SK","og_type":"article","og_title":"Pozv\u00e1nka na konferenciu \u201cMeet the Future of AI\u201d\u00a0 - KInIT","og_description":"Poz\u00fdvame v\u00e1s na konferenciu \"Meet the Future of AI\", ktor\u00fa spoluorganizuj\u00fa projekty vera.ai, AI4TRUST a TITAN z programu Horizont Eur\u00f3pa, a projekt AI4Media z programu H2020. Tieto projekty vyv\u00edjaj\u00fa nov\u00e9 n\u00e1stroje umelej inteligencie zameran\u00e9 na boj proti dezinform\u00e1ci\u00e1m, najm\u00e4 v s\u00favislosti s ned\u00e1vnym pokrokom v oblasti generat\u00edvnej umelej inteligencie. Viac o projekte vera.ai sa m\u00f4zete dozvedie\u0165 tu.","og_url":"https:\/\/kinit.sk\/sk\/podujatie\/pozvanka-na-konferenciu-meet-the-future-of-ai\/","og_site_name":"KInIT","article_modified_time":"2023-05-25T13:39:19+00:00","og_image":[{"width":1201,"height":629,"url":"https:\/\/kinit.sk\/wp-content\/uploads\/2023\/02\/202302_event_invitation_feature_1.png","type":"image\/png"}],"twitter_card":"summary_large_image","twitter_site":"@kinit","twitter_misc":{"Predpokladan\u00fd \u010das \u010d\u00edtania":"1 min\u00fata"},"schema":{"@context":"https:\/\/schema.org","@graph":[{"@type":"WebPage","@id":"https:\/\/kinit.sk\/sk\/podujatie\/pozvanka-na-konferenciu-meet-the-future-of-ai\/","url":"https:\/\/kinit.sk\/sk\/podujatie\/pozvanka-na-konferenciu-meet-the-future-of-ai\/","name":"Pozv\u00e1nka na konferenciu \u201cMeet the Future of AI\u201d\u00a0 - KInIT","isPartOf":{"@id":"https:\/\/kinit.sk\/#website"},"primaryImageOfPage":{"@id":"https:\/\/kinit.sk\/sk\/podujatie\/pozvanka-na-konferenciu-meet-the-future-of-ai\/#primaryimage"},"image":{"@id":"https:\/\/kinit.sk\/sk\/podujatie\/pozvanka-na-konferenciu-meet-the-future-of-ai\/#primaryimage"},"thumbnailUrl":"https:\/\/kinit.sk\/wp-content\/uploads\/2023\/02\/202302_event_invitation_feature_1.png","datePublished":"2023-05-25T13:33:13+00:00","dateModified":"2023-05-25T13:39:19+00:00","description":"Poz\u00fdvame v\u00e1s na konferenciu \"Meet the Future of AI\", ktor\u00fa spoluorganizuj\u00fa projekty vera.ai, AI4TRUST a TITAN z programu Horizont Eur\u00f3pa, a projekt AI4Media z programu H2020. Tieto projekty vyv\u00edjaj\u00fa nov\u00e9 n\u00e1stroje umelej inteligencie zameran\u00e9 na boj proti dezinform\u00e1ci\u00e1m, najm\u00e4 v s\u00favislosti s ned\u00e1vnym pokrokom v oblasti generat\u00edvnej umelej inteligencie. Viac o projekte vera.ai sa m\u00f4zete dozvedie\u0165 tu.","breadcrumb":{"@id":"https:\/\/kinit.sk\/sk\/podujatie\/pozvanka-na-konferenciu-meet-the-future-of-ai\/#breadcrumb"},"inLanguage":"sk-SK","potentialAction":[{"@type":"ReadAction","target":["https:\/\/kinit.sk\/sk\/podujatie\/pozvanka-na-konferenciu-meet-the-future-of-ai\/"]}]},{"@type":"ImageObject","inLanguage":"sk-SK","@id":"https:\/\/kinit.sk\/sk\/podujatie\/pozvanka-na-konferenciu-meet-the-future-of-ai\/#primaryimage","url":"https:\/\/kinit.sk\/wp-content\/uploads\/2023\/02\/202302_event_invitation_feature_1.png","contentUrl":"https:\/\/kinit.sk\/wp-content\/uploads\/2023\/02\/202302_event_invitation_feature_1.png","width":1201,"height":629},{"@type":"BreadcrumbList","@id":"https:\/\/kinit.sk\/sk\/podujatie\/pozvanka-na-konferenciu-meet-the-future-of-ai\/#breadcrumb","itemListElement":[{"@type":"ListItem","position":1,"name":"Home","item":"https:\/\/kinit.sk\/sk\/"},{"@type":"ListItem","position":2,"name":"Upcoming events","item":"https:\/\/kinit.sk\/category\/upcoming-events\/"},{"@type":"ListItem","position":3,"name":"Pozv\u00e1nka na konferenciu \u201cMeet the Future of AI\u201d\u00a0"}]},{"@type":"WebSite","@id":"https:\/\/kinit.sk\/#website","url":"https:\/\/kinit.sk\/","name":"KInIT","description":"Vyu\u017e\u00edvame v\u00fdskum pre \u013eud\u00ed a priemysel","potentialAction":[{"@type":"SearchAction","target":{"@type":"EntryPoint","urlTemplate":"https:\/\/kinit.sk\/?s={search_term_string}"},"query-input":{"@type":"PropertyValueSpecification","valueRequired":true,"valueName":"search_term_string"}}],"inLanguage":"sk-SK"}]}},"_links":{"self":[{"href":"https:\/\/kinit.sk\/sk\/wp-json\/wp\/v2\/event\/26944","targetHints":{"allow":["GET"]}}],"collection":[{"href":"https:\/\/kinit.sk\/sk\/wp-json\/wp\/v2\/event"}],"about":[{"href":"https:\/\/kinit.sk\/sk\/wp-json\/wp\/v2\/types\/event"}],"version-history":[{"count":3,"href":"https:\/\/kinit.sk\/sk\/wp-json\/wp\/v2\/event\/26944\/revisions"}],"predecessor-version":[{"id":26948,"href":"https:\/\/kinit.sk\/sk\/wp-json\/wp\/v2\/event\/26944\/revisions\/26948"}],"wp:featuredmedia":[{"embeddable":true,"href":"https:\/\/kinit.sk\/sk\/wp-json\/wp\/v2\/media\/25364"}],"wp:attachment":[{"href":"https:\/\/kinit.sk\/sk\/wp-json\/wp\/v2\/media?parent=26944"}],"wp:term":[{"taxonomy":"category","embeddable":true,"href":"https:\/\/kinit.sk\/sk\/wp-json\/wp\/v2\/categories?post=26944"}],"curies":[{"name":"wp","href":"https:\/\/api.w.org\/{rel}","templated":true}]}}