{"id":26160,"date":"2023-04-12T11:47:33","date_gmt":"2023-04-12T09:47:33","guid":{"rendered":"https:\/\/kinit.sk\/event\/afo-international-festival-of-pop-science-films\/"},"modified":"2023-04-12T11:59:13","modified_gmt":"2023-04-12T09:59:13","slug":"afo-medzinarodny-festival-popularno-vedeckych-filmov","status":"publish","type":"event","link":"https:\/\/kinit.sk\/sk\/podujatie\/afo-medzinarodny-festival-popularno-vedeckych-filmov\/","title":{"rendered":"AFO: Medzin\u00e1rodn\u00fd festival popul\u00e1rno-vedeck\u00fdch filmov"},"content":{"rendered":"<div id=\"\" class=\"element core-paragraph\">\n<p>Z\u00fa\u010dastnite sa na 58. ro\u010dn\u00edku <a href=\"https:\/\/afo.cz\/\" target=\"_blank\" rel=\"noreferrer noopener\">filmov\u00e9ho festivalu AFO<\/a>.\u00a0<\/p>\n<\/div>\n\n<div id=\"\" class=\"element core-paragraph\">\n<p>Medzin\u00e1rodn\u00fd festival popul\u00e1rno-vedeck\u00fdch filmov organizuje <a href=\"https:\/\/www.upol.cz\/en\/\" target=\"_blank\" rel=\"noreferrer noopener\">Univerzita Palack\u00e9ho v Olomouci<\/a> a v s\u00fa\u010dasnosti patr\u00ed medzi najv\u00e4\u010d\u0161ie vzdel\u00e1vacie akcie v Eur\u00f3pe. Festival ka\u017edoro\u010dne priv\u00edta renomovan\u00fdch vedcov a vedkyne z cel\u00e9ho sveta.\u00a0<\/p>\n<\/div>\n\n<div id=\"\" class=\"element core-paragraph\">\n<p>Festival AFO sa uskuto\u010dn\u00ed sa 25 &#8211; 30. 4. 2023 v Olomouci. M\u00f4\u017eete sa te\u0161i\u0165 na zauj\u00edmav\u00e9 filmy, predn\u00e1\u0161ky, workshopy a koncerty.&nbsp;<\/p>\n<\/div>\n\n<div id=\"\" class=\"element core-paragraph\">\n<p>S\u00fa\u010das\u0165ou festivalu bude aj \u017eiv\u00fd form\u00e1t <a href=\"https:\/\/denikn.cz\/podcast-studio-n\/\" target=\"_blank\" rel=\"noreferrer noopener\">podcastu \u0160t\u00fadia N,<\/a> Studio N LIVE. Programom bude\u00a0 panelov\u00e1 diskusia na t\u00e9mu \u201d<em>Ako ve\u013emi inteligentn\u00e1 je umel\u00e1 inteligencia?\u201d.<\/em><\/p>\n<\/div>\n\n<div id=\"\" class=\"element core-paragraph\">\n<p>Diskusie sa z\u00fa\u010dastn\u00ed<a href=\"https:\/\/kinit.sk\/sk\/clen\/maria-bielikova\/\"> M\u00e1ria Bielikov\u00e1<\/a> spolu s <a href=\"https:\/\/www.linkedin.com\/in\/tomas-mikolov-59831188\/?originalSubdomain=cz\" target=\"_blank\" rel=\"noreferrer noopener\">Tom\u00e1\u0161om Mikolovom<\/a> a vedeck\u00fdm novin\u00e1rom <a href=\"https:\/\/www.linkedin.com\/in\/petrkoubsky\/?originalSubdomain=cz\" target=\"_blank\" rel=\"noreferrer noopener\">Petrom Koubsk\u00fdm<\/a>, ktor\u00ed spolo\u010dne do h\u013abky presk\u00famaj\u00fa rozdielne aspekty umelej inteligencie<strong>.<\/strong><\/p>\n<\/div>\n\n<div id=\"\" class=\"element core-paragraph\">\n<p>Ke\u010f\u017ee v oblasti technol\u00f3gi\u00ed je teraz AI dominantnou t\u00e9mou, \u00fa\u010dastn\u00edci diskusie spolu rozober\u00fa aktu\u00e1lne ot\u00e1zky, ako napr\u00edklad:&nbsp;<\/p>\n<\/div>\n\n<div id=\"\" class=\"element core-list\">\n<ul class=\"wp-block-list\"><div id=\"\" class=\"element core-list-item\">\n<li>\u010co umel\u00e1 inteligencia \u013eudstvu prinesie a \u010do n\u00e1m, naopak, vezme?&nbsp;<\/li>\n<\/div>\n\n<div id=\"\" class=\"element core-list-item\">\n<li>Sme naozaj svedkami technologick\u00e9ho zlomu?<\/li>\n<\/div><\/ul>\n<\/div>\n\n<div id=\"\" class=\"element core-paragraph\">\n<p>\u017div\u00e1 diskusia \u0160t\u00fadia N LIVE sa uskuto\u010dn\u00ed v sobotu, 29.4.2023 o 18:00 hodine v <a href=\"https:\/\/uc.upol.cz\/prostory\/divadelni-sal\/\" target=\"_blank\" rel=\"noreferrer noopener\">Divadelnom s\u00e1le Umeleck\u00e9ho centra Univerzity Palack\u00e9ho v Olomouci<\/a>\u00a0 a bude ju moderova\u0165 <a href=\"https:\/\/www.linkedin.com\/in\/filip-titlbach-47435979\/?originalSubdomain=cz\" target=\"_blank\" rel=\"noreferrer noopener\">Filip Titlbach<\/a> a <a href=\"https:\/\/denikn.cz\/autor\/vit-svoboda\/\" target=\"_blank\" rel=\"noreferrer noopener\">V\u00edtek Svoboda.<\/a><br>Viac inform\u00e1cii o diskusii n\u00e1jdete <a href=\"https:\/\/afo.cz\/katalog\/studio-n-zive-jak-moc-inteligentni-je-umela-inteligence-studio-n-live-how-intelligent-is-artificial-intelligence\/?location=programme&amp;anchor=1100009648&amp;_sfm_polozky_den=20230429\" target=\"_blank\" rel=\"noreferrer noopener\">tu<\/a>.<\/p>\n<\/div>","protected":false},"featured_media":25366,"template":"","meta":{"_acf_changed":false,"footnotes":""},"categories":[87,142],"class_list":["post-26160","event","type-event","status-publish","has-post-thumbnail","hentry","category-past-events-sk","category-2023-sk"],"acf":[],"yoast_head":"<!-- This site is optimized with the Yoast SEO plugin v27.4 - https:\/\/yoast.com\/product\/yoast-seo-wordpress\/ -->\n<title>AFO: Medzin\u00e1rodn\u00fd festival popul\u00e1rno-vedeck\u00fdch filmov - KInIT<\/title>\n<meta name=\"description\" content=\"Z\u00fa\u010dastnite sa na 58. ro\u010dn\u00edku filmov\u00e9ho festivalu AFO.\u00a0Medzin\u00e1rodn\u00fd festival popul\u00e1rno-vedeck\u00fdch filmov organizuje Univerzita Palack\u00e9ho v Olomouci a v s\u00fa\u010dasnosti patr\u00ed medzi najv\u00e4\u010d\u0161ie vzdel\u00e1vacie akcie v Eur\u00f3pe. Festival ka\u017edoro\u010dne priv\u00edta renomovan\u00fdch vedcov a vedkyne z cel\u00e9ho sveta.\" \/>\n<meta name=\"robots\" content=\"index, follow, max-snippet:-1, max-image-preview:large, max-video-preview:-1\" \/>\n<link rel=\"canonical\" href=\"https:\/\/kinit.sk\/sk\/podujatie\/afo-medzinarodny-festival-popularno-vedeckych-filmov\/\" \/>\n<meta property=\"og:locale\" content=\"sk_SK\" \/>\n<meta property=\"og:type\" content=\"article\" \/>\n<meta property=\"og:title\" content=\"AFO: Medzin\u00e1rodn\u00fd festival popul\u00e1rno-vedeck\u00fdch filmov - KInIT\" \/>\n<meta property=\"og:description\" content=\"Z\u00fa\u010dastnite sa na 58. ro\u010dn\u00edku filmov\u00e9ho festivalu AFO.\u00a0Medzin\u00e1rodn\u00fd festival popul\u00e1rno-vedeck\u00fdch filmov organizuje Univerzita Palack\u00e9ho v Olomouci a v s\u00fa\u010dasnosti patr\u00ed medzi najv\u00e4\u010d\u0161ie vzdel\u00e1vacie akcie v Eur\u00f3pe. Festival ka\u017edoro\u010dne priv\u00edta renomovan\u00fdch vedcov a vedkyne z cel\u00e9ho sveta.\" \/>\n<meta property=\"og:url\" content=\"https:\/\/kinit.sk\/sk\/podujatie\/afo-medzinarodny-festival-popularno-vedeckych-filmov\/\" \/>\n<meta property=\"og:site_name\" content=\"KInIT\" \/>\n<meta property=\"article:modified_time\" content=\"2023-04-12T09:59:13+00:00\" \/>\n<meta property=\"og:image\" content=\"https:\/\/kinit.sk\/wp-content\/uploads\/2023\/02\/202302_event_invitation_feature_2.png\" \/>\n\t<meta property=\"og:image:width\" content=\"1201\" \/>\n\t<meta property=\"og:image:height\" content=\"629\" \/>\n\t<meta property=\"og:image:type\" content=\"image\/png\" \/>\n<meta name=\"twitter:card\" content=\"summary_large_image\" \/>\n<meta name=\"twitter:site\" content=\"@kinit\" \/>\n<meta name=\"twitter:label1\" content=\"Predpokladan\u00fd \u010das \u010d\u00edtania\" \/>\n\t<meta name=\"twitter:data1\" content=\"1 min\u00fata\" \/>\n<script type=\"application\/ld+json\" class=\"yoast-schema-graph\">{\"@context\":\"https:\\\/\\\/schema.org\",\"@graph\":[{\"@type\":\"WebPage\",\"@id\":\"https:\\\/\\\/kinit.sk\\\/sk\\\/podujatie\\\/afo-medzinarodny-festival-popularno-vedeckych-filmov\\\/\",\"url\":\"https:\\\/\\\/kinit.sk\\\/sk\\\/podujatie\\\/afo-medzinarodny-festival-popularno-vedeckych-filmov\\\/\",\"name\":\"AFO: Medzin\u00e1rodn\u00fd festival popul\u00e1rno-vedeck\u00fdch filmov - KInIT\",\"isPartOf\":{\"@id\":\"https:\\\/\\\/kinit.sk\\\/#website\"},\"primaryImageOfPage\":{\"@id\":\"https:\\\/\\\/kinit.sk\\\/sk\\\/podujatie\\\/afo-medzinarodny-festival-popularno-vedeckych-filmov\\\/#primaryimage\"},\"image\":{\"@id\":\"https:\\\/\\\/kinit.sk\\\/sk\\\/podujatie\\\/afo-medzinarodny-festival-popularno-vedeckych-filmov\\\/#primaryimage\"},\"thumbnailUrl\":\"https:\\\/\\\/kinit.sk\\\/wp-content\\\/uploads\\\/2023\\\/02\\\/202302_event_invitation_feature_2.png\",\"datePublished\":\"2023-04-12T09:47:33+00:00\",\"dateModified\":\"2023-04-12T09:59:13+00:00\",\"description\":\"Z\u00fa\u010dastnite sa na 58. ro\u010dn\u00edku filmov\u00e9ho festivalu AFO.\u00a0Medzin\u00e1rodn\u00fd festival popul\u00e1rno-vedeck\u00fdch filmov organizuje Univerzita Palack\u00e9ho v Olomouci a v s\u00fa\u010dasnosti patr\u00ed medzi najv\u00e4\u010d\u0161ie vzdel\u00e1vacie akcie v Eur\u00f3pe. Festival ka\u017edoro\u010dne priv\u00edta renomovan\u00fdch vedcov a vedkyne z cel\u00e9ho sveta.\",\"breadcrumb\":{\"@id\":\"https:\\\/\\\/kinit.sk\\\/sk\\\/podujatie\\\/afo-medzinarodny-festival-popularno-vedeckych-filmov\\\/#breadcrumb\"},\"inLanguage\":\"sk-SK\",\"potentialAction\":[{\"@type\":\"ReadAction\",\"target\":[\"https:\\\/\\\/kinit.sk\\\/sk\\\/podujatie\\\/afo-medzinarodny-festival-popularno-vedeckych-filmov\\\/\"]}]},{\"@type\":\"ImageObject\",\"inLanguage\":\"sk-SK\",\"@id\":\"https:\\\/\\\/kinit.sk\\\/sk\\\/podujatie\\\/afo-medzinarodny-festival-popularno-vedeckych-filmov\\\/#primaryimage\",\"url\":\"https:\\\/\\\/kinit.sk\\\/wp-content\\\/uploads\\\/2023\\\/02\\\/202302_event_invitation_feature_2.png\",\"contentUrl\":\"https:\\\/\\\/kinit.sk\\\/wp-content\\\/uploads\\\/2023\\\/02\\\/202302_event_invitation_feature_2.png\",\"width\":1201,\"height\":629},{\"@type\":\"BreadcrumbList\",\"@id\":\"https:\\\/\\\/kinit.sk\\\/sk\\\/podujatie\\\/afo-medzinarodny-festival-popularno-vedeckych-filmov\\\/#breadcrumb\",\"itemListElement\":[{\"@type\":\"ListItem\",\"position\":1,\"name\":\"Home\",\"item\":\"https:\\\/\\\/kinit.sk\\\/sk\\\/\"},{\"@type\":\"ListItem\",\"position\":2,\"name\":\"Upcoming events\",\"item\":\"https:\\\/\\\/kinit.sk\\\/category\\\/upcoming-events\\\/\"},{\"@type\":\"ListItem\",\"position\":3,\"name\":\"AFO: Medzin\u00e1rodn\u00fd festival popul\u00e1rno-vedeck\u00fdch filmov\"}]},{\"@type\":\"WebSite\",\"@id\":\"https:\\\/\\\/kinit.sk\\\/#website\",\"url\":\"https:\\\/\\\/kinit.sk\\\/\",\"name\":\"KInIT\",\"description\":\"Vyu\u017e\u00edvame v\u00fdskum pre \u013eud\u00ed a priemysel\",\"potentialAction\":[{\"@type\":\"SearchAction\",\"target\":{\"@type\":\"EntryPoint\",\"urlTemplate\":\"https:\\\/\\\/kinit.sk\\\/?s={search_term_string}\"},\"query-input\":{\"@type\":\"PropertyValueSpecification\",\"valueRequired\":true,\"valueName\":\"search_term_string\"}}],\"inLanguage\":\"sk-SK\"}]}<\/script>\n<!-- \/ Yoast SEO plugin. -->","yoast_head_json":{"title":"AFO: Medzin\u00e1rodn\u00fd festival popul\u00e1rno-vedeck\u00fdch filmov - KInIT","description":"Z\u00fa\u010dastnite sa na 58. ro\u010dn\u00edku filmov\u00e9ho festivalu AFO.\u00a0Medzin\u00e1rodn\u00fd festival popul\u00e1rno-vedeck\u00fdch filmov organizuje Univerzita Palack\u00e9ho v Olomouci a v s\u00fa\u010dasnosti patr\u00ed medzi najv\u00e4\u010d\u0161ie vzdel\u00e1vacie akcie v Eur\u00f3pe. Festival ka\u017edoro\u010dne priv\u00edta renomovan\u00fdch vedcov a vedkyne z cel\u00e9ho sveta.","robots":{"index":"index","follow":"follow","max-snippet":"max-snippet:-1","max-image-preview":"max-image-preview:large","max-video-preview":"max-video-preview:-1"},"canonical":"https:\/\/kinit.sk\/sk\/podujatie\/afo-medzinarodny-festival-popularno-vedeckych-filmov\/","og_locale":"sk_SK","og_type":"article","og_title":"AFO: Medzin\u00e1rodn\u00fd festival popul\u00e1rno-vedeck\u00fdch filmov - KInIT","og_description":"Z\u00fa\u010dastnite sa na 58. ro\u010dn\u00edku filmov\u00e9ho festivalu AFO.\u00a0Medzin\u00e1rodn\u00fd festival popul\u00e1rno-vedeck\u00fdch filmov organizuje Univerzita Palack\u00e9ho v Olomouci a v s\u00fa\u010dasnosti patr\u00ed medzi najv\u00e4\u010d\u0161ie vzdel\u00e1vacie akcie v Eur\u00f3pe. Festival ka\u017edoro\u010dne priv\u00edta renomovan\u00fdch vedcov a vedkyne z cel\u00e9ho sveta.","og_url":"https:\/\/kinit.sk\/sk\/podujatie\/afo-medzinarodny-festival-popularno-vedeckych-filmov\/","og_site_name":"KInIT","article_modified_time":"2023-04-12T09:59:13+00:00","og_image":[{"width":1201,"height":629,"url":"https:\/\/kinit.sk\/wp-content\/uploads\/2023\/02\/202302_event_invitation_feature_2.png","type":"image\/png"}],"twitter_card":"summary_large_image","twitter_site":"@kinit","twitter_misc":{"Predpokladan\u00fd \u010das \u010d\u00edtania":"1 min\u00fata"},"schema":{"@context":"https:\/\/schema.org","@graph":[{"@type":"WebPage","@id":"https:\/\/kinit.sk\/sk\/podujatie\/afo-medzinarodny-festival-popularno-vedeckych-filmov\/","url":"https:\/\/kinit.sk\/sk\/podujatie\/afo-medzinarodny-festival-popularno-vedeckych-filmov\/","name":"AFO: Medzin\u00e1rodn\u00fd festival popul\u00e1rno-vedeck\u00fdch filmov - KInIT","isPartOf":{"@id":"https:\/\/kinit.sk\/#website"},"primaryImageOfPage":{"@id":"https:\/\/kinit.sk\/sk\/podujatie\/afo-medzinarodny-festival-popularno-vedeckych-filmov\/#primaryimage"},"image":{"@id":"https:\/\/kinit.sk\/sk\/podujatie\/afo-medzinarodny-festival-popularno-vedeckych-filmov\/#primaryimage"},"thumbnailUrl":"https:\/\/kinit.sk\/wp-content\/uploads\/2023\/02\/202302_event_invitation_feature_2.png","datePublished":"2023-04-12T09:47:33+00:00","dateModified":"2023-04-12T09:59:13+00:00","description":"Z\u00fa\u010dastnite sa na 58. ro\u010dn\u00edku filmov\u00e9ho festivalu AFO.\u00a0Medzin\u00e1rodn\u00fd festival popul\u00e1rno-vedeck\u00fdch filmov organizuje Univerzita Palack\u00e9ho v Olomouci a v s\u00fa\u010dasnosti patr\u00ed medzi najv\u00e4\u010d\u0161ie vzdel\u00e1vacie akcie v Eur\u00f3pe. Festival ka\u017edoro\u010dne priv\u00edta renomovan\u00fdch vedcov a vedkyne z cel\u00e9ho sveta.","breadcrumb":{"@id":"https:\/\/kinit.sk\/sk\/podujatie\/afo-medzinarodny-festival-popularno-vedeckych-filmov\/#breadcrumb"},"inLanguage":"sk-SK","potentialAction":[{"@type":"ReadAction","target":["https:\/\/kinit.sk\/sk\/podujatie\/afo-medzinarodny-festival-popularno-vedeckych-filmov\/"]}]},{"@type":"ImageObject","inLanguage":"sk-SK","@id":"https:\/\/kinit.sk\/sk\/podujatie\/afo-medzinarodny-festival-popularno-vedeckych-filmov\/#primaryimage","url":"https:\/\/kinit.sk\/wp-content\/uploads\/2023\/02\/202302_event_invitation_feature_2.png","contentUrl":"https:\/\/kinit.sk\/wp-content\/uploads\/2023\/02\/202302_event_invitation_feature_2.png","width":1201,"height":629},{"@type":"BreadcrumbList","@id":"https:\/\/kinit.sk\/sk\/podujatie\/afo-medzinarodny-festival-popularno-vedeckych-filmov\/#breadcrumb","itemListElement":[{"@type":"ListItem","position":1,"name":"Home","item":"https:\/\/kinit.sk\/sk\/"},{"@type":"ListItem","position":2,"name":"Upcoming events","item":"https:\/\/kinit.sk\/category\/upcoming-events\/"},{"@type":"ListItem","position":3,"name":"AFO: Medzin\u00e1rodn\u00fd festival popul\u00e1rno-vedeck\u00fdch filmov"}]},{"@type":"WebSite","@id":"https:\/\/kinit.sk\/#website","url":"https:\/\/kinit.sk\/","name":"KInIT","description":"Vyu\u017e\u00edvame v\u00fdskum pre \u013eud\u00ed a priemysel","potentialAction":[{"@type":"SearchAction","target":{"@type":"EntryPoint","urlTemplate":"https:\/\/kinit.sk\/?s={search_term_string}"},"query-input":{"@type":"PropertyValueSpecification","valueRequired":true,"valueName":"search_term_string"}}],"inLanguage":"sk-SK"}]}},"_links":{"self":[{"href":"https:\/\/kinit.sk\/sk\/wp-json\/wp\/v2\/event\/26160","targetHints":{"allow":["GET"]}}],"collection":[{"href":"https:\/\/kinit.sk\/sk\/wp-json\/wp\/v2\/event"}],"about":[{"href":"https:\/\/kinit.sk\/sk\/wp-json\/wp\/v2\/types\/event"}],"version-history":[{"count":7,"href":"https:\/\/kinit.sk\/sk\/wp-json\/wp\/v2\/event\/26160\/revisions"}],"predecessor-version":[{"id":26177,"href":"https:\/\/kinit.sk\/sk\/wp-json\/wp\/v2\/event\/26160\/revisions\/26177"}],"wp:featuredmedia":[{"embeddable":true,"href":"https:\/\/kinit.sk\/sk\/wp-json\/wp\/v2\/media\/25366"}],"wp:attachment":[{"href":"https:\/\/kinit.sk\/sk\/wp-json\/wp\/v2\/media?parent=26160"}],"wp:term":[{"taxonomy":"category","embeddable":true,"href":"https:\/\/kinit.sk\/sk\/wp-json\/wp\/v2\/categories?post=26160"}],"curies":[{"name":"wp","href":"https:\/\/api.w.org\/{rel}","templated":true}]}}