{"id":25996,"date":"2023-03-23T10:47:57","date_gmt":"2023-03-23T09:47:57","guid":{"rendered":"https:\/\/kinit.sk\/event\/is2-conference-fragility-of-the-digital-world\/"},"modified":"2023-03-23T10:54:48","modified_gmt":"2023-03-23T09:54:48","slug":"is2-konferencia-krehkost-digitalneho-sveta","status":"publish","type":"event","link":"https:\/\/kinit.sk\/sk\/podujatie\/is2-konferencia-krehkost-digitalneho-sveta\/","title":{"rendered":"IS2 konferencia: Krehkos\u0165 digit\u00e1lneho sveta"},"content":{"rendered":"<div id=\"\" class=\"element core-paragraph\">\n<p>Z\u00fa\u010dastnite sa na konferencii <a href=\"https:\/\/is2.cz\/\" target=\"_blank\" rel=\"noreferrer noopener\">Information Security Summit<\/a> na t\u00e9mu<strong> Krehkos\u0165 digit\u00e1lneho sveta.&nbsp;<\/strong><\/p>\n<\/div>\n\n<div id=\"\" class=\"element core-paragraph\">\n<p>24. ro\u010dn\u00edk medzin\u00e1rodnej konferencie o informa\u010dnej bezpe\u010dnosti sa uskuto\u010dn\u00ed 24. &#8211; 25. m\u00e1ja 2023 v Prahe. Podujatie je organizovan\u00e9 spolo\u010dnos\u0165ou <a href=\"https:\/\/tate.cz\/\" target=\"_blank\" rel=\"noreferrer noopener\">Tate International<\/a> a bude prebieha\u0165 prezen\u010dnou aj online formou.<\/p>\n<\/div>\n\n<div id=\"\" class=\"element core-paragraph\">\n<p>M\u00f4\u017eete sa te\u0161i\u0165 na zauj\u00edmav\u00fdch predn\u00e1\u0161aj\u00facich a expertov z \u010ceskej republiky aj zahrani\u010dia.<\/p>\n<\/div>\n\n<div id=\"\" class=\"element core-paragraph\">\n<p>Pr\u00edspevky sa bud\u00fa venova\u0165 aktu\u00e1lnym t\u00e9mam a trendom z oblasti informa\u010dnej bezpe\u010dnosti a ochrany osobn\u00fdch \u00fadajov.&nbsp;<\/p>\n<\/div>\n\n<div id=\"\" class=\"element core-paragraph\">\n<p>Medzi predn\u00e1\u0161aj\u00facimi bude aj n\u00e1\u0161 v\u00fdskumn\u00edk <a href=\"https:\/\/kinit.sk\/member\/peter-pistek\/?highlight=peter%20pi%C5%A1tek\">Peter Pi\u0161tek<\/a>. Bude sa zaobera\u0165 t\u00e9mou forenznej anal\u00fdzy vo firemnom prostred\u00ed. Vo svojom pr\u00edspevku bude hovori\u0165 aj o:<\/p>\n<\/div>\n\n<div id=\"\" class=\"element core-list\">\n<ul class=\"wp-block-list\"><div id=\"\" class=\"element core-list-item\">\n<li>z\u00e1kladnej defin\u00edcii a\u202fprocesoch forenznej anal\u00fdzy,&nbsp;<\/li>\n<\/div>\n\n<div id=\"\" class=\"element core-list-item\">\n<li>odpor\u00fa\u010daniach a obmedzeniach pri jej pou\u017eit\u00ed,\u00a0<\/li>\n<\/div>\n\n<div id=\"\" class=\"element core-list-item\">\n<li>nieko\u013ek\u00fdch pr\u00edkladoch anti-forenzn\u00fdch techn\u00edk, ktor\u00e9 m\u00f4\u017eu komplikova\u0165 vy\u0161etrovanie.<\/li>\n<\/div><\/ul>\n<\/div>\n\n<div id=\"\" class=\"element core-paragraph\">\n<p>Viac inform\u00e1cii o podujat\u00ed a registr\u00e1ciu n\u00e1jdete <a href=\"https:\/\/is2.cz\/\" target=\"_blank\" rel=\"noreferrer noopener\">tu<\/a>.<\/p>\n<\/div>","protected":false},"featured_media":25370,"template":"","meta":{"_acf_changed":false,"footnotes":""},"categories":[87,142],"class_list":["post-25996","event","type-event","status-publish","has-post-thumbnail","hentry","category-past-events-sk","category-2023-sk"],"acf":[],"yoast_head":"<!-- This site is optimized with the Yoast SEO plugin v27.4 - https:\/\/yoast.com\/product\/yoast-seo-wordpress\/ -->\n<title>IS2 konferencia: Krehkos\u0165 digit\u00e1lneho sveta - KInIT<\/title>\n<meta name=\"description\" content=\"Z\u00fa\u010dastnite sa na konferencii Information Security Summit na t\u00e9mu Krehkos\u0165 digit\u00e1lneho sveta.\u00a024. ro\u010dn\u00edk medzin\u00e1rodnej konferencie o informa\u010dnej bezpe\u010dnosti sa uskuto\u010dn\u00ed 24. - 25. m\u00e1ja 2023 v Prahe. Podujatie je organizovan\u00e9 spolo\u010dnos\u0165ou Tate International a bude prebieha\u0165 prezen\u010dnou aj online formou.\" \/>\n<meta name=\"robots\" content=\"index, follow, max-snippet:-1, max-image-preview:large, max-video-preview:-1\" \/>\n<link rel=\"canonical\" href=\"https:\/\/kinit.sk\/sk\/podujatie\/is2-konferencia-krehkost-digitalneho-sveta\/\" \/>\n<meta property=\"og:locale\" content=\"sk_SK\" \/>\n<meta property=\"og:type\" content=\"article\" \/>\n<meta property=\"og:title\" content=\"IS2 konferencia: Krehkos\u0165 digit\u00e1lneho sveta - KInIT\" \/>\n<meta property=\"og:description\" content=\"Z\u00fa\u010dastnite sa na konferencii Information Security Summit na t\u00e9mu Krehkos\u0165 digit\u00e1lneho sveta.\u00a024. ro\u010dn\u00edk medzin\u00e1rodnej konferencie o informa\u010dnej bezpe\u010dnosti sa uskuto\u010dn\u00ed 24. - 25. m\u00e1ja 2023 v Prahe. Podujatie je organizovan\u00e9 spolo\u010dnos\u0165ou Tate International a bude prebieha\u0165 prezen\u010dnou aj online formou.\" \/>\n<meta property=\"og:url\" content=\"https:\/\/kinit.sk\/sk\/podujatie\/is2-konferencia-krehkost-digitalneho-sveta\/\" \/>\n<meta property=\"og:site_name\" content=\"KInIT\" \/>\n<meta property=\"article:modified_time\" content=\"2023-03-23T09:54:48+00:00\" \/>\n<meta property=\"og:image\" content=\"https:\/\/kinit.sk\/wp-content\/uploads\/2023\/02\/202302_kinit_a_conference_feature_2.png\" \/>\n\t<meta property=\"og:image:width\" content=\"1201\" \/>\n\t<meta property=\"og:image:height\" content=\"629\" \/>\n\t<meta property=\"og:image:type\" content=\"image\/png\" \/>\n<meta name=\"twitter:card\" content=\"summary_large_image\" \/>\n<meta name=\"twitter:site\" content=\"@kinit\" \/>\n<meta name=\"twitter:label1\" content=\"Predpokladan\u00fd \u010das \u010d\u00edtania\" \/>\n\t<meta name=\"twitter:data1\" content=\"1 min\u00fata\" \/>\n<script type=\"application\/ld+json\" class=\"yoast-schema-graph\">{\"@context\":\"https:\\\/\\\/schema.org\",\"@graph\":[{\"@type\":\"WebPage\",\"@id\":\"https:\\\/\\\/kinit.sk\\\/sk\\\/podujatie\\\/is2-konferencia-krehkost-digitalneho-sveta\\\/\",\"url\":\"https:\\\/\\\/kinit.sk\\\/sk\\\/podujatie\\\/is2-konferencia-krehkost-digitalneho-sveta\\\/\",\"name\":\"IS2 konferencia: Krehkos\u0165 digit\u00e1lneho sveta - KInIT\",\"isPartOf\":{\"@id\":\"https:\\\/\\\/kinit.sk\\\/#website\"},\"primaryImageOfPage\":{\"@id\":\"https:\\\/\\\/kinit.sk\\\/sk\\\/podujatie\\\/is2-konferencia-krehkost-digitalneho-sveta\\\/#primaryimage\"},\"image\":{\"@id\":\"https:\\\/\\\/kinit.sk\\\/sk\\\/podujatie\\\/is2-konferencia-krehkost-digitalneho-sveta\\\/#primaryimage\"},\"thumbnailUrl\":\"https:\\\/\\\/kinit.sk\\\/wp-content\\\/uploads\\\/2023\\\/02\\\/202302_kinit_a_conference_feature_2.png\",\"datePublished\":\"2023-03-23T09:47:57+00:00\",\"dateModified\":\"2023-03-23T09:54:48+00:00\",\"description\":\"Z\u00fa\u010dastnite sa na konferencii Information Security Summit na t\u00e9mu Krehkos\u0165 digit\u00e1lneho sveta.\u00a024. ro\u010dn\u00edk medzin\u00e1rodnej konferencie o informa\u010dnej bezpe\u010dnosti sa uskuto\u010dn\u00ed 24. - 25. m\u00e1ja 2023 v Prahe. Podujatie je organizovan\u00e9 spolo\u010dnos\u0165ou Tate International a bude prebieha\u0165 prezen\u010dnou aj online formou.\",\"breadcrumb\":{\"@id\":\"https:\\\/\\\/kinit.sk\\\/sk\\\/podujatie\\\/is2-konferencia-krehkost-digitalneho-sveta\\\/#breadcrumb\"},\"inLanguage\":\"sk-SK\",\"potentialAction\":[{\"@type\":\"ReadAction\",\"target\":[\"https:\\\/\\\/kinit.sk\\\/sk\\\/podujatie\\\/is2-konferencia-krehkost-digitalneho-sveta\\\/\"]}]},{\"@type\":\"ImageObject\",\"inLanguage\":\"sk-SK\",\"@id\":\"https:\\\/\\\/kinit.sk\\\/sk\\\/podujatie\\\/is2-konferencia-krehkost-digitalneho-sveta\\\/#primaryimage\",\"url\":\"https:\\\/\\\/kinit.sk\\\/wp-content\\\/uploads\\\/2023\\\/02\\\/202302_kinit_a_conference_feature_2.png\",\"contentUrl\":\"https:\\\/\\\/kinit.sk\\\/wp-content\\\/uploads\\\/2023\\\/02\\\/202302_kinit_a_conference_feature_2.png\",\"width\":1201,\"height\":629},{\"@type\":\"BreadcrumbList\",\"@id\":\"https:\\\/\\\/kinit.sk\\\/sk\\\/podujatie\\\/is2-konferencia-krehkost-digitalneho-sveta\\\/#breadcrumb\",\"itemListElement\":[{\"@type\":\"ListItem\",\"position\":1,\"name\":\"Home\",\"item\":\"https:\\\/\\\/kinit.sk\\\/sk\\\/\"},{\"@type\":\"ListItem\",\"position\":2,\"name\":\"Upcoming events\",\"item\":\"https:\\\/\\\/kinit.sk\\\/category\\\/upcoming-events\\\/\"},{\"@type\":\"ListItem\",\"position\":3,\"name\":\"IS2 konferencia: Krehkos\u0165 digit\u00e1lneho sveta\"}]},{\"@type\":\"WebSite\",\"@id\":\"https:\\\/\\\/kinit.sk\\\/#website\",\"url\":\"https:\\\/\\\/kinit.sk\\\/\",\"name\":\"KInIT\",\"description\":\"Vyu\u017e\u00edvame v\u00fdskum pre \u013eud\u00ed a priemysel\",\"potentialAction\":[{\"@type\":\"SearchAction\",\"target\":{\"@type\":\"EntryPoint\",\"urlTemplate\":\"https:\\\/\\\/kinit.sk\\\/?s={search_term_string}\"},\"query-input\":{\"@type\":\"PropertyValueSpecification\",\"valueRequired\":true,\"valueName\":\"search_term_string\"}}],\"inLanguage\":\"sk-SK\"}]}<\/script>\n<!-- \/ Yoast SEO plugin. -->","yoast_head_json":{"title":"IS2 konferencia: Krehkos\u0165 digit\u00e1lneho sveta - KInIT","description":"Z\u00fa\u010dastnite sa na konferencii Information Security Summit na t\u00e9mu Krehkos\u0165 digit\u00e1lneho sveta.\u00a024. ro\u010dn\u00edk medzin\u00e1rodnej konferencie o informa\u010dnej bezpe\u010dnosti sa uskuto\u010dn\u00ed 24. - 25. m\u00e1ja 2023 v Prahe. Podujatie je organizovan\u00e9 spolo\u010dnos\u0165ou Tate International a bude prebieha\u0165 prezen\u010dnou aj online formou.","robots":{"index":"index","follow":"follow","max-snippet":"max-snippet:-1","max-image-preview":"max-image-preview:large","max-video-preview":"max-video-preview:-1"},"canonical":"https:\/\/kinit.sk\/sk\/podujatie\/is2-konferencia-krehkost-digitalneho-sveta\/","og_locale":"sk_SK","og_type":"article","og_title":"IS2 konferencia: Krehkos\u0165 digit\u00e1lneho sveta - KInIT","og_description":"Z\u00fa\u010dastnite sa na konferencii Information Security Summit na t\u00e9mu Krehkos\u0165 digit\u00e1lneho sveta.\u00a024. ro\u010dn\u00edk medzin\u00e1rodnej konferencie o informa\u010dnej bezpe\u010dnosti sa uskuto\u010dn\u00ed 24. - 25. m\u00e1ja 2023 v Prahe. Podujatie je organizovan\u00e9 spolo\u010dnos\u0165ou Tate International a bude prebieha\u0165 prezen\u010dnou aj online formou.","og_url":"https:\/\/kinit.sk\/sk\/podujatie\/is2-konferencia-krehkost-digitalneho-sveta\/","og_site_name":"KInIT","article_modified_time":"2023-03-23T09:54:48+00:00","og_image":[{"width":1201,"height":629,"url":"https:\/\/kinit.sk\/wp-content\/uploads\/2023\/02\/202302_kinit_a_conference_feature_2.png","type":"image\/png"}],"twitter_card":"summary_large_image","twitter_site":"@kinit","twitter_misc":{"Predpokladan\u00fd \u010das \u010d\u00edtania":"1 min\u00fata"},"schema":{"@context":"https:\/\/schema.org","@graph":[{"@type":"WebPage","@id":"https:\/\/kinit.sk\/sk\/podujatie\/is2-konferencia-krehkost-digitalneho-sveta\/","url":"https:\/\/kinit.sk\/sk\/podujatie\/is2-konferencia-krehkost-digitalneho-sveta\/","name":"IS2 konferencia: Krehkos\u0165 digit\u00e1lneho sveta - KInIT","isPartOf":{"@id":"https:\/\/kinit.sk\/#website"},"primaryImageOfPage":{"@id":"https:\/\/kinit.sk\/sk\/podujatie\/is2-konferencia-krehkost-digitalneho-sveta\/#primaryimage"},"image":{"@id":"https:\/\/kinit.sk\/sk\/podujatie\/is2-konferencia-krehkost-digitalneho-sveta\/#primaryimage"},"thumbnailUrl":"https:\/\/kinit.sk\/wp-content\/uploads\/2023\/02\/202302_kinit_a_conference_feature_2.png","datePublished":"2023-03-23T09:47:57+00:00","dateModified":"2023-03-23T09:54:48+00:00","description":"Z\u00fa\u010dastnite sa na konferencii Information Security Summit na t\u00e9mu Krehkos\u0165 digit\u00e1lneho sveta.\u00a024. ro\u010dn\u00edk medzin\u00e1rodnej konferencie o informa\u010dnej bezpe\u010dnosti sa uskuto\u010dn\u00ed 24. - 25. m\u00e1ja 2023 v Prahe. Podujatie je organizovan\u00e9 spolo\u010dnos\u0165ou Tate International a bude prebieha\u0165 prezen\u010dnou aj online formou.","breadcrumb":{"@id":"https:\/\/kinit.sk\/sk\/podujatie\/is2-konferencia-krehkost-digitalneho-sveta\/#breadcrumb"},"inLanguage":"sk-SK","potentialAction":[{"@type":"ReadAction","target":["https:\/\/kinit.sk\/sk\/podujatie\/is2-konferencia-krehkost-digitalneho-sveta\/"]}]},{"@type":"ImageObject","inLanguage":"sk-SK","@id":"https:\/\/kinit.sk\/sk\/podujatie\/is2-konferencia-krehkost-digitalneho-sveta\/#primaryimage","url":"https:\/\/kinit.sk\/wp-content\/uploads\/2023\/02\/202302_kinit_a_conference_feature_2.png","contentUrl":"https:\/\/kinit.sk\/wp-content\/uploads\/2023\/02\/202302_kinit_a_conference_feature_2.png","width":1201,"height":629},{"@type":"BreadcrumbList","@id":"https:\/\/kinit.sk\/sk\/podujatie\/is2-konferencia-krehkost-digitalneho-sveta\/#breadcrumb","itemListElement":[{"@type":"ListItem","position":1,"name":"Home","item":"https:\/\/kinit.sk\/sk\/"},{"@type":"ListItem","position":2,"name":"Upcoming events","item":"https:\/\/kinit.sk\/category\/upcoming-events\/"},{"@type":"ListItem","position":3,"name":"IS2 konferencia: Krehkos\u0165 digit\u00e1lneho sveta"}]},{"@type":"WebSite","@id":"https:\/\/kinit.sk\/#website","url":"https:\/\/kinit.sk\/","name":"KInIT","description":"Vyu\u017e\u00edvame v\u00fdskum pre \u013eud\u00ed a priemysel","potentialAction":[{"@type":"SearchAction","target":{"@type":"EntryPoint","urlTemplate":"https:\/\/kinit.sk\/?s={search_term_string}"},"query-input":{"@type":"PropertyValueSpecification","valueRequired":true,"valueName":"search_term_string"}}],"inLanguage":"sk-SK"}]}},"_links":{"self":[{"href":"https:\/\/kinit.sk\/sk\/wp-json\/wp\/v2\/event\/25996","targetHints":{"allow":["GET"]}}],"collection":[{"href":"https:\/\/kinit.sk\/sk\/wp-json\/wp\/v2\/event"}],"about":[{"href":"https:\/\/kinit.sk\/sk\/wp-json\/wp\/v2\/types\/event"}],"version-history":[{"count":4,"href":"https:\/\/kinit.sk\/sk\/wp-json\/wp\/v2\/event\/25996\/revisions"}],"predecessor-version":[{"id":26002,"href":"https:\/\/kinit.sk\/sk\/wp-json\/wp\/v2\/event\/25996\/revisions\/26002"}],"wp:featuredmedia":[{"embeddable":true,"href":"https:\/\/kinit.sk\/sk\/wp-json\/wp\/v2\/media\/25370"}],"wp:attachment":[{"href":"https:\/\/kinit.sk\/sk\/wp-json\/wp\/v2\/media?parent=25996"}],"wp:term":[{"taxonomy":"category","embeddable":true,"href":"https:\/\/kinit.sk\/sk\/wp-json\/wp\/v2\/categories?post=25996"}],"curies":[{"name":"wp","href":"https:\/\/api.w.org\/{rel}","templated":true}]}}